{"id":25990433,"date":"2025-09-25T14:50:25","date_gmt":"2025-09-25T12:50:25","guid":{"rendered":"https:\/\/frankfurter-arbeitsmarkt-forum.de\/?post_type=project&#038;p=25990433"},"modified":"2026-04-02T15:33:58","modified_gmt":"2026-04-02T13:33:58","slug":"bildungsprofis-ggmbh-perspektive-zukunft","status":"publish","type":"project","link":"https:\/\/frankfurter-arbeitsmarkt-forum.de\/index.php\/project\/bildungsprofis-ggmbh-perspektive-zukunft\/","title":{"rendered":"Bildungsprofis gGmbH-Perspektive Zukunft"},"content":{"rendered":"<p>[et_pb_section fb_built=&#8220;1&#8243; _builder_version=&#8220;4.27.4&#8243; _module_preset=&#8220;default&#8220; locked=&#8220;off&#8220; global_colors_info=&#8220;{}&#8220;][et_pb_row column_structure=&#8220;2_5,3_5&#8243; _builder_version=&#8220;4.27.4&#8243; _module_preset=&#8220;default&#8220; global_colors_info=&#8220;{}&#8220;][et_pb_column type=&#8220;2_5&#8243; _builder_version=&#8220;4.27.4&#8243; _module_preset=&#8220;default&#8220; global_colors_info=&#8220;{}&#8220;][et_pb_cta title=&#8220;Bildungsprofis gGmbH&#8220; button_url=&#8220;https:\/\/lern-netz-frankfurt.de\/#standorte&#8220; admin_label=&#8220;Infos zum Tr\u00e4ger&#8220; _builder_version=&#8220;4.27.4&#8243; _module_preset=&#8220;default&#8220; header_font=&#8220;Poppins|600|||||||&#8220; header_text_color=&#8220;#E09900&#8243; header_font_size=&#8220;25px&#8220; header_line_height=&#8220;1.8em&#8220; body_font=&#8220;Open Sans||||||||&#8220; body_line_height=&#8220;1.8em&#8220; background_color=&#8220;#ffffff&#8220; custom_button=&#8220;on&#8220; button_text_size=&#8220;14px&#8220; button_text_color=&#8220;#ffffff&#8220; button_bg_color=&#8220;#8DC797&#8243; button_border_width=&#8220;8px&#8220; button_border_color=&#8220;#8DC797&#8243; button_border_radius=&#8220;100px&#8220; button_letter_spacing=&#8220;1px&#8220; button_font=&#8220;Poppins|600||on|||||&#8220; button_use_icon=&#8220;off&#8220; button_alignment=&#8220;left&#8220; text_orientation=&#8220;left&#8220; background_layout=&#8220;light&#8220; max_width=&#8220;100%&#8220; max_width_tablet=&#8220;&#8220; max_width_phone=&#8220;&#8220; max_width_last_edited=&#8220;on|desktop&#8220; custom_padding=&#8220;|||&#8220; animation_style=&#8220;slide&#8220; animation_direction=&#8220;top&#8220; animation_intensity_slide=&#8220;10%&#8220; animation_starting_opacity=&#8220;80%&#8220; border_radii=&#8220;on|10px|10px|10px|10px&#8220; locked=&#8220;off&#8220; global_colors_info=&#8220;{}&#8220; button_text_size__hover_enabled=&#8220;off&#8220; button_one_text_size__hover_enabled=&#8220;off&#8220; button_two_text_size__hover_enabled=&#8220;off&#8220; button_text_color__hover_enabled=&#8220;off&#8220; button_one_text_color__hover_enabled=&#8220;off&#8220; button_two_text_color__hover_enabled=&#8220;off&#8220; button_border_width__hover_enabled=&#8220;off&#8220; button_one_border_width__hover_enabled=&#8220;off&#8220; button_two_border_width__hover_enabled=&#8220;off&#8220; button_border_color__hover_enabled=&#8220;off&#8220; button_one_border_color__hover_enabled=&#8220;off&#8220; button_two_border_color__hover_enabled=&#8220;off&#8220; button_border_radius__hover_enabled=&#8220;off&#8220; button_one_border_radius__hover_enabled=&#8220;off&#8220; button_two_border_radius__hover_enabled=&#8220;off&#8220; button_letter_spacing__hover_enabled=&#8220;off&#8220; button_one_letter_spacing__hover_enabled=&#8220;off&#8220; button_two_letter_spacing__hover_enabled=&#8220;off&#8220; button_bg_color__hover_enabled=&#8220;off&#8220; button_one_bg_color__hover_enabled=&#8220;off&#8220; button_two_bg_color__hover_enabled=&#8220;off&#8220;]<\/p>\n<h3 style=\"text-align: left;\">Berufliche Beratung, Anerkennungsberatung, Pflege- und Gesundheitsberufe.<\/h3>\n<p>Zugewanderte Menschen, die in ihrem Heimatland bereits im Gesundheits- und Pflegebereich gearbeitet haben.<\/p>\n<p>[\/et_pb_cta][\/et_pb_column][et_pb_column type=&#8220;3_5&#8243; _builder_version=&#8220;4.27.4&#8243; _module_preset=&#8220;default&#8220; global_colors_info=&#8220;{}&#8220;][dipl_masonry_gallery image_ids=&#8220;996&#8243; number_of_columns=&#8220;3&#8243; column_spacing=&#8220;8px&#8220; admin_label=&#8220;Bilder Gallery&#8220; _builder_version=&#8220;4.27.4&#8243; _module_preset=&#8220;default&#8220; width=&#8220;82%&#8220; module_alignment=&#8220;center&#8220; global_colors_info=&#8220;{}&#8220;][\/dipl_masonry_gallery][\/et_pb_column][\/et_pb_row][\/et_pb_section][et_pb_section fb_built=&#8220;1&#8243; _builder_version=&#8220;4.27.4&#8243; _module_preset=&#8220;default&#8220; background_color=&#8220;gcid-07720538-5d04-4b2a-9eac-265fd1f993ea&#8220; border_color_all=&#8220;#8390B4&#8243; border_style_all=&#8220;dotted&#8220; global_colors_info=&#8220;{%22gcid-07720538-5d04-4b2a-9eac-265fd1f993ea%22:%91%22background_color%22%93}&#8220;][et_pb_row column_structure=&#8220;1_2,1_2&#8243; use_custom_gutter=&#8220;on&#8220; gutter_width=&#8220;2&#8243; make_equal=&#8220;on&#8220; module_class=&#8220;equal-heights&#8220; _builder_version=&#8220;4.27.4&#8243; _module_preset=&#8220;default&#8220; global_colors_info=&#8220;{}&#8220;][et_pb_column type=&#8220;1_2&#8243; _builder_version=&#8220;4.27.4&#8243; _module_preset=&#8220;default&#8220; global_colors_info=&#8220;{}&#8220;][et_pb_cta title=&#8220;Kurzbeschreibung des Anbieters:&#8220; button_url=&#8220;https:\/\/lern-netz-frankfurt.de\/#standorte&#8220; admin_label=&#8220;Infos zum Tr\u00e4ger&#8220; _builder_version=&#8220;4.27.4&#8243; _module_preset=&#8220;default&#8220; header_level=&#8220;h1&#8243; header_font=&#8220;Poppins|600|||||||&#8220; header_font_size=&#8220;18px&#8220; header_line_height=&#8220;1.8em&#8220; body_font=&#8220;Open Sans||||||||&#8220; body_line_height=&#8220;1.8em&#8220; background_color=&#8220;#ffffff&#8220; custom_button=&#8220;on&#8220; button_text_size=&#8220;14px&#8220; button_text_color=&#8220;#ffffff&#8220; button_bg_color=&#8220;#8DC797&#8243; button_border_width=&#8220;8px&#8220; button_border_color=&#8220;#8DC797&#8243; button_border_radius=&#8220;100px&#8220; button_letter_spacing=&#8220;1px&#8220; button_font=&#8220;Poppins|600||on|||||&#8220; button_use_icon=&#8220;off&#8220; button_alignment=&#8220;left&#8220; text_orientation=&#8220;left&#8220; background_layout=&#8220;light&#8220; max_width=&#8220;100%&#8220; max_width_tablet=&#8220;&#8220; max_width_phone=&#8220;&#8220; max_width_last_edited=&#8220;on|desktop&#8220; custom_padding=&#8220;|||&#8220; animation_style=&#8220;slide&#8220; animation_direction=&#8220;top&#8220; animation_intensity_slide=&#8220;10%&#8220; animation_starting_opacity=&#8220;80%&#8220; border_radii=&#8220;on|10px|10px|10px|10px&#8220; box_shadow_style=&#8220;preset3&#8243; box_shadow_vertical=&#8220;31px&#8220; box_shadow_blur=&#8220;40px&#8220; box_shadow_color=&#8220;rgba(11,9,26,0.1)&#8220; locked=&#8220;off&#8220; global_colors_info=&#8220;{}&#8220; button_text_size__hover_enabled=&#8220;off&#8220; button_one_text_size__hover_enabled=&#8220;off&#8220; button_two_text_size__hover_enabled=&#8220;off&#8220; button_text_color__hover_enabled=&#8220;off&#8220; button_one_text_color__hover_enabled=&#8220;off&#8220; button_two_text_color__hover_enabled=&#8220;off&#8220; button_border_width__hover_enabled=&#8220;off&#8220; button_one_border_width__hover_enabled=&#8220;off&#8220; button_two_border_width__hover_enabled=&#8220;off&#8220; button_border_color__hover_enabled=&#8220;off&#8220; button_one_border_color__hover_enabled=&#8220;off&#8220; button_two_border_color__hover_enabled=&#8220;off&#8220; button_border_radius__hover_enabled=&#8220;off&#8220; button_one_border_radius__hover_enabled=&#8220;off&#8220; button_two_border_radius__hover_enabled=&#8220;off&#8220; button_letter_spacing__hover_enabled=&#8220;off&#8220; button_one_letter_spacing__hover_enabled=&#8220;off&#8220; button_two_letter_spacing__hover_enabled=&#8220;off&#8220; button_bg_color__hover_enabled=&#8220;off&#8220; button_one_bg_color__hover_enabled=&#8220;off&#8220; button_two_bg_color__hover_enabled=&#8220;off&#8220;]<\/p>\n<p>Die Bildungsprofis gGmbH ist ein gemeinn\u00fctziges Bildungsunternehmen, der Menschen berufliche Chancen er\u00f6ffnet und sie in ihrer individuellen Entwicklung f\u00f6rdert.<\/p>\n<p>[\/et_pb_cta][et_pb_cta title=&#8220;Kontakt&#8220; button_url=&#8220;https:\/\/lern-netz-frankfurt.de\/#standorte&#8220; admin_label=&#8220;Kontakt&#8220; _builder_version=&#8220;4.27.4&#8243; _module_preset=&#8220;default&#8220; header_level=&#8220;h1&#8243; header_font=&#8220;Poppins|600|||||||&#8220; header_font_size=&#8220;18px&#8220; header_line_height=&#8220;1.8em&#8220; body_font=&#8220;Open Sans||||||||&#8220; body_line_height=&#8220;1.8em&#8220; background_color=&#8220;#ffffff&#8220; custom_button=&#8220;on&#8220; button_text_size=&#8220;14px&#8220; button_text_color=&#8220;#ffffff&#8220; button_bg_color=&#8220;#8DC797&#8243; button_border_width=&#8220;8px&#8220; button_border_color=&#8220;#8DC797&#8243; button_border_radius=&#8220;100px&#8220; button_letter_spacing=&#8220;1px&#8220; button_font=&#8220;Poppins|600||on|||||&#8220; button_use_icon=&#8220;off&#8220; button_alignment=&#8220;left&#8220; text_orientation=&#8220;left&#8220; background_layout=&#8220;light&#8220; max_width=&#8220;100%&#8220; max_width_tablet=&#8220;&#8220; max_width_phone=&#8220;&#8220; max_width_last_edited=&#8220;on|desktop&#8220; custom_padding=&#8220;|||&#8220; animation_style=&#8220;slide&#8220; animation_direction=&#8220;top&#8220; animation_intensity_slide=&#8220;10%&#8220; animation_starting_opacity=&#8220;80%&#8220; border_radii=&#8220;on|10px|10px|10px|10px&#8220; box_shadow_style=&#8220;preset3&#8243; box_shadow_vertical=&#8220;31px&#8220; box_shadow_blur=&#8220;40px&#8220; box_shadow_color=&#8220;rgba(11,9,26,0.1)&#8220; locked=&#8220;off&#8220; global_colors_info=&#8220;{}&#8220; button_text_size__hover_enabled=&#8220;off&#8220; button_one_text_size__hover_enabled=&#8220;off&#8220; button_two_text_size__hover_enabled=&#8220;off&#8220; button_text_color__hover_enabled=&#8220;off&#8220; button_one_text_color__hover_enabled=&#8220;off&#8220; button_two_text_color__hover_enabled=&#8220;off&#8220; button_border_width__hover_enabled=&#8220;off&#8220; button_one_border_width__hover_enabled=&#8220;off&#8220; button_two_border_width__hover_enabled=&#8220;off&#8220; button_border_color__hover_enabled=&#8220;off&#8220; button_one_border_color__hover_enabled=&#8220;off&#8220; button_two_border_color__hover_enabled=&#8220;off&#8220; button_border_radius__hover_enabled=&#8220;off&#8220; button_one_border_radius__hover_enabled=&#8220;off&#8220; button_two_border_radius__hover_enabled=&#8220;off&#8220; button_letter_spacing__hover_enabled=&#8220;off&#8220; button_one_letter_spacing__hover_enabled=&#8220;off&#8220; button_two_letter_spacing__hover_enabled=&#8220;off&#8220; button_bg_color__hover_enabled=&#8220;off&#8220; button_one_bg_color__hover_enabled=&#8220;off&#8220; button_two_bg_color__hover_enabled=&#8220;off&#8220;]<\/p>\n<div class=\"et_pb_module et_pb_text et_pb_text_8 et_pb_text_align_left et_pb_bg_layout_light\">\n<div class=\"et_pb_text_inner\">\n<p><strong>Ansprechpartnerin:<\/strong> Jasmina Makarevic<\/p>\n<p><strong>Telefon:<\/strong> <span class=\"a_GcMg font-feature-liga-off font-feature-clig-off font-feature-calt-off text-decoration-none text-strikethrough-none\">069-2474234-0<\/span><\/p>\n<p><strong>E-Mail: <\/strong><a href=\"mailto:zukunft@bildungsprofis.com\" target=\"_blank\" rel=\"noopener\">zukunft@bildungsprofis.com<\/a><\/p>\n<p><strong>Adresse des Standorts:<\/strong> Gerberm\u00fchlstra\u00dfe 9, 60594 Frankfurt<\/p>\n<p><strong>Webseite: <\/strong><a href=\"https:\/\/bildungsprofis.com\" target=\"_blank\" rel=\"noopener\">www.bildungsprofis.com<\/a><\/p>\n<\/div>\n<\/div>\n<p>[\/et_pb_cta][\/et_pb_column][et_pb_column type=&#8220;1_2&#8243; _builder_version=&#8220;4.27.4&#8243; _module_preset=&#8220;default&#8220; global_colors_info=&#8220;{}&#8220;][et_pb_cta title=&#8220;%22Perspektive Zukunft%22&#8243; button_text=&#8220;Anmeldung&#8220; _builder_version=&#8220;4.27.4&#8243; _module_preset=&#8220;default&#8220; header_level=&#8220;h1&#8243; header_font=&#8220;Poppins|600|||||||&#8220; header_text_color=&#8220;#E09900&#8243; header_font_size=&#8220;24px&#8220; header_line_height=&#8220;1.3em&#8220; body_font=&#8220;Open Sans||||||||&#8220; body_line_height=&#8220;1.8em&#8220; background_color=&#8220;#ffffff&#8220; custom_button=&#8220;on&#8220; button_text_size=&#8220;14px&#8220; button_text_color=&#8220;#ffffff&#8220; button_bg_color=&#8220;#8DC797&#8243; button_border_width=&#8220;8px&#8220; button_border_color=&#8220;#8DC797&#8243; button_border_radius=&#8220;100px&#8220; button_letter_spacing=&#8220;1px&#8220; button_font=&#8220;Poppins|600||on|||||&#8220; button_use_icon=&#8220;off&#8220; button_alignment=&#8220;left&#8220; text_orientation=&#8220;left&#8220; background_layout=&#8220;light&#8220; max_width=&#8220;100%&#8220; max_width_tablet=&#8220;&#8220; max_width_phone=&#8220;&#8220; max_width_last_edited=&#8220;on|desktop&#8220; custom_padding=&#8220;|||&#8220; animation_style=&#8220;slide&#8220; animation_direction=&#8220;top&#8220; animation_intensity_slide=&#8220;10%&#8220; animation_starting_opacity=&#8220;80%&#8220; hover_enabled=&#8220;0&#8243; border_radii=&#8220;on|10px|10px|10px|10px&#8220; box_shadow_style=&#8220;preset3&#8243; box_shadow_vertical=&#8220;31px&#8220; box_shadow_blur=&#8220;40px&#8220; box_shadow_color=&#8220;rgba(11,9,26,0.1)&#8220; locked=&#8220;off&#8220; global_colors_info=&#8220;{}&#8220; button_text_size__hover_enabled=&#8220;off&#8220; button_one_text_size__hover_enabled=&#8220;off&#8220; button_two_text_size__hover_enabled=&#8220;off&#8220; button_text_color__hover_enabled=&#8220;off&#8220; button_one_text_color__hover_enabled=&#8220;off&#8220; button_two_text_color__hover_enabled=&#8220;off&#8220; button_border_width__hover_enabled=&#8220;off&#8220; button_one_border_width__hover_enabled=&#8220;off&#8220; button_two_border_width__hover_enabled=&#8220;off&#8220; button_border_color__hover_enabled=&#8220;off&#8220; button_one_border_color__hover_enabled=&#8220;off&#8220; button_two_border_color__hover_enabled=&#8220;off&#8220; button_border_radius__hover_enabled=&#8220;off&#8220; button_one_border_radius__hover_enabled=&#8220;off&#8220; button_two_border_radius__hover_enabled=&#8220;off&#8220; button_letter_spacing__hover_enabled=&#8220;off&#8220; button_one_letter_spacing__hover_enabled=&#8220;off&#8220; button_two_letter_spacing__hover_enabled=&#8220;off&#8220; button_bg_color__hover_enabled=&#8220;off&#8220; button_one_bg_color__hover_enabled=&#8220;off&#8220; button_two_bg_color__hover_enabled=&#8220;off&#8220; sticky_enabled=&#8220;0&#8243;]<\/p>\n<div class=\"et_pb_module et_pb_text et_pb_text_7 et_pb_text_align_left et_pb_bg_layout_light\">\n<div class=\"et_pb_text_inner\">\n<p><strong>Zielgruppe: <\/strong>Menschen mit und ohne Migrationsbiografie, die eine berufliche (Neu-) Orientierung oder den Wiedereinstieg in das Berufsleben ben\u00f6tigen.<\/p>\n<p><strong>Inhaltliche Schwerpunkte der Ma\u00dfnahme:\u00a0 <\/strong><\/p>\n<p>Im Projekt &#8222;Perspektive Zukunft&#8220; definieren wir im Rahmen von Einzelberatungen, Coachings, Workshops sowie Praxisbesuchen gemeinsam mit unseren Teilnehmenden ihre individuellen, beruflichen Ziele. Wir unterst\u00fctzen sie bei der Suche nach Weiterbildungsm\u00f6glichkeiten, einem Ausbildungs- oder Arbeitsplatz. Sollten Sie im Ausland bereits Qualifikationen erworben haben, so helfen wir ihnen dabei, diese in Deutschland anerkennen zu lassen.<\/p>\n<p><strong>Startm\u00f6glichkeiten f\u00fcr Teilnehmende:<\/strong>\u00a0 mehrfach im Jahr<\/p>\n<p><strong>Dauer der Ma\u00dfnahme:\u00a0 <\/strong>01.01.2026-31.12.2026<\/p>\n<p><strong>Link zum Angebot:<\/strong> <a href=\"https:\/\/bildungsprofis.com\/berufliche-orientierung-und-wiedereinstieg\/\" target=\"_blank\" rel=\"noopener\">www.bildungsprofis.com\/orientierung-und-wiedereinstieg<\/a><\/p>\n<\/div>\n<\/div>\n<p>[\/et_pb_cta][et_pb_button button_url=&#8220;@ET-DC@eyJkeW5hbWljIjp0cnVlLCJjb250ZW50IjoicG9zdF9saW5rX3VybF9wYWdlIiwic2V0dGluZ3MiOnsicG9zdF9pZCI6IjI1OTg5MDU0In19@&#8220; url_new_window=&#8220;on&#8220; button_text=&#8220;zur\u00fcck zur Suche&#8220; admin_label=&#8220;zur\u00fcck zur Suche&#8220; _builder_version=&#8220;4.27.4&#8243; _dynamic_attributes=&#8220;button_url&#8220; _module_preset=&#8220;default&#8220; custom_button=&#8220;on&#8220; button_text_size=&#8220;17px&#8220; button_text_color=&#8220;#FFFFFF&#8220; button_bg_color=&#8220;#E09900&#8243; button_border_color=&#8220;#E09900&#8243; button_border_radius=&#8220;14px&#8220; button_icon=&#8220;&#x40;||divi||400&#8243; button_icon_placement=&#8220;left&#8220; button_on_hover=&#8220;off&#8220; custom_margin=&#8220;|57px||57px|false|true&#8220; custom_padding=&#8220;||||false|false&#8220; locked=&#8220;off&#8220; global_colors_info=&#8220;{}&#8220;][\/et_pb_button][\/et_pb_column][\/et_pb_row][\/et_pb_section]<\/p>\n","protected":false},"excerpt":{"rendered":"<p>Berufliche Beratung, Anerkennungsberatung, Pflege- und Gesundheitsberufe. Zugewanderte Menschen, die in ihrem Heimatland bereits im Gesundheits- und Pflegebereich gearbeitet haben.<div class=\"et_pb_module dipl_masonry_gallery dipl_masonry_gallery_0\">\n\t\t\t\t\n\t\t\t\t\n\t\t\t\t\n\t\t\t\t\n\t\t\t\t\n\t\t\t\t\n\t\t\t\t<div class=\"et_pb_module_inner\">\n\t\t\t\t\t<div class=\"dipl_masonry_gallery_wrapper\">\n\t\t\t\t<div class=\"dipl_masonry_gallery_item_gutter\"><\/div>\n\t\t\t\t<div class=\"dipl_masonry_gallery_item\">\n\t\t\t\t\t\t<div class=\"dipl_masonry_gallery_image_wrapper\"><img width=\"300\" height=\"300\" src=\"https:\/\/frankfurter-arbeitsmarkt-forum.de\/wp-content\/uploads\/2025\/07\/BP-Logo-4C-1-300x300.png\" class=\"attachment-medium size-medium no-lazyload skip-lazy\" alt=\"\" decoding=\"async\" loading=\"lazy\" \/> <\/div>\n\t\t\t\t\t\t\n\t\t\t\t\t<\/div>\n\t\t\t<\/div>\n\t\t\t\t<\/div>\n\t\t\t<\/div>Die Bildungsprofis gGmbH ist ein gemeinn\u00fctziges Bildungsunternehmen, der Menschen berufliche Chancen er\u00f6ffnet und sie in ihrer individuellen Entwicklung f\u00f6rdert. Ansprechpartnerin: Jasmina Makarevic Telefon: 069-2474234-0 E-Mail: zukunft@bildungsprofis.com Adresse [&hellip;]<\/p>\n","protected":false},"author":2,"featured_media":25990436,"comment_status":"open","ping_status":"closed","template":"","meta":{"_et_pb_use_builder":"on","_et_pb_old_content":"","_et_gb_content_width":"","footnotes":""},"project_category":[92,94,86,145,147,54,55,146,150,148],"project_tag":[],"class_list":["post-25990433","project","type-project","status-publish","has-post-thumbnail","hentry","project_category-berufliche-beratung","project_category-berufliche-orientierung-beratung-orientierung","project_category-berufsfelder","project_category-berufsorientierte-it-kompetenzen","project_category-berufswegeplanung","project_category-deutsch-fuer-die-pflege","project_category-deutschlernen","project_category-fachsprache","project_category-pflegeberufe","project_category-uebergaenge-begleiten"],"_links":{"self":[{"href":"https:\/\/frankfurter-arbeitsmarkt-forum.de\/index.php\/wp-json\/wp\/v2\/project\/25990433","targetHints":{"allow":["GET"]}}],"collection":[{"href":"https:\/\/frankfurter-arbeitsmarkt-forum.de\/index.php\/wp-json\/wp\/v2\/project"}],"about":[{"href":"https:\/\/frankfurter-arbeitsmarkt-forum.de\/index.php\/wp-json\/wp\/v2\/types\/project"}],"author":[{"embeddable":true,"href":"https:\/\/frankfurter-arbeitsmarkt-forum.de\/index.php\/wp-json\/wp\/v2\/users\/2"}],"replies":[{"embeddable":true,"href":"https:\/\/frankfurter-arbeitsmarkt-forum.de\/index.php\/wp-json\/wp\/v2\/comments?post=25990433"}],"version-history":[{"count":8,"href":"https:\/\/frankfurter-arbeitsmarkt-forum.de\/index.php\/wp-json\/wp\/v2\/project\/25990433\/revisions"}],"predecessor-version":[{"id":25990944,"href":"https:\/\/frankfurter-arbeitsmarkt-forum.de\/index.php\/wp-json\/wp\/v2\/project\/25990433\/revisions\/25990944"}],"wp:featuredmedia":[{"embeddable":true,"href":"https:\/\/frankfurter-arbeitsmarkt-forum.de\/index.php\/wp-json\/wp\/v2\/media\/25990436"}],"wp:attachment":[{"href":"https:\/\/frankfurter-arbeitsmarkt-forum.de\/index.php\/wp-json\/wp\/v2\/media?parent=25990433"}],"wp:term":[{"taxonomy":"project_category","embeddable":true,"href":"https:\/\/frankfurter-arbeitsmarkt-forum.de\/index.php\/wp-json\/wp\/v2\/project_category?post=25990433"},{"taxonomy":"project_tag","embeddable":true,"href":"https:\/\/frankfurter-arbeitsmarkt-forum.de\/index.php\/wp-json\/wp\/v2\/project_tag?post=25990433"}],"curies":[{"name":"wp","href":"https:\/\/api.w.org\/{rel}","templated":true}]}}