{"id":25990110,"date":"2025-09-16T18:25:22","date_gmt":"2025-09-16T16:25:22","guid":{"rendered":"https:\/\/frankfurter-arbeitsmarkt-forum.de\/?post_type=project&#038;p=25990110"},"modified":"2026-01-28T10:56:17","modified_gmt":"2026-01-28T09:56:17","slug":"lernnetz","status":"publish","type":"project","link":"https:\/\/frankfurter-arbeitsmarkt-forum.de\/index.php\/project\/lernnetz\/","title":{"rendered":"LernNetz Frankfurt: 10 Standorte"},"content":{"rendered":"<p>[et_pb_section fb_built=&#8220;1&#8243; _builder_version=&#8220;4.27.4&#8243; _module_preset=&#8220;default&#8220; global_colors_info=&#8220;{}&#8220;][et_pb_row _builder_version=&#8220;4.27.4&#8243; _module_preset=&#8220;default&#8220; background_color=&#8220;#FFFFFF&#8220; border_radii=&#8220;on|10px|10px|10px|10px&#8220; global_colors_info=&#8220;{}&#8220;][et_pb_column type=&#8220;4_4&#8243; _builder_version=&#8220;4.27.4&#8243; _module_preset=&#8220;default&#8220; global_colors_info=&#8220;{}&#8220;][et_pb_text admin_label=&#8220;GFFB gGmbH&#8220; _builder_version=&#8220;4.27.4&#8243; _module_preset=&#8220;default&#8220; text_text_color=&#8220;#E09900&#8243; header_text_color=&#8220;#FFFFFF&#8220; background_color=&#8220;#E09900&#8243; width=&#8220;50%&#8220; module_alignment=&#8220;center&#8220; custom_margin=&#8220;||12px|||&#8220; custom_padding=&#8220;12px|10px|12px|10px|true|true&#8220; border_radii=&#8220;on|10px|10px|10px|10px&#8220;]<\/p>\n<h1 style=\"text-align: center;\"><strong>LernNetz Frankfurt<\/strong><\/h1>\n<p>[\/et_pb_text][et_pb_text admin_label=&#8220;Kurzbeschreibung &#8211; Subtext&#8220; _builder_version=&#8220;4.27.4&#8243; _module_preset=&#8220;default&#8220; header_text_color=&#8220;#E09900&#8243; background_color=&#8220;#FFFFFF&#8220; width=&#8220;50%&#8220; module_alignment=&#8220;center&#8220; custom_margin=&#8220;||9px|||&#8220; custom_padding=&#8220;12px|10px|12px|10px|true|true&#8220;]<\/p>\n<div class=\"et_pb_module et_pb_text et_pb_text_5 et_pb_text_align_left et_pb_bg_layout_light\">\n<div class=\"et_pb_text_inner\">\n<h3 style=\"text-align: center;\">Ein tr\u00e4ger\u00fcbergreifendes Angebot in 5 Stadtteilen<\/h3>\n<\/div>\n<\/div>\n<p>[\/et_pb_text][et_pb_text admin_label=&#8220;f\u00fcr wen?&#8220; _builder_version=&#8220;4.27.4&#8243; _module_preset=&#8220;default&#8220; text_text_color=&#8220;#E09900&#8243; background_color=&#8220;gcid-838dffb9-a0a8-434b-a2fb-573b4fbdc2a7&#8243; text_orientation=&#8220;center&#8220; custom_margin=&#8220;|117px||117px|false|true&#8220; custom_padding=&#8220;3px||3px||true|true&#8220; border_radii=&#8220;on|10px|10px|10px|10px&#8220; global_colors_info=&#8220;{%22gcid-838dffb9-a0a8-434b-a2fb-573b4fbdc2a7%22:%91%22background_color%22%93}&#8220;]<\/p>\n<p><strong>F\u00fcr Erwachsene in Frankfurt, die einen Raum zum Lernen ben\u00f6tigen.<\/strong><\/p>\n<p>[\/et_pb_text][dipl_masonry_gallery image_ids=&#8220;25990118,25990145,25990137,25990138,25990139,25990141,25990144,25990142,25990143&#8243; number_of_columns=&#8220;10&#8243; column_spacing=&#8220;8px&#8220; admin_label=&#8220;Bilder Gallery&#8220; _builder_version=&#8220;4.27.4&#8243; _module_preset=&#8220;default&#8220; width=&#8220;82%&#8220; module_alignment=&#8220;center&#8220; global_colors_info=&#8220;{}&#8220;][\/dipl_masonry_gallery][\/et_pb_column][\/et_pb_row][\/et_pb_section][et_pb_section fb_built=&#8220;1&#8243; _builder_version=&#8220;4.27.4&#8243; _module_preset=&#8220;default&#8220; background_color=&#8220;gcid-07720538-5d04-4b2a-9eac-265fd1f993ea&#8220; border_color_all=&#8220;#8390B4&#8243; border_style_all=&#8220;dotted&#8220; global_colors_info=&#8220;{%22gcid-07720538-5d04-4b2a-9eac-265fd1f993ea%22:%91%22background_color%22%93}&#8220;][et_pb_row column_structure=&#8220;1_2,1_2&#8243; use_custom_gutter=&#8220;on&#8220; gutter_width=&#8220;2&#8243; make_equal=&#8220;on&#8220; module_class=&#8220;equal-heights&#8220; _builder_version=&#8220;4.27.4&#8243; _module_preset=&#8220;default&#8220; global_colors_info=&#8220;{}&#8220;][et_pb_column type=&#8220;1_2&#8243; _builder_version=&#8220;4.27.4&#8243; _module_preset=&#8220;default&#8220; global_colors_info=&#8220;{}&#8220;][et_pb_cta title=&#8220;Kurzbeschreibung:&#8220; button_url=&#8220;https:\/\/lern-netz-frankfurt.de\/#standorte&#8220; admin_label=&#8220;Infos zum Tr\u00e4ger&#8220; _builder_version=&#8220;4.27.4&#8243; _module_preset=&#8220;default&#8220; header_level=&#8220;h1&#8243; header_font=&#8220;Poppins|600|||||||&#8220; header_font_size=&#8220;18px&#8220; header_line_height=&#8220;1.8em&#8220; body_font=&#8220;Open Sans||||||||&#8220; body_line_height=&#8220;1.8em&#8220; background_color=&#8220;#ffffff&#8220; custom_button=&#8220;on&#8220; button_text_size=&#8220;14px&#8220; button_text_color=&#8220;#ffffff&#8220; button_bg_color=&#8220;#8DC797&#8243; button_border_width=&#8220;8px&#8220; button_border_color=&#8220;#8DC797&#8243; button_border_radius=&#8220;100px&#8220; button_letter_spacing=&#8220;1px&#8220; button_font=&#8220;Poppins|600||on|||||&#8220; button_use_icon=&#8220;off&#8220; button_alignment=&#8220;left&#8220; text_orientation=&#8220;left&#8220; background_layout=&#8220;light&#8220; max_width=&#8220;100%&#8220; max_width_tablet=&#8220;&#8220; max_width_phone=&#8220;&#8220; max_width_last_edited=&#8220;on|desktop&#8220; custom_padding=&#8220;|||&#8220; animation_style=&#8220;slide&#8220; animation_direction=&#8220;top&#8220; animation_intensity_slide=&#8220;10%&#8220; animation_starting_opacity=&#8220;80%&#8220; border_radii=&#8220;on|10px|10px|10px|10px&#8220; box_shadow_style=&#8220;preset3&#8243; box_shadow_vertical=&#8220;31px&#8220; box_shadow_blur=&#8220;40px&#8220; box_shadow_color=&#8220;rgba(11,9,26,0.1)&#8220; locked=&#8220;off&#8220; global_colors_info=&#8220;{}&#8220; button_text_size__hover_enabled=&#8220;off&#8220; button_one_text_size__hover_enabled=&#8220;off&#8220; button_two_text_size__hover_enabled=&#8220;off&#8220; button_text_color__hover_enabled=&#8220;off&#8220; button_one_text_color__hover_enabled=&#8220;off&#8220; button_two_text_color__hover_enabled=&#8220;off&#8220; button_border_width__hover_enabled=&#8220;off&#8220; button_one_border_width__hover_enabled=&#8220;off&#8220; button_two_border_width__hover_enabled=&#8220;off&#8220; button_border_color__hover_enabled=&#8220;off&#8220; button_one_border_color__hover_enabled=&#8220;off&#8220; button_two_border_color__hover_enabled=&#8220;off&#8220; button_border_radius__hover_enabled=&#8220;off&#8220; button_one_border_radius__hover_enabled=&#8220;off&#8220; button_two_border_radius__hover_enabled=&#8220;off&#8220; button_letter_spacing__hover_enabled=&#8220;off&#8220; button_one_letter_spacing__hover_enabled=&#8220;off&#8220; button_two_letter_spacing__hover_enabled=&#8220;off&#8220; button_bg_color__hover_enabled=&#8220;off&#8220; button_one_bg_color__hover_enabled=&#8220;off&#8220; button_two_bg_color__hover_enabled=&#8220;off&#8220;]<\/p>\n<p data-start=\"374\" data-end=\"609\">Das <strong data-start=\"378\" data-end=\"400\">LernNetz Frankfurt<\/strong> ist ein gemeinsames Projekt verschiedener Tr\u00e4ger im Frankfurter Arbeitsmarktprogramm.<br data-start=\"486\" data-end=\"489\" \/>Es bietet Erwachsenen aus Frankfurt die M\u00f6glichkeit, in einer ruhigen und gut ausgestatteten Lernumgebung zu arbeiten.<\/p>\n<p data-start=\"611\" data-end=\"885\">Menschen, die zu Hause oder in ihrer Unterkunft keinen Platz, keine Technik oder keine Ruhe haben, finden hier einen geeigneten Ort zum Lernen. Im LernNetz k\u00f6nnen sie Bewerbungen schreiben, digitale Kompetenzen trainieren oder sich selbstst\u00e4ndig auf Pr\u00fcfungen vorbereiten.<\/p>\n<p data-start=\"887\" data-end=\"1077\">\u00dcber die Lernorte in den Stadtteilen wird wohnortnah Zugang zu Raum, Technik und Unterst\u00fctzung geschaffen.<\/p>\n<p>[\/et_pb_cta][et_pb_cta title=&#8220;Kontakt&#8220; button_url=&#8220;https:\/\/lern-netz-frankfurt.de\/#standorte&#8220; admin_label=&#8220;Kontakt&#8220; _builder_version=&#8220;4.27.4&#8243; _module_preset=&#8220;default&#8220; header_level=&#8220;h1&#8243; header_font=&#8220;Poppins|600|||||||&#8220; header_font_size=&#8220;18px&#8220; header_line_height=&#8220;1.8em&#8220; body_font=&#8220;Open Sans||||||||&#8220; body_line_height=&#8220;1.8em&#8220; background_color=&#8220;#ffffff&#8220; custom_button=&#8220;on&#8220; button_text_size=&#8220;14px&#8220; button_text_color=&#8220;#ffffff&#8220; button_bg_color=&#8220;#8DC797&#8243; button_border_width=&#8220;8px&#8220; button_border_color=&#8220;#8DC797&#8243; button_border_radius=&#8220;100px&#8220; button_letter_spacing=&#8220;1px&#8220; button_font=&#8220;Poppins|600||on|||||&#8220; button_use_icon=&#8220;off&#8220; button_alignment=&#8220;left&#8220; text_orientation=&#8220;left&#8220; background_layout=&#8220;light&#8220; max_width=&#8220;100%&#8220; max_width_tablet=&#8220;&#8220; max_width_phone=&#8220;&#8220; max_width_last_edited=&#8220;on|desktop&#8220; custom_padding=&#8220;|||&#8220; animation_style=&#8220;slide&#8220; animation_direction=&#8220;top&#8220; animation_intensity_slide=&#8220;10%&#8220; animation_starting_opacity=&#8220;80%&#8220; border_radii=&#8220;on|10px|10px|10px|10px&#8220; box_shadow_style=&#8220;preset3&#8243; box_shadow_vertical=&#8220;31px&#8220; box_shadow_blur=&#8220;40px&#8220; box_shadow_color=&#8220;rgba(11,9,26,0.1)&#8220; locked=&#8220;off&#8220; global_colors_info=&#8220;{}&#8220; button_text_size__hover_enabled=&#8220;off&#8220; button_one_text_size__hover_enabled=&#8220;off&#8220; button_two_text_size__hover_enabled=&#8220;off&#8220; button_text_color__hover_enabled=&#8220;off&#8220; button_one_text_color__hover_enabled=&#8220;off&#8220; button_two_text_color__hover_enabled=&#8220;off&#8220; button_border_width__hover_enabled=&#8220;off&#8220; button_one_border_width__hover_enabled=&#8220;off&#8220; button_two_border_width__hover_enabled=&#8220;off&#8220; button_border_color__hover_enabled=&#8220;off&#8220; button_one_border_color__hover_enabled=&#8220;off&#8220; button_two_border_color__hover_enabled=&#8220;off&#8220; button_border_radius__hover_enabled=&#8220;off&#8220; button_one_border_radius__hover_enabled=&#8220;off&#8220; button_two_border_radius__hover_enabled=&#8220;off&#8220; button_letter_spacing__hover_enabled=&#8220;off&#8220; button_one_letter_spacing__hover_enabled=&#8220;off&#8220; button_two_letter_spacing__hover_enabled=&#8220;off&#8220; button_bg_color__hover_enabled=&#8220;off&#8220; button_one_bg_color__hover_enabled=&#8220;off&#8220; button_two_bg_color__hover_enabled=&#8220;off&#8220;]<\/p>\n<div class=\"et_pb_module et_pb_text et_pb_text_8 et_pb_text_align_left et_pb_bg_layout_light\">\n<div class=\"et_pb_text_inner\">\n<p><strong>Ansprechpartnerin: <\/strong>FRAP Agentur gGmbH<\/p>\n<p><strong>Telefon: <\/strong>069-68097-103<\/p>\n<p><strong>E-Mail: <\/strong><a href=\"mailto:info@lern-netz-frankfurt.de\"> info@lern-netz-frankfurt.de<\/a><\/p>\n<p><strong>Webseite: <\/strong><a href=\"https:\/\/lern-netz-frankfurt.de\/\">www.lern-netz-frankfurt.de<\/a><\/p>\n<\/div>\n<\/div>\n<p>[\/et_pb_cta][\/et_pb_column][et_pb_column type=&#8220;1_2&#8243; _builder_version=&#8220;4.27.4&#8243; _module_preset=&#8220;default&#8220; global_colors_info=&#8220;{}&#8220;][et_pb_cta title=&#8220;\u201eLernNetz Frankfurt \u2013 R\u00e4ume zum Lernen\u201c&#8220; button_text=&#8220;Anmeldung&#8220; _builder_version=&#8220;4.27.4&#8243; _module_preset=&#8220;default&#8220; header_level=&#8220;h1&#8243; header_font=&#8220;Poppins|600|||||||&#8220; header_text_color=&#8220;#E09900&#8243; header_font_size=&#8220;24px&#8220; header_line_height=&#8220;1.8em&#8220; body_font=&#8220;Open Sans||||||||&#8220; body_line_height=&#8220;1.8em&#8220; background_color=&#8220;#ffffff&#8220; custom_button=&#8220;on&#8220; button_text_size=&#8220;14px&#8220; button_text_color=&#8220;#ffffff&#8220; button_bg_color=&#8220;#8DC797&#8243; button_border_width=&#8220;8px&#8220; button_border_color=&#8220;#8DC797&#8243; button_border_radius=&#8220;100px&#8220; button_letter_spacing=&#8220;1px&#8220; button_font=&#8220;Poppins|600||on|||||&#8220; button_use_icon=&#8220;off&#8220; button_alignment=&#8220;left&#8220; text_orientation=&#8220;left&#8220; background_layout=&#8220;light&#8220; max_width=&#8220;100%&#8220; max_width_tablet=&#8220;&#8220; max_width_phone=&#8220;&#8220; max_width_last_edited=&#8220;on|desktop&#8220; custom_padding=&#8220;|||&#8220; animation_style=&#8220;slide&#8220; animation_direction=&#8220;top&#8220; animation_intensity_slide=&#8220;10%&#8220; animation_starting_opacity=&#8220;80%&#8220; hover_enabled=&#8220;0&#8243; border_radii=&#8220;on|10px|10px|10px|10px&#8220; box_shadow_style=&#8220;preset3&#8243; box_shadow_vertical=&#8220;31px&#8220; box_shadow_blur=&#8220;40px&#8220; box_shadow_color=&#8220;rgba(11,9,26,0.1)&#8220; locked=&#8220;off&#8220; global_colors_info=&#8220;{}&#8220; button_text_size__hover_enabled=&#8220;off&#8220; button_one_text_size__hover_enabled=&#8220;off&#8220; button_two_text_size__hover_enabled=&#8220;off&#8220; button_text_color__hover_enabled=&#8220;off&#8220; button_one_text_color__hover_enabled=&#8220;off&#8220; button_two_text_color__hover_enabled=&#8220;off&#8220; button_border_width__hover_enabled=&#8220;off&#8220; button_one_border_width__hover_enabled=&#8220;off&#8220; button_two_border_width__hover_enabled=&#8220;off&#8220; button_border_color__hover_enabled=&#8220;off&#8220; button_one_border_color__hover_enabled=&#8220;off&#8220; button_two_border_color__hover_enabled=&#8220;off&#8220; button_border_radius__hover_enabled=&#8220;off&#8220; button_one_border_radius__hover_enabled=&#8220;off&#8220; button_two_border_radius__hover_enabled=&#8220;off&#8220; button_letter_spacing__hover_enabled=&#8220;off&#8220; button_one_letter_spacing__hover_enabled=&#8220;off&#8220; button_two_letter_spacing__hover_enabled=&#8220;off&#8220; button_bg_color__hover_enabled=&#8220;off&#8220; button_one_bg_color__hover_enabled=&#8220;off&#8220; button_two_bg_color__hover_enabled=&#8220;off&#8220; sticky_enabled=&#8220;0&#8243;]<\/p>\n<div class=\"et_pb_module et_pb_text et_pb_text_7 et_pb_text_align_left et_pb_bg_layout_light\">\n<div class=\"et_pb_text_inner\">\n<p data-start=\"473\" data-end=\"590\"><strong data-start=\"473\" data-end=\"487\">Zielgruppe: <\/strong>Erwachsene Frankfurter:innen, die zu Hause bzw. in der Unterkunft keinen Platz, keine Technik oder Ruhe haben.<\/p>\n<p data-start=\"595\" data-end=\"728\"><strong data-start=\"595\" data-end=\"629\">Erforderliche Sprachkenntnisse: <\/strong>\u00a0Grundkenntnisse in Deutsch bzw. keine besonderen Sprachkenntnisse erforderlich.<\/p>\n<p data-start=\"733\" data-end=\"790\"><strong data-start=\"733\" data-end=\"774\">Das Angebot:<\/strong><\/p>\n<ul>\n<li data-start=\"796\" data-end=\"840\">Bereitstellung von Lernpl\u00e4tzen mit Technik<\/li>\n<li data-start=\"796\" data-end=\"840\">Ruhe zum eigenst\u00e4ndigen Lernen<\/li>\n<li data-start=\"796\" data-end=\"840\">Bewerbungen schreiben<\/li>\n<li data-start=\"796\" data-end=\"840\">Pr\u00fcfungsvorbereitung<\/li>\n<li data-start=\"796\" data-end=\"840\">Unterst\u00fctzung beim Erwerb digitaler Kompetenzen<\/li>\n<\/ul>\n<p data-start=\"995\" data-end=\"1073\"><strong data-start=\"995\" data-end=\"1034\">Startm\u00f6glichkeiten f\u00fcr Teilnehmende<\/strong>: laufender Einstieg m\u00f6glich<\/p>\n<p data-start=\"1140\" data-end=\"1234\"><strong data-start=\"1140\" data-end=\"1160\">Link zum Angebot: <\/strong><a data-start=\"1168\" data-end=\"1232\" rel=\"noopener\" target=\"_new\" class=\"decorated-link\" href=\"https:\/\/lern-netz-frankfurt.de\">https:\/\/lern-netz-frankfurt.de<span aria-hidden=\"true\" class=\"ms-0.5 inline-block align-middle leading-none\"><svg width=\"20\" height=\"20\" viewbox=\"0 0 20 20\" fill=\"currentColor\" xmlns=\"http:\/\/www.w3.org\/2000\/svg\" data-rtl-flip=\"\" class=\"block h-[0.75em] w-[0.75em] stroke-current stroke-[0.75]\"><\/svg><\/span><\/a><\/p>\n<p data-start=\"1140\" data-end=\"1234\"><strong>Standorte:<\/strong><\/p>\n<p><span style=\"color: #174b5f;\"><b><\/b><\/span><\/p>\n<ul>\n<li><a href=\"https:\/\/lern-netz-frankfurt.de\/bornheim\/\"><span style=\"color: #174b5f;\"><b>Bornheim<\/b><\/span><\/a><span style=\"text-decoration: underline;\"><span style=\"color: #174b5f; text-decoration: underline;\"><b><br \/><\/b><\/span><\/span>Aba e.V., Berger Stra\u00dfe 287, 60385 Frankfurt<\/li>\n<li><a href=\"https:\/\/lern-netz-frankfurt.de\/gallus-idsteiner\/\" target=\"_blank\" rel=\"noopener\"><strong><span style=\"color: #174b5f;\">Gallus<\/span><\/strong><\/a><br \/>Kinder im Zentrum Gallus e.V., Idsteiner Stra\u00dfe 91, 60326 Frankfurt<\/li>\n<li><a href=\"https:\/\/lern-netz-frankfurt.de\/gallus-mainzer-landstrasse\/\" target=\"_blank\" rel=\"noopener\"><strong><span style=\"color: #174b5f;\">Gallus<\/span><\/strong><\/a><br \/>DRK Sprach- und Bildungszentrum, Mainzer Landstra\u00dfe 349, 60326 Frankfurt<\/li>\n<li><a href=\"https:\/\/lern-netz-frankfurt.de\/hoechst\/\" target=\"_blank\" rel=\"noopener\"><strong><span style=\"color: #174b5f;\">H\u00f6chst<\/span><\/strong><\/a><br \/>smart work frankfurt gGmbH, Kurmainzer Str. 6, 65929 Frankfurt<\/li>\n<li><a href=\"https:\/\/lern-netz-frankfurt.de\/nordweststadt\/\" target=\"_blank\" rel=\"noopener\"><strong><span style=\"color: #174b5f;\">Nordweststadt<\/span><\/strong><\/a><br \/>smart work frankfurt gGmbH im<br \/>Tassilo Sittmann Haus, Gerhart-Hauptmann-Ring 398, 60439 Frankfurt<\/li>\n<li><a href=\"https:\/\/lern-netz-frankfurt.de\/sachsenhausen\/\" target=\"_blank\" rel=\"noopener\"><strong><span style=\"color: #174b5f;\">Sachsenhausen<\/span><\/strong><\/a><br \/>Caritasverband Frankfurt e.V., Affentorplatz 1, 60594 Frankfurt<\/li>\n<\/ul>\n<\/div>\n<\/div>\n<p>[\/et_pb_cta][et_pb_button button_url=&#8220;@ET-DC@eyJkeW5hbWljIjp0cnVlLCJjb250ZW50IjoicG9zdF9saW5rX3VybF9wYWdlIiwic2V0dGluZ3MiOnsicG9zdF9pZCI6IjI1OTg5MDU0In19@&#8220; url_new_window=&#8220;on&#8220; button_text=&#8220;zur\u00fcck zur Suche&#8220; admin_label=&#8220;zur\u00fcck zur Suche&#8220; _builder_version=&#8220;4.27.4&#8243; _dynamic_attributes=&#8220;button_url&#8220; _module_preset=&#8220;default&#8220; custom_button=&#8220;on&#8220; button_text_size=&#8220;17px&#8220; button_text_color=&#8220;#FFFFFF&#8220; button_bg_color=&#8220;#E09900&#8243; button_border_color=&#8220;#E09900&#8243; button_border_radius=&#8220;14px&#8220; button_icon=&#8220;&#x40;||divi||400&#8243; button_icon_placement=&#8220;left&#8220; button_on_hover=&#8220;off&#8220; custom_margin=&#8220;|57px||57px|false|true&#8220; custom_padding=&#8220;||||false|false&#8220; locked=&#8220;off&#8220; global_colors_info=&#8220;{}&#8220;][\/et_pb_button][\/et_pb_column][\/et_pb_row][\/et_pb_section]<\/p>\n","protected":false},"excerpt":{"rendered":"<p>LernNetz Frankfurt Ein tr\u00e4ger\u00fcbergreifendes Angebot in 5 Stadtteilen F\u00fcr Erwachsene in Frankfurt, die einen Raum zum Lernen ben\u00f6tigen.<div class=\"et_pb_module dipl_masonry_gallery dipl_masonry_gallery_0\">\n\t\t\t\t\n\t\t\t\t\n\t\t\t\t\n\t\t\t\t\n\t\t\t\t\n\t\t\t\t\n\t\t\t\t<div class=\"et_pb_module_inner\">\n\t\t\t\t\t<div class=\"dipl_masonry_gallery_wrapper\">\n\t\t\t\t<div class=\"dipl_masonry_gallery_item_gutter\"><\/div>\n\t\t\t\t<div class=\"dipl_masonry_gallery_item\">\n\t\t\t\t\t\t<div class=\"dipl_masonry_gallery_image_wrapper\"><img width=\"300\" height=\"141\" src=\"https:\/\/frankfurter-arbeitsmarkt-forum.de\/wp-content\/uploads\/2025\/09\/LernNetz-Frankfurt_Marke_Claim_RGB-300x141.png\" class=\"attachment-medium size-medium no-lazyload skip-lazy\" alt=\"\" decoding=\"async\" loading=\"lazy\" \/> <\/div>\n\t\t\t\t\t\t\n\t\t\t\t\t<\/div><div class=\"dipl_masonry_gallery_item\">\n\t\t\t\t\t\t<div class=\"dipl_masonry_gallery_image_wrapper\"><img width=\"300\" height=\"200\" src=\"https:\/\/frankfurter-arbeitsmarkt-forum.de\/wp-content\/uploads\/2025\/09\/Aba-eV-Lernraum-300x200.png\" class=\"attachment-medium size-medium no-lazyload skip-lazy\" alt=\"\" decoding=\"async\" loading=\"lazy\" \/> <\/div>\n\t\t\t\t\t\t\n\t\t\t\t\t<\/div><div class=\"dipl_masonry_gallery_item\">\n\t\t\t\t\t\t<div class=\"dipl_masonry_gallery_image_wrapper\"><img width=\"300\" height=\"200\" src=\"https:\/\/frankfurter-arbeitsmarkt-forum.de\/wp-content\/uploads\/2025\/09\/Nordend-gross-300x200.png\" class=\"attachment-medium size-medium no-lazyload skip-lazy\" alt=\"\" decoding=\"async\" loading=\"lazy\" \/> <\/div>\n\t\t\t\t\t\t\n\t\t\t\t\t<\/div><div class=\"dipl_masonry_gallery_item\">\n\t\t\t\t\t\t<div class=\"dipl_masonry_gallery_image_wrapper\"><img width=\"300\" height=\"200\" src=\"https:\/\/frankfurter-arbeitsmarkt-forum.de\/wp-content\/uploads\/2025\/09\/Nordweststadt-gross-300x200.png\" class=\"attachment-medium size-medium no-lazyload skip-lazy\" alt=\"\" decoding=\"async\" loading=\"lazy\" \/> <\/div>\n\t\t\t\t\t\t\n\t\t\t\t\t<\/div><div class=\"dipl_masonry_gallery_item\">\n\t\t\t\t\t\t<div class=\"dipl_masonry_gallery_image_wrapper\"><img width=\"300\" height=\"200\" src=\"https:\/\/frankfurter-arbeitsmarkt-forum.de\/wp-content\/uploads\/2025\/09\/Ostend-gross-300x200.png\" class=\"attachment-medium size-medium no-lazyload skip-lazy\" alt=\"\" decoding=\"async\" loading=\"lazy\" \/> <\/div>\n\t\t\t\t\t\t\n\t\t\t\t\t<\/div><div class=\"dipl_masonry_gallery_item\">\n\t\t\t\t\t\t<div class=\"dipl_masonry_gallery_image_wrapper\"><img width=\"300\" height=\"200\" src=\"https:\/\/frankfurter-arbeitsmarkt-forum.de\/wp-content\/uploads\/2025\/09\/Hoechst-gross-300x200.png\" class=\"attachment-medium size-medium no-lazyload skip-lazy\" alt=\"\" decoding=\"async\" loading=\"lazy\" \/> <\/div>\n\t\t\t\t\t\t\n\t\t\t\t\t<\/div><div class=\"dipl_masonry_gallery_item\">\n\t\t\t\t\t\t<div class=\"dipl_masonry_gallery_image_wrapper\"><img width=\"300\" height=\"212\" src=\"https:\/\/frankfurter-arbeitsmarkt-forum.de\/wp-content\/uploads\/2025\/09\/Bilder-Webseite-LNF-klein-1-300x212.png\" class=\"attachment-medium size-medium no-lazyload skip-lazy\" alt=\"\" decoding=\"async\" loading=\"lazy\" srcset=\"https:\/\/frankfurter-arbeitsmarkt-forum.de\/wp-content\/uploads\/2025\/09\/Bilder-Webseite-LNF-klein-1-300x212.png 300w, https:\/\/frankfurter-arbeitsmarkt-forum.de\/wp-content\/uploads\/2025\/09\/Bilder-Webseite-LNF-klein-1.png 340w\" sizes=\"(max-width: 300px) 100vw, 300px\" \/> <\/div>\n\t\t\t\t\t\t\n\t\t\t\t\t<\/div><div class=\"dipl_masonry_gallery_item\">\n\t\t\t\t\t\t<div class=\"dipl_masonry_gallery_image_wrapper\"><img width=\"300\" height=\"200\" src=\"https:\/\/frankfurter-arbeitsmarkt-forum.de\/wp-content\/uploads\/2025\/09\/Griesheim-gross-300x200.png\" class=\"attachment-medium size-medium no-lazyload skip-lazy\" alt=\"\" decoding=\"async\" loading=\"lazy\" \/> <\/div>\n\t\t\t\t\t\t\n\t\t\t\t\t<\/div><div class=\"dipl_masonry_gallery_item\">\n\t\t\t\t\t\t<div class=\"dipl_masonry_gallery_image_wrapper\"><img width=\"300\" height=\"200\" src=\"https:\/\/frankfurter-arbeitsmarkt-forum.de\/wp-content\/uploads\/2025\/09\/Gallus-Mainzer-gross-300x200.png\" class=\"attachment-medium size-medium no-lazyload skip-lazy\" alt=\"\" decoding=\"async\" loading=\"lazy\" \/> <\/div>\n\t\t\t\t\t\t\n\t\t\t\t\t<\/div>\n\t\t\t<\/div>\n\t\t\t\t<\/div>\n\t\t\t<\/div>Das LernNetz Frankfurt ist ein gemeinsames Projekt verschiedener Tr\u00e4ger im Frankfurter Arbeitsmarktprogramm.Es bietet Erwachsenen aus Frankfurt die M\u00f6glichkeit, in einer ruhigen und gut ausgestatteten Lernumgebung zu arbeiten. Menschen, [&hellip;]<\/p>\n","protected":false},"author":2,"featured_media":25990115,"comment_status":"open","ping_status":"closed","template":"","meta":{"_et_pb_use_builder":"on","_et_pb_old_content":"","_et_gb_content_width":"","footnotes":""},"project_category":[126],"project_tag":[],"class_list":["post-25990110","project","type-project","status-publish","has-post-thumbnail","hentry","project_category-lernnetz"],"_links":{"self":[{"href":"https:\/\/frankfurter-arbeitsmarkt-forum.de\/index.php\/wp-json\/wp\/v2\/project\/25990110","targetHints":{"allow":["GET"]}}],"collection":[{"href":"https:\/\/frankfurter-arbeitsmarkt-forum.de\/index.php\/wp-json\/wp\/v2\/project"}],"about":[{"href":"https:\/\/frankfurter-arbeitsmarkt-forum.de\/index.php\/wp-json\/wp\/v2\/types\/project"}],"author":[{"embeddable":true,"href":"https:\/\/frankfurter-arbeitsmarkt-forum.de\/index.php\/wp-json\/wp\/v2\/users\/2"}],"replies":[{"embeddable":true,"href":"https:\/\/frankfurter-arbeitsmarkt-forum.de\/index.php\/wp-json\/wp\/v2\/comments?post=25990110"}],"version-history":[{"count":4,"href":"https:\/\/frankfurter-arbeitsmarkt-forum.de\/index.php\/wp-json\/wp\/v2\/project\/25990110\/revisions"}],"predecessor-version":[{"id":25990910,"href":"https:\/\/frankfurter-arbeitsmarkt-forum.de\/index.php\/wp-json\/wp\/v2\/project\/25990110\/revisions\/25990910"}],"wp:featuredmedia":[{"embeddable":true,"href":"https:\/\/frankfurter-arbeitsmarkt-forum.de\/index.php\/wp-json\/wp\/v2\/media\/25990115"}],"wp:attachment":[{"href":"https:\/\/frankfurter-arbeitsmarkt-forum.de\/index.php\/wp-json\/wp\/v2\/media?parent=25990110"}],"wp:term":[{"taxonomy":"project_category","embeddable":true,"href":"https:\/\/frankfurter-arbeitsmarkt-forum.de\/index.php\/wp-json\/wp\/v2\/project_category?post=25990110"},{"taxonomy":"project_tag","embeddable":true,"href":"https:\/\/frankfurter-arbeitsmarkt-forum.de\/index.php\/wp-json\/wp\/v2\/project_tag?post=25990110"}],"curies":[{"name":"wp","href":"https:\/\/api.w.org\/{rel}","templated":true}]}}