{"id":25989311,"date":"2025-09-17T14:04:29","date_gmt":"2025-09-17T12:04:29","guid":{"rendered":"https:\/\/frankfurter-arbeitsmarkt-forum.de\/?post_type=project&#038;p=25989311"},"modified":"2025-12-11T14:56:30","modified_gmt":"2025-12-11T13:56:30","slug":"kompass-ggmbh-kompass-mix","status":"publish","type":"project","link":"https:\/\/frankfurter-arbeitsmarkt-forum.de\/index.php\/project\/kompass-ggmbh-kompass-mix\/","title":{"rendered":"Kompass gGmbH- Kompass Mix"},"content":{"rendered":"<p>[et_pb_section fb_built=&#8220;1&#8243; _builder_version=&#8220;4.27.4&#8243; _module_preset=&#8220;default&#8220; locked=&#8220;off&#8220; global_colors_info=&#8220;{}&#8220;][et_pb_row column_structure=&#8220;2_5,3_5&#8243; _builder_version=&#8220;4.27.4&#8243; _module_preset=&#8220;default&#8220; global_colors_info=&#8220;{}&#8220;][et_pb_column type=&#8220;2_5&#8243; _builder_version=&#8220;4.27.4&#8243; _module_preset=&#8220;default&#8220; global_colors_info=&#8220;{}&#8220;][et_pb_cta title=&#8220;Kompass \u2013 Zentrum f\u00fcr Existenzgr\u00fcndungen gGmbH&#8220; button_url=&#8220;https:\/\/lern-netz-frankfurt.de\/#standorte&#8220; admin_label=&#8220;Infos zum Tr\u00e4ger&#8220; _builder_version=&#8220;4.27.4&#8243; _module_preset=&#8220;default&#8220; header_font=&#8220;Poppins|600|||||||&#8220; header_text_color=&#8220;#E09900&#8243; header_font_size=&#8220;25px&#8220; header_line_height=&#8220;1.3em&#8220; body_font=&#8220;Open Sans||||||||&#8220; body_line_height=&#8220;1.8em&#8220; background_color=&#8220;#ffffff&#8220; custom_button=&#8220;on&#8220; button_text_size=&#8220;14px&#8220; button_text_color=&#8220;#ffffff&#8220; button_bg_color=&#8220;#8DC797&#8243; button_border_width=&#8220;8px&#8220; button_border_color=&#8220;#8DC797&#8243; button_border_radius=&#8220;100px&#8220; button_letter_spacing=&#8220;1px&#8220; button_font=&#8220;Poppins|600||on|||||&#8220; button_use_icon=&#8220;off&#8220; button_alignment=&#8220;left&#8220; text_orientation=&#8220;left&#8220; background_layout=&#8220;light&#8220; max_width=&#8220;100%&#8220; max_width_tablet=&#8220;&#8220; max_width_phone=&#8220;&#8220; max_width_last_edited=&#8220;on|desktop&#8220; custom_padding=&#8220;|||&#8220; animation_style=&#8220;slide&#8220; animation_direction=&#8220;top&#8220; animation_intensity_slide=&#8220;10%&#8220; animation_starting_opacity=&#8220;80%&#8220; hover_enabled=&#8220;0&#8243; border_radii=&#8220;on|10px|10px|10px|10px&#8220; locked=&#8220;off&#8220; global_colors_info=&#8220;{}&#8220; button_text_size__hover_enabled=&#8220;off&#8220; button_one_text_size__hover_enabled=&#8220;off&#8220; button_two_text_size__hover_enabled=&#8220;off&#8220; button_text_color__hover_enabled=&#8220;off&#8220; button_one_text_color__hover_enabled=&#8220;off&#8220; button_two_text_color__hover_enabled=&#8220;off&#8220; button_border_width__hover_enabled=&#8220;off&#8220; button_one_border_width__hover_enabled=&#8220;off&#8220; button_two_border_width__hover_enabled=&#8220;off&#8220; button_border_color__hover_enabled=&#8220;off&#8220; button_one_border_color__hover_enabled=&#8220;off&#8220; button_two_border_color__hover_enabled=&#8220;off&#8220; button_border_radius__hover_enabled=&#8220;off&#8220; button_one_border_radius__hover_enabled=&#8220;off&#8220; button_two_border_radius__hover_enabled=&#8220;off&#8220; button_letter_spacing__hover_enabled=&#8220;off&#8220; button_one_letter_spacing__hover_enabled=&#8220;off&#8220; button_two_letter_spacing__hover_enabled=&#8220;off&#8220; button_bg_color__hover_enabled=&#8220;off&#8220; button_one_bg_color__hover_enabled=&#8220;off&#8220; button_two_bg_color__hover_enabled=&#8220;off&#8220; sticky_enabled=&#8220;0&#8243;]<\/p>\n<h3 style=\"text-align: left;\">Beratung und Begleitung bei Gr\u00fcndung &amp; Selbstst\u00e4ndigkeit<\/h3>\n<p>F\u00fcr Menschen aus Frankfurt, die ein Unternehmen gr\u00fcnden m\u00f6chten.<\/p>\n<p>[\/et_pb_cta][\/et_pb_column][et_pb_column type=&#8220;3_5&#8243; _builder_version=&#8220;4.27.4&#8243; _module_preset=&#8220;default&#8220; global_colors_info=&#8220;{}&#8220;][dipl_masonry_gallery image_ids=&#8220;1536,25989315,25989316,25989317,25989318&#8243; column_spacing=&#8220;8px&#8220; admin_label=&#8220;Bilder Gallery&#8220; _builder_version=&#8220;4.27.4&#8243; _module_preset=&#8220;default&#8220; width=&#8220;82%&#8220; module_alignment=&#8220;center&#8220; hover_enabled=&#8220;0&#8243; global_colors_info=&#8220;{}&#8220; number_of_columns=&#8220;2&#8243; sticky_enabled=&#8220;0&#8243;][\/dipl_masonry_gallery][\/et_pb_column][\/et_pb_row][\/et_pb_section][et_pb_section fb_built=&#8220;1&#8243; _builder_version=&#8220;4.27.4&#8243; _module_preset=&#8220;default&#8220; background_color=&#8220;gcid-07720538-5d04-4b2a-9eac-265fd1f993ea&#8220; border_color_all=&#8220;#8390B4&#8243; border_style_all=&#8220;dotted&#8220; global_colors_info=&#8220;{%22gcid-07720538-5d04-4b2a-9eac-265fd1f993ea%22:%91%22background_color%22%93}&#8220;][et_pb_row column_structure=&#8220;1_2,1_2&#8243; use_custom_gutter=&#8220;on&#8220; gutter_width=&#8220;2&#8243; make_equal=&#8220;on&#8220; module_class=&#8220;equal-heights&#8220; _builder_version=&#8220;4.27.4&#8243; _module_preset=&#8220;default&#8220; global_colors_info=&#8220;{}&#8220;][et_pb_column type=&#8220;1_2&#8243; _builder_version=&#8220;4.27.4&#8243; _module_preset=&#8220;default&#8220; global_colors_info=&#8220;{}&#8220;][et_pb_cta title=&#8220;Kurzbeschreibung des Anbieters:&#8220; button_url=&#8220;https:\/\/lern-netz-frankfurt.de\/#standorte&#8220; admin_label=&#8220;Infos zum Tr\u00e4ger&#8220; _builder_version=&#8220;4.27.4&#8243; _module_preset=&#8220;default&#8220; header_level=&#8220;h1&#8243; header_font=&#8220;Poppins|600|||||||&#8220; header_font_size=&#8220;18px&#8220; header_line_height=&#8220;1.8em&#8220; body_font=&#8220;Open Sans||||||||&#8220; body_line_height=&#8220;1.8em&#8220; background_color=&#8220;#ffffff&#8220; custom_button=&#8220;on&#8220; button_text_size=&#8220;14px&#8220; button_text_color=&#8220;#ffffff&#8220; button_bg_color=&#8220;#8DC797&#8243; button_border_width=&#8220;8px&#8220; button_border_color=&#8220;#8DC797&#8243; button_border_radius=&#8220;100px&#8220; button_letter_spacing=&#8220;1px&#8220; button_font=&#8220;Poppins|600||on|||||&#8220; button_use_icon=&#8220;off&#8220; button_alignment=&#8220;left&#8220; text_orientation=&#8220;left&#8220; background_layout=&#8220;light&#8220; max_width=&#8220;100%&#8220; max_width_tablet=&#8220;&#8220; max_width_phone=&#8220;&#8220; max_width_last_edited=&#8220;on|desktop&#8220; custom_padding=&#8220;|||&#8220; animation_style=&#8220;slide&#8220; animation_direction=&#8220;top&#8220; animation_intensity_slide=&#8220;10%&#8220; animation_starting_opacity=&#8220;80%&#8220; border_radii=&#8220;on|10px|10px|10px|10px&#8220; box_shadow_style=&#8220;preset3&#8243; box_shadow_vertical=&#8220;31px&#8220; box_shadow_blur=&#8220;40px&#8220; box_shadow_color=&#8220;rgba(11,9,26,0.1)&#8220; locked=&#8220;off&#8220; global_colors_info=&#8220;{}&#8220; button_text_size__hover_enabled=&#8220;off&#8220; button_one_text_size__hover_enabled=&#8220;off&#8220; button_two_text_size__hover_enabled=&#8220;off&#8220; button_text_color__hover_enabled=&#8220;off&#8220; button_one_text_color__hover_enabled=&#8220;off&#8220; button_two_text_color__hover_enabled=&#8220;off&#8220; button_border_width__hover_enabled=&#8220;off&#8220; button_one_border_width__hover_enabled=&#8220;off&#8220; button_two_border_width__hover_enabled=&#8220;off&#8220; button_border_color__hover_enabled=&#8220;off&#8220; button_one_border_color__hover_enabled=&#8220;off&#8220; button_two_border_color__hover_enabled=&#8220;off&#8220; button_border_radius__hover_enabled=&#8220;off&#8220; button_one_border_radius__hover_enabled=&#8220;off&#8220; button_two_border_radius__hover_enabled=&#8220;off&#8220; button_letter_spacing__hover_enabled=&#8220;off&#8220; button_one_letter_spacing__hover_enabled=&#8220;off&#8220; button_two_letter_spacing__hover_enabled=&#8220;off&#8220; button_bg_color__hover_enabled=&#8220;off&#8220; button_one_bg_color__hover_enabled=&#8220;off&#8220; button_two_bg_color__hover_enabled=&#8220;off&#8220;]<\/p>\n<p>Kompass Frankfurt ist seit \u00fcber 25 Jahren als Tochtergesellschaft der Wirtschaftsf\u00f6rderung Frankfurt das zentrale Gr\u00fcndungszentrum in Frankfurt am Main und begleitet als Inkubator und Accelerator Gr\u00fcnder:innen mit individuellem Coaching und praxisnahen Workshops bei der Entwicklung nachhaltiger, skalierbarer Gesch\u00e4ftsmodelle. Dar\u00fcber hinaus bietet Kompass ein starkes Netzwerk sowie eine digitale Community-Plattform \u2013 und wirkt regional wie international.<\/p>\n<p>[\/et_pb_cta][et_pb_cta title=&#8220;Kontakt&#8220; button_url=&#8220;https:\/\/lern-netz-frankfurt.de\/#standorte&#8220; admin_label=&#8220;Kontakt&#8220; _builder_version=&#8220;4.27.4&#8243; _module_preset=&#8220;default&#8220; header_level=&#8220;h1&#8243; header_font=&#8220;Poppins|600|||||||&#8220; header_font_size=&#8220;18px&#8220; header_line_height=&#8220;1.8em&#8220; body_font=&#8220;Open Sans||||||||&#8220; body_line_height=&#8220;1.8em&#8220; background_color=&#8220;#ffffff&#8220; custom_button=&#8220;on&#8220; button_text_size=&#8220;14px&#8220; button_text_color=&#8220;#ffffff&#8220; button_bg_color=&#8220;#8DC797&#8243; button_border_width=&#8220;8px&#8220; button_border_color=&#8220;#8DC797&#8243; button_border_radius=&#8220;100px&#8220; button_letter_spacing=&#8220;1px&#8220; button_font=&#8220;Poppins|600||on|||||&#8220; button_use_icon=&#8220;off&#8220; button_alignment=&#8220;left&#8220; text_orientation=&#8220;left&#8220; background_layout=&#8220;light&#8220; max_width=&#8220;100%&#8220; max_width_tablet=&#8220;&#8220; max_width_phone=&#8220;&#8220; max_width_last_edited=&#8220;on|desktop&#8220; custom_padding=&#8220;|||&#8220; animation_style=&#8220;slide&#8220; animation_direction=&#8220;top&#8220; animation_intensity_slide=&#8220;10%&#8220; animation_starting_opacity=&#8220;80%&#8220; border_radii=&#8220;on|10px|10px|10px|10px&#8220; box_shadow_style=&#8220;preset3&#8243; box_shadow_vertical=&#8220;31px&#8220; box_shadow_blur=&#8220;40px&#8220; box_shadow_color=&#8220;rgba(11,9,26,0.1)&#8220; locked=&#8220;off&#8220; global_colors_info=&#8220;{}&#8220; button_text_size__hover_enabled=&#8220;off&#8220; button_one_text_size__hover_enabled=&#8220;off&#8220; button_two_text_size__hover_enabled=&#8220;off&#8220; button_text_color__hover_enabled=&#8220;off&#8220; button_one_text_color__hover_enabled=&#8220;off&#8220; button_two_text_color__hover_enabled=&#8220;off&#8220; button_border_width__hover_enabled=&#8220;off&#8220; button_one_border_width__hover_enabled=&#8220;off&#8220; button_two_border_width__hover_enabled=&#8220;off&#8220; button_border_color__hover_enabled=&#8220;off&#8220; button_one_border_color__hover_enabled=&#8220;off&#8220; button_two_border_color__hover_enabled=&#8220;off&#8220; button_border_radius__hover_enabled=&#8220;off&#8220; button_one_border_radius__hover_enabled=&#8220;off&#8220; button_two_border_radius__hover_enabled=&#8220;off&#8220; button_letter_spacing__hover_enabled=&#8220;off&#8220; button_one_letter_spacing__hover_enabled=&#8220;off&#8220; button_two_letter_spacing__hover_enabled=&#8220;off&#8220; button_bg_color__hover_enabled=&#8220;off&#8220; button_one_bg_color__hover_enabled=&#8220;off&#8220; button_two_bg_color__hover_enabled=&#8220;off&#8220;]<\/p>\n<div class=\"et_pb_module et_pb_text et_pb_text_8 et_pb_text_align_left et_pb_bg_layout_light\">\n<div class=\"et_pb_text_inner\">\n<p><strong>Ansprechpartnerin:<\/strong> Ellen Bommersheim<\/p>\n<p><strong>Telefon:<\/strong> 069-21 97 80<\/p>\n<p><strong>E-Mail:<\/strong> <a href=\"mailto:info@kompassfrankfurt.de\" target=\"_blank\" rel=\"noopener\">info@kompassfrankfurt.de<\/a><a href=\"mailto:debora.messina@smart-work-frankfurt.de\"><\/a><\/p>\n<p><strong>Adresse des Standorts:<\/strong> Hanauer Landstra\u00dfe 521, 60386 Frankfurt am Main<\/p>\n<p><strong>Webseite: <\/strong><a href=\"https:\/\/www.kompassfrankfurt.de\/angebot\/mix\/\" target=\"_blank\" rel=\"noopener\">www.kompassfrankfurt.de<\/a><\/p>\n<\/div>\n<\/div>\n<p>[\/et_pb_cta][et_pb_button button_url=&#8220;@ET-DC@eyJkeW5hbWljIjp0cnVlLCJjb250ZW50IjoicG9zdF9saW5rX3VybF9wYWdlIiwic2V0dGluZ3MiOnsicG9zdF9pZCI6IjI1OTg5MDU0In19@&#8220; url_new_window=&#8220;on&#8220; button_text=&#8220;zur\u00fcck zur Suche&#8220; admin_label=&#8220;zur\u00fcck zur Suche&#8220; _builder_version=&#8220;4.27.4&#8243; _dynamic_attributes=&#8220;button_url&#8220; _module_preset=&#8220;default&#8220; custom_button=&#8220;on&#8220; button_text_size=&#8220;17px&#8220; button_text_color=&#8220;#FFFFFF&#8220; button_bg_color=&#8220;#E09900&#8243; button_border_color=&#8220;#E09900&#8243; button_border_radius=&#8220;14px&#8220; button_icon=&#8220;&#x40;||divi||400&#8243; button_icon_placement=&#8220;left&#8220; button_on_hover=&#8220;off&#8220; custom_margin=&#8220;|57px||57px|false|true&#8220; custom_padding=&#8220;||||false|false&#8220; locked=&#8220;off&#8220; global_colors_info=&#8220;{}&#8220;][\/et_pb_button][\/et_pb_column][et_pb_column type=&#8220;1_2&#8243; _builder_version=&#8220;4.27.4&#8243; _module_preset=&#8220;default&#8220; global_colors_info=&#8220;{}&#8220;][et_pb_cta title=&#8220;%22Kompass Mix%22&#8243; button_text=&#8220;Anmeldung&#8220; _builder_version=&#8220;4.27.4&#8243; _module_preset=&#8220;default&#8220; header_level=&#8220;h1&#8243; header_font=&#8220;Poppins|600|||||||&#8220; header_text_color=&#8220;#E09900&#8243; header_font_size=&#8220;25px&#8220; header_line_height=&#8220;1.3em&#8220; body_font=&#8220;Open Sans||||||||&#8220; body_line_height=&#8220;1.8em&#8220; background_color=&#8220;#ffffff&#8220; custom_button=&#8220;on&#8220; button_text_size=&#8220;14px&#8220; button_text_color=&#8220;#ffffff&#8220; button_bg_color=&#8220;#8DC797&#8243; button_border_width=&#8220;8px&#8220; button_border_color=&#8220;#8DC797&#8243; button_border_radius=&#8220;100px&#8220; button_letter_spacing=&#8220;1px&#8220; button_font=&#8220;Poppins|600||on|||||&#8220; button_use_icon=&#8220;off&#8220; button_alignment=&#8220;left&#8220; text_orientation=&#8220;left&#8220; background_layout=&#8220;light&#8220; max_width=&#8220;100%&#8220; max_width_tablet=&#8220;&#8220; max_width_phone=&#8220;&#8220; max_width_last_edited=&#8220;on|desktop&#8220; custom_padding=&#8220;|||&#8220; animation_style=&#8220;slide&#8220; animation_direction=&#8220;top&#8220; animation_intensity_slide=&#8220;10%&#8220; animation_starting_opacity=&#8220;80%&#8220; border_radii=&#8220;on|10px|10px|10px|10px&#8220; box_shadow_style=&#8220;preset3&#8243; box_shadow_vertical=&#8220;31px&#8220; box_shadow_blur=&#8220;40px&#8220; box_shadow_color=&#8220;rgba(11,9,26,0.1)&#8220; locked=&#8220;off&#8220; global_colors_info=&#8220;{}&#8220; button_text_size__hover_enabled=&#8220;off&#8220; button_one_text_size__hover_enabled=&#8220;off&#8220; button_two_text_size__hover_enabled=&#8220;off&#8220; button_text_color__hover_enabled=&#8220;off&#8220; button_one_text_color__hover_enabled=&#8220;off&#8220; button_two_text_color__hover_enabled=&#8220;off&#8220; button_border_width__hover_enabled=&#8220;off&#8220; button_one_border_width__hover_enabled=&#8220;off&#8220; button_two_border_width__hover_enabled=&#8220;off&#8220; button_border_color__hover_enabled=&#8220;off&#8220; button_one_border_color__hover_enabled=&#8220;off&#8220; button_two_border_color__hover_enabled=&#8220;off&#8220; button_border_radius__hover_enabled=&#8220;off&#8220; button_one_border_radius__hover_enabled=&#8220;off&#8220; button_two_border_radius__hover_enabled=&#8220;off&#8220; button_letter_spacing__hover_enabled=&#8220;off&#8220; button_one_letter_spacing__hover_enabled=&#8220;off&#8220; button_two_letter_spacing__hover_enabled=&#8220;off&#8220; button_bg_color__hover_enabled=&#8220;off&#8220; button_one_bg_color__hover_enabled=&#8220;off&#8220; button_two_bg_color__hover_enabled=&#8220;off&#8220;]<\/p>\n<div class=\"et_pb_module et_pb_text et_pb_text_7 et_pb_text_align_left et_pb_bg_layout_light\">\n<div class=\"et_pb_text_inner\">\n<p><strong>Zielgruppe: <\/strong>Gr\u00fcndungsinteressierte und Gr\u00fcnder:innen<\/p>\n<p><strong>Inhaltliche Schwerpunkte der Ma\u00dfnahme: <\/strong><\/p>\n<p>Kompass Mix ist eine ganzheitliche Unterst\u00fctzung auf dem Weg in die Selbstst\u00e4ndigkeit. Ziel ist es, die eigene Gesch\u00e4ftsidee zu pr\u00fcfen, optimal anzupassen und umzusetzen. Diverse Angebote k\u00f6nnen individuell zusammengestellt werden \u2013 vom Businessplan \u00fcber die Finanzierungsstrategie bis zur Gr\u00fcndung.<\/p>\n<p>Die Themen der Beratung und der Workshops:<\/p>\n<ul>\n<li>\n<div class=\"vcex-bullets-ci-wrap wpex-inline-flex\">\n<div class=\"vcex-content wpex-flex-grow\">Eignung als Unternehmer:in analysieren<\/div>\n<\/div>\n<\/li>\n<li>\n<div class=\"vcex-bullets-ci-wrap wpex-inline-flex\">\n<p>&nbsp;<\/p>\n<div class=\"vcex-content wpex-flex-grow\">Unternehmerisches Potenzial und individuelle Voraussetzungen beleuchten<\/div>\n<\/div>\n<\/li>\n<li>\n<div class=\"vcex-bullets-ci-wrap wpex-inline-flex\">\n<p>&nbsp;<\/p>\n<div class=\"vcex-content wpex-flex-grow\">Gesch\u00e4ftsideen pr\u00fcfen und modifizieren<\/div>\n<\/div>\n<\/li>\n<li>\n<div class=\"vcex-bullets-ci-wrap wpex-inline-flex\">\n<p>&nbsp;<\/p>\n<div class=\"vcex-content wpex-flex-grow\">Businessplan erstellen<\/div>\n<\/div>\n<\/li>\n<li>\n<div class=\"vcex-bullets-ci-wrap wpex-inline-flex\">\n<p>&nbsp;<\/p>\n<div class=\"vcex-content wpex-flex-grow\">Finanzierungsstrategie entwickeln und Finanzplan erstellen<\/div>\n<\/div>\n<\/li>\n<li>\n<div class=\"vcex-bullets-ci-wrap wpex-inline-flex\">\n<p>&nbsp;<\/p>\n<div class=\"vcex-content wpex-flex-grow\">Nebenberufliche Selbstst\u00e4ndigkeit als Option pr\u00fcfen<\/div>\n<\/div>\n<\/li>\n<\/ul>\n<p><strong>Startm\u00f6glichkeiten f\u00fcr Teilnehmende:<\/strong> laufender Einstieg m\u00f6glich<\/p>\n<p><strong>Dauer der Ma\u00dfnahme:\u00a0<\/strong>individuell<\/p>\n<p><strong>Flyer zum Angebot: <a href=\"https:\/\/frankfurter-arbeitsmarkt-forum.de\/wp-content\/uploads\/2025\/09\/Kompass-Mix-Flyer.pdf\" target=\"_blank\" rel=\"noopener\">Infoflyer\u00a0 \u00a0&amp; Kompass Mix Flyer<\/a><\/strong><\/p>\n<\/div>\n<\/div>\n<p>[\/et_pb_cta][\/et_pb_column][\/et_pb_row][\/et_pb_section]<\/p>\n","protected":false},"excerpt":{"rendered":"<p>Beratung und Begleitung bei Gr\u00fcndung &amp; Selbstst\u00e4ndigkeit F\u00fcr Menschen aus Frankfurt, die ein Unternehmen gr\u00fcnden m\u00f6chten.<div class=\"et_pb_module dipl_masonry_gallery dipl_masonry_gallery_0\">\n\t\t\t\t\n\t\t\t\t\n\t\t\t\t\n\t\t\t\t\n\t\t\t\t\n\t\t\t\t\n\t\t\t\t<div class=\"et_pb_module_inner\">\n\t\t\t\t\t<div class=\"dipl_masonry_gallery_wrapper\">\n\t\t\t\t<div class=\"dipl_masonry_gallery_item_gutter\"><\/div>\n\t\t\t\t<div class=\"dipl_masonry_gallery_item\">\n\t\t\t\t\t\t<div class=\"dipl_masonry_gallery_image_wrapper\"><img width=\"300\" height=\"59\" src=\"https:\/\/frankfurter-arbeitsmarkt-forum.de\/wp-content\/uploads\/2025\/08\/Kompass_Logo_web-300x59.png\" class=\"attachment-medium size-medium no-lazyload skip-lazy\" alt=\"\" decoding=\"async\" loading=\"lazy\" \/> <\/div>\n\t\t\t\t\t\t\n\t\t\t\t\t<\/div><div class=\"dipl_masonry_gallery_item\">\n\t\t\t\t\t\t<div class=\"dipl_masonry_gallery_image_wrapper\"><img width=\"300\" height=\"240\" src=\"https:\/\/frankfurter-arbeitsmarkt-forum.de\/wp-content\/uploads\/2025\/09\/1-3-300x240.png\" class=\"attachment-medium size-medium no-lazyload skip-lazy\" alt=\"\" decoding=\"async\" loading=\"lazy\" \/> <\/div>\n\t\t\t\t\t\t\n\t\t\t\t\t<\/div><div class=\"dipl_masonry_gallery_item\">\n\t\t\t\t\t\t<div class=\"dipl_masonry_gallery_image_wrapper\"><img width=\"300\" height=\"240\" src=\"https:\/\/frankfurter-arbeitsmarkt-forum.de\/wp-content\/uploads\/2025\/09\/2-3-300x240.png\" class=\"attachment-medium size-medium no-lazyload skip-lazy\" alt=\"\" decoding=\"async\" loading=\"lazy\" \/> <\/div>\n\t\t\t\t\t\t\n\t\t\t\t\t<\/div><div class=\"dipl_masonry_gallery_item\">\n\t\t\t\t\t\t<div class=\"dipl_masonry_gallery_image_wrapper\"><img width=\"300\" height=\"240\" src=\"https:\/\/frankfurter-arbeitsmarkt-forum.de\/wp-content\/uploads\/2025\/09\/3-2-300x240.png\" class=\"attachment-medium size-medium no-lazyload skip-lazy\" alt=\"\" decoding=\"async\" loading=\"lazy\" \/> <\/div>\n\t\t\t\t\t\t\n\t\t\t\t\t<\/div><div class=\"dipl_masonry_gallery_item\">\n\t\t\t\t\t\t<div class=\"dipl_masonry_gallery_image_wrapper\"><img width=\"300\" height=\"240\" src=\"https:\/\/frankfurter-arbeitsmarkt-forum.de\/wp-content\/uploads\/2025\/09\/4-2-300x240.png\" class=\"attachment-medium size-medium no-lazyload skip-lazy\" alt=\"\" decoding=\"async\" loading=\"lazy\" \/> <\/div>\n\t\t\t\t\t\t\n\t\t\t\t\t<\/div>\n\t\t\t<\/div>\n\t\t\t\t<\/div>\n\t\t\t<\/div>Kompass Frankfurt ist seit \u00fcber 25 Jahren als Tochtergesellschaft der Wirtschaftsf\u00f6rderung Frankfurt das zentrale Gr\u00fcndungszentrum in Frankfurt am Main und begleitet als Inkubator und Accelerator Gr\u00fcnder:innen mit individuellem [&hellip;]<\/p>\n","protected":false},"author":2,"featured_media":1896,"comment_status":"open","ping_status":"closed","template":"","meta":{"_et_pb_use_builder":"on","_et_pb_old_content":"","_et_gb_content_width":"","footnotes":""},"project_category":[115,116,117],"project_tag":[],"class_list":["post-25989311","project","type-project","status-publish","has-post-thumbnail","hentry","project_category-existenzgruendung","project_category-gruendungsberatung","project_category-selbststaendigkeit"],"_links":{"self":[{"href":"https:\/\/frankfurter-arbeitsmarkt-forum.de\/index.php\/wp-json\/wp\/v2\/project\/25989311","targetHints":{"allow":["GET"]}}],"collection":[{"href":"https:\/\/frankfurter-arbeitsmarkt-forum.de\/index.php\/wp-json\/wp\/v2\/project"}],"about":[{"href":"https:\/\/frankfurter-arbeitsmarkt-forum.de\/index.php\/wp-json\/wp\/v2\/types\/project"}],"author":[{"embeddable":true,"href":"https:\/\/frankfurter-arbeitsmarkt-forum.de\/index.php\/wp-json\/wp\/v2\/users\/2"}],"replies":[{"embeddable":true,"href":"https:\/\/frankfurter-arbeitsmarkt-forum.de\/index.php\/wp-json\/wp\/v2\/comments?post=25989311"}],"version-history":[{"count":4,"href":"https:\/\/frankfurter-arbeitsmarkt-forum.de\/index.php\/wp-json\/wp\/v2\/project\/25989311\/revisions"}],"predecessor-version":[{"id":25990809,"href":"https:\/\/frankfurter-arbeitsmarkt-forum.de\/index.php\/wp-json\/wp\/v2\/project\/25989311\/revisions\/25990809"}],"wp:featuredmedia":[{"embeddable":true,"href":"https:\/\/frankfurter-arbeitsmarkt-forum.de\/index.php\/wp-json\/wp\/v2\/media\/1896"}],"wp:attachment":[{"href":"https:\/\/frankfurter-arbeitsmarkt-forum.de\/index.php\/wp-json\/wp\/v2\/media?parent=25989311"}],"wp:term":[{"taxonomy":"project_category","embeddable":true,"href":"https:\/\/frankfurter-arbeitsmarkt-forum.de\/index.php\/wp-json\/wp\/v2\/project_category?post=25989311"},{"taxonomy":"project_tag","embeddable":true,"href":"https:\/\/frankfurter-arbeitsmarkt-forum.de\/index.php\/wp-json\/wp\/v2\/project_tag?post=25989311"}],"curies":[{"name":"wp","href":"https:\/\/api.w.org\/{rel}","templated":true}]}}