{"id":25989299,"date":"2025-09-15T13:28:53","date_gmt":"2025-09-15T11:28:53","guid":{"rendered":"https:\/\/frankfurter-arbeitsmarkt-forum.de\/?post_type=project&#038;p=25989299"},"modified":"2025-12-11T15:04:57","modified_gmt":"2025-12-11T14:04:57","slug":"smart-work-frankfurt-ggmbh-foerderung-beruflicher-kommunikation-und-digitaler-kompetenzen","status":"publish","type":"project","link":"https:\/\/frankfurter-arbeitsmarkt-forum.de\/index.php\/project\/smart-work-frankfurt-ggmbh-foerderung-beruflicher-kommunikation-und-digitaler-kompetenzen\/","title":{"rendered":"smart work frankfurt gGmbH &#8211; F\u00f6rderung beruflicher Kommunikation und digitaler Kompetenzen"},"content":{"rendered":"<p>[et_pb_section fb_built=&#8220;1&#8243; _builder_version=&#8220;4.27.4&#8243; _module_preset=&#8220;default&#8220; locked=&#8220;off&#8220; global_colors_info=&#8220;{}&#8220;][et_pb_row column_structure=&#8220;2_5,3_5&#8243; _builder_version=&#8220;4.27.4&#8243; _module_preset=&#8220;default&#8220; global_colors_info=&#8220;{}&#8220;][et_pb_column type=&#8220;2_5&#8243; _builder_version=&#8220;4.27.4&#8243; _module_preset=&#8220;default&#8220; global_colors_info=&#8220;{}&#8220;][et_pb_cta title=&#8220;smart work frankfurt gGmbH&#8220; button_url=&#8220;https:\/\/lern-netz-frankfurt.de\/#standorte&#8220; admin_label=&#8220;Infos zum Tr\u00e4ger&#8220; _builder_version=&#8220;4.27.4&#8243; _module_preset=&#8220;default&#8220; header_font=&#8220;Poppins|600|||||||&#8220; header_text_color=&#8220;#E09900&#8243; header_font_size=&#8220;25px&#8220; header_line_height=&#8220;1.3em&#8220; body_font=&#8220;Open Sans||||||||&#8220; body_line_height=&#8220;1.8em&#8220; background_color=&#8220;#ffffff&#8220; custom_button=&#8220;on&#8220; button_text_size=&#8220;14px&#8220; button_text_color=&#8220;#ffffff&#8220; button_bg_color=&#8220;#8DC797&#8243; button_border_width=&#8220;8px&#8220; button_border_color=&#8220;#8DC797&#8243; button_border_radius=&#8220;100px&#8220; button_letter_spacing=&#8220;1px&#8220; button_font=&#8220;Poppins|600||on|||||&#8220; button_use_icon=&#8220;off&#8220; button_alignment=&#8220;left&#8220; text_orientation=&#8220;left&#8220; background_layout=&#8220;light&#8220; max_width=&#8220;100%&#8220; max_width_tablet=&#8220;&#8220; max_width_phone=&#8220;&#8220; max_width_last_edited=&#8220;on|desktop&#8220; custom_padding=&#8220;|||&#8220; animation_style=&#8220;slide&#8220; animation_direction=&#8220;top&#8220; animation_intensity_slide=&#8220;10%&#8220; animation_starting_opacity=&#8220;80%&#8220; hover_enabled=&#8220;0&#8243; border_radii=&#8220;on|10px|10px|10px|10px&#8220; locked=&#8220;off&#8220; global_colors_info=&#8220;{}&#8220; button_text_size__hover_enabled=&#8220;off&#8220; button_one_text_size__hover_enabled=&#8220;off&#8220; button_two_text_size__hover_enabled=&#8220;off&#8220; button_text_color__hover_enabled=&#8220;off&#8220; button_one_text_color__hover_enabled=&#8220;off&#8220; button_two_text_color__hover_enabled=&#8220;off&#8220; button_border_width__hover_enabled=&#8220;off&#8220; button_one_border_width__hover_enabled=&#8220;off&#8220; button_two_border_width__hover_enabled=&#8220;off&#8220; button_border_color__hover_enabled=&#8220;off&#8220; button_one_border_color__hover_enabled=&#8220;off&#8220; button_two_border_color__hover_enabled=&#8220;off&#8220; button_border_radius__hover_enabled=&#8220;off&#8220; button_one_border_radius__hover_enabled=&#8220;off&#8220; button_two_border_radius__hover_enabled=&#8220;off&#8220; button_letter_spacing__hover_enabled=&#8220;off&#8220; button_one_letter_spacing__hover_enabled=&#8220;off&#8220; button_two_letter_spacing__hover_enabled=&#8220;off&#8220; button_bg_color__hover_enabled=&#8220;off&#8220; button_one_bg_color__hover_enabled=&#8220;off&#8220; button_two_bg_color__hover_enabled=&#8220;off&#8220; sticky_enabled=&#8220;0&#8243;]<\/p>\n<h3 style=\"text-align: left;\">Deutschlernen &amp; digitale Grundkompetenzen erwerben<\/h3>\n<p>Erwachsene zugewanderte Menschen, die ihr Deutsch verbessern m\u00f6chten.<\/p>\n<p>[\/et_pb_cta][\/et_pb_column][et_pb_column type=&#8220;3_5&#8243; _builder_version=&#8220;4.27.4&#8243; _module_preset=&#8220;default&#8220; global_colors_info=&#8220;{}&#8220;][dipl_masonry_gallery image_ids=&#8220;1044&#8243; column_spacing=&#8220;8px&#8220; admin_label=&#8220;Bilder Gallery&#8220; _builder_version=&#8220;4.27.4&#8243; _module_preset=&#8220;default&#8220; width=&#8220;82%&#8220; module_alignment=&#8220;center&#8220; hover_enabled=&#8220;0&#8243; global_colors_info=&#8220;{}&#8220; number_of_columns=&#8220;2&#8243; sticky_enabled=&#8220;0&#8243;][\/dipl_masonry_gallery][\/et_pb_column][\/et_pb_row][\/et_pb_section][et_pb_section fb_built=&#8220;1&#8243; _builder_version=&#8220;4.27.4&#8243; _module_preset=&#8220;default&#8220; background_color=&#8220;gcid-07720538-5d04-4b2a-9eac-265fd1f993ea&#8220; border_color_all=&#8220;#8390B4&#8243; border_style_all=&#8220;dotted&#8220; global_colors_info=&#8220;{%22gcid-07720538-5d04-4b2a-9eac-265fd1f993ea%22:%91%22background_color%22%93}&#8220;][et_pb_row column_structure=&#8220;1_2,1_2&#8243; use_custom_gutter=&#8220;on&#8220; gutter_width=&#8220;2&#8243; make_equal=&#8220;on&#8220; module_class=&#8220;equal-heights&#8220; _builder_version=&#8220;4.27.4&#8243; _module_preset=&#8220;default&#8220; global_colors_info=&#8220;{}&#8220;][et_pb_column type=&#8220;1_2&#8243; _builder_version=&#8220;4.27.4&#8243; _module_preset=&#8220;default&#8220; global_colors_info=&#8220;{}&#8220;][et_pb_cta title=&#8220;Kurzbeschreibung des Anbieters:&#8220; button_url=&#8220;https:\/\/lern-netz-frankfurt.de\/#standorte&#8220; admin_label=&#8220;Infos zum Tr\u00e4ger&#8220; _builder_version=&#8220;4.27.4&#8243; _module_preset=&#8220;default&#8220; header_level=&#8220;h1&#8243; header_font=&#8220;Poppins|600|||||||&#8220; header_font_size=&#8220;18px&#8220; header_line_height=&#8220;1.8em&#8220; body_font=&#8220;Open Sans||||||||&#8220; body_line_height=&#8220;1.8em&#8220; background_color=&#8220;#ffffff&#8220; custom_button=&#8220;on&#8220; button_text_size=&#8220;14px&#8220; button_text_color=&#8220;#ffffff&#8220; button_bg_color=&#8220;#8DC797&#8243; button_border_width=&#8220;8px&#8220; button_border_color=&#8220;#8DC797&#8243; button_border_radius=&#8220;100px&#8220; button_letter_spacing=&#8220;1px&#8220; button_font=&#8220;Poppins|600||on|||||&#8220; button_use_icon=&#8220;off&#8220; button_alignment=&#8220;left&#8220; text_orientation=&#8220;left&#8220; background_layout=&#8220;light&#8220; max_width=&#8220;100%&#8220; max_width_tablet=&#8220;&#8220; max_width_phone=&#8220;&#8220; max_width_last_edited=&#8220;on|desktop&#8220; custom_padding=&#8220;|||&#8220; animation_style=&#8220;slide&#8220; animation_direction=&#8220;top&#8220; animation_intensity_slide=&#8220;10%&#8220; animation_starting_opacity=&#8220;80%&#8220; border_radii=&#8220;on|10px|10px|10px|10px&#8220; box_shadow_style=&#8220;preset3&#8243; box_shadow_vertical=&#8220;31px&#8220; box_shadow_blur=&#8220;40px&#8220; box_shadow_color=&#8220;rgba(11,9,26,0.1)&#8220; locked=&#8220;off&#8220; global_colors_info=&#8220;{}&#8220; button_text_size__hover_enabled=&#8220;off&#8220; button_one_text_size__hover_enabled=&#8220;off&#8220; button_two_text_size__hover_enabled=&#8220;off&#8220; button_text_color__hover_enabled=&#8220;off&#8220; button_one_text_color__hover_enabled=&#8220;off&#8220; button_two_text_color__hover_enabled=&#8220;off&#8220; button_border_width__hover_enabled=&#8220;off&#8220; button_one_border_width__hover_enabled=&#8220;off&#8220; button_two_border_width__hover_enabled=&#8220;off&#8220; button_border_color__hover_enabled=&#8220;off&#8220; button_one_border_color__hover_enabled=&#8220;off&#8220; button_two_border_color__hover_enabled=&#8220;off&#8220; button_border_radius__hover_enabled=&#8220;off&#8220; button_one_border_radius__hover_enabled=&#8220;off&#8220; button_two_border_radius__hover_enabled=&#8220;off&#8220; button_letter_spacing__hover_enabled=&#8220;off&#8220; button_one_letter_spacing__hover_enabled=&#8220;off&#8220; button_two_letter_spacing__hover_enabled=&#8220;off&#8220; button_bg_color__hover_enabled=&#8220;off&#8220; button_one_bg_color__hover_enabled=&#8220;off&#8220; button_two_bg_color__hover_enabled=&#8220;off&#8220;]<\/p>\n<p>Als AZAV-zertifizierter Bildungstr\u00e4ger qualifizieren wir Menschen zielgerichtet f\u00fcr den Erwerb anerkannter Berufsabschl\u00fcsse \u2013 durch Umschulungen, Teilqualifizierungen, Pr\u00fcfungsvorbereitung und den \u201eFrankfurter Weg zum Berufsabschluss\u201c.<\/p>\n<p>Seit \u00fcber zehn Jahren weisen wir eine hervorragende Pr\u00fcfungsquote auf: Nahezu alle Teilnehmenden bestehen ihre Abschlusspr\u00fcfungen \u2013 ein klares Zeichen f\u00fcr die Qualit\u00e4t unserer Angebote und die individuelle Begleitung.<br \/>Durch praxisnahe Konzepte, hohe Flexibilit\u00e4t und starke regionale Vernetzung sind wir ein zuverl\u00e4ssiger Partner f\u00fcr berufliche Qualifizierung, Integration und nachhaltige Besch\u00e4ftigung.<\/p>\n<p>[\/et_pb_cta][et_pb_cta title=&#8220;Kontakt&#8220; button_url=&#8220;https:\/\/lern-netz-frankfurt.de\/#standorte&#8220; admin_label=&#8220;Kontakt&#8220; _builder_version=&#8220;4.27.4&#8243; _module_preset=&#8220;default&#8220; header_level=&#8220;h1&#8243; header_font=&#8220;Poppins|600|||||||&#8220; header_font_size=&#8220;18px&#8220; header_line_height=&#8220;1.8em&#8220; body_font=&#8220;Open Sans||||||||&#8220; body_line_height=&#8220;1.8em&#8220; background_color=&#8220;#ffffff&#8220; custom_button=&#8220;on&#8220; button_text_size=&#8220;14px&#8220; button_text_color=&#8220;#ffffff&#8220; button_bg_color=&#8220;#8DC797&#8243; button_border_width=&#8220;8px&#8220; button_border_color=&#8220;#8DC797&#8243; button_border_radius=&#8220;100px&#8220; button_letter_spacing=&#8220;1px&#8220; button_font=&#8220;Poppins|600||on|||||&#8220; button_use_icon=&#8220;off&#8220; button_alignment=&#8220;left&#8220; text_orientation=&#8220;left&#8220; background_layout=&#8220;light&#8220; max_width=&#8220;100%&#8220; max_width_tablet=&#8220;&#8220; max_width_phone=&#8220;&#8220; max_width_last_edited=&#8220;on|desktop&#8220; custom_padding=&#8220;|||&#8220; animation_style=&#8220;slide&#8220; animation_direction=&#8220;top&#8220; animation_intensity_slide=&#8220;10%&#8220; animation_starting_opacity=&#8220;80%&#8220; border_radii=&#8220;on|10px|10px|10px|10px&#8220; box_shadow_style=&#8220;preset3&#8243; box_shadow_vertical=&#8220;31px&#8220; box_shadow_blur=&#8220;40px&#8220; box_shadow_color=&#8220;rgba(11,9,26,0.1)&#8220; locked=&#8220;off&#8220; global_colors_info=&#8220;{}&#8220; button_text_size__hover_enabled=&#8220;off&#8220; button_one_text_size__hover_enabled=&#8220;off&#8220; button_two_text_size__hover_enabled=&#8220;off&#8220; button_text_color__hover_enabled=&#8220;off&#8220; button_one_text_color__hover_enabled=&#8220;off&#8220; button_two_text_color__hover_enabled=&#8220;off&#8220; button_border_width__hover_enabled=&#8220;off&#8220; button_one_border_width__hover_enabled=&#8220;off&#8220; button_two_border_width__hover_enabled=&#8220;off&#8220; button_border_color__hover_enabled=&#8220;off&#8220; button_one_border_color__hover_enabled=&#8220;off&#8220; button_two_border_color__hover_enabled=&#8220;off&#8220; button_border_radius__hover_enabled=&#8220;off&#8220; button_one_border_radius__hover_enabled=&#8220;off&#8220; button_two_border_radius__hover_enabled=&#8220;off&#8220; button_letter_spacing__hover_enabled=&#8220;off&#8220; button_one_letter_spacing__hover_enabled=&#8220;off&#8220; button_two_letter_spacing__hover_enabled=&#8220;off&#8220; button_bg_color__hover_enabled=&#8220;off&#8220; button_one_bg_color__hover_enabled=&#8220;off&#8220; button_two_bg_color__hover_enabled=&#8220;off&#8220;]<\/p>\n<div class=\"et_pb_module et_pb_text et_pb_text_8 et_pb_text_align_left et_pb_bg_layout_light\">\n<div class=\"et_pb_text_inner\">\n<p><strong>Ansprechpartnerin:<\/strong> Debora Messina<\/p>\n<p><strong>Telefon:<\/strong> 0163- 7595246<\/p>\n<p><strong>E-Mail:<\/strong> <a href=\"mailto:debora.messina@smart-work-frankfurt.de\" target=\"_blank\" rel=\"noopener\">debora.messina@smart-work-frankfurt.de<\/a><\/p>\n<p><strong>Adresse des Standorts:<\/strong> Kurmainzer Stra\u00dfe 6, 65959 Frankfurt<\/p>\n<p><strong>Webseite: <\/strong><a href=\"http:\/\/www.smart-work-frankfurt.de\" target=\"_blank\" rel=\"noopener\">www.smart-work-frankfurt.de<\/a><\/p>\n<\/div>\n<\/div>\n<p>[\/et_pb_cta][\/et_pb_column][et_pb_column type=&#8220;1_2&#8243; _builder_version=&#8220;4.27.4&#8243; _module_preset=&#8220;default&#8220; global_colors_info=&#8220;{}&#8220;][et_pb_cta title=&#8220;%22F\u00f6rderung beruflicher Kommunikation und digitaler Kompetenzen%22&#8243; button_text=&#8220;Anmeldung&#8220; _builder_version=&#8220;4.27.4&#8243; _module_preset=&#8220;default&#8220; header_level=&#8220;h1&#8243; header_font=&#8220;Poppins|600|||||||&#8220; header_text_color=&#8220;#E09900&#8243; header_font_size=&#8220;18px&#8220; header_line_height=&#8220;1.8em&#8220; body_font=&#8220;Open Sans||||||||&#8220; body_line_height=&#8220;1.8em&#8220; background_color=&#8220;#ffffff&#8220; custom_button=&#8220;on&#8220; button_text_size=&#8220;14px&#8220; button_text_color=&#8220;#ffffff&#8220; button_bg_color=&#8220;#8DC797&#8243; button_border_width=&#8220;8px&#8220; button_border_color=&#8220;#8DC797&#8243; button_border_radius=&#8220;100px&#8220; button_letter_spacing=&#8220;1px&#8220; button_font=&#8220;Poppins|600||on|||||&#8220; button_use_icon=&#8220;off&#8220; button_alignment=&#8220;left&#8220; text_orientation=&#8220;left&#8220; background_layout=&#8220;light&#8220; max_width=&#8220;100%&#8220; max_width_tablet=&#8220;&#8220; max_width_phone=&#8220;&#8220; max_width_last_edited=&#8220;on|desktop&#8220; custom_padding=&#8220;|||&#8220; animation_style=&#8220;slide&#8220; animation_direction=&#8220;top&#8220; animation_intensity_slide=&#8220;10%&#8220; animation_starting_opacity=&#8220;80%&#8220; border_radii=&#8220;on|10px|10px|10px|10px&#8220; box_shadow_style=&#8220;preset3&#8243; box_shadow_vertical=&#8220;31px&#8220; box_shadow_blur=&#8220;40px&#8220; box_shadow_color=&#8220;rgba(11,9,26,0.1)&#8220; locked=&#8220;off&#8220; global_colors_info=&#8220;{}&#8220; button_text_size__hover_enabled=&#8220;off&#8220; button_one_text_size__hover_enabled=&#8220;off&#8220; button_two_text_size__hover_enabled=&#8220;off&#8220; button_text_color__hover_enabled=&#8220;off&#8220; button_one_text_color__hover_enabled=&#8220;off&#8220; button_two_text_color__hover_enabled=&#8220;off&#8220; button_border_width__hover_enabled=&#8220;off&#8220; button_one_border_width__hover_enabled=&#8220;off&#8220; button_two_border_width__hover_enabled=&#8220;off&#8220; button_border_color__hover_enabled=&#8220;off&#8220; button_one_border_color__hover_enabled=&#8220;off&#8220; button_two_border_color__hover_enabled=&#8220;off&#8220; button_border_radius__hover_enabled=&#8220;off&#8220; button_one_border_radius__hover_enabled=&#8220;off&#8220; button_two_border_radius__hover_enabled=&#8220;off&#8220; button_letter_spacing__hover_enabled=&#8220;off&#8220; button_one_letter_spacing__hover_enabled=&#8220;off&#8220; button_two_letter_spacing__hover_enabled=&#8220;off&#8220; button_bg_color__hover_enabled=&#8220;off&#8220; button_one_bg_color__hover_enabled=&#8220;off&#8220; button_two_bg_color__hover_enabled=&#8220;off&#8220;]<\/p>\n<div class=\"et_pb_module et_pb_text et_pb_text_7 et_pb_text_align_left et_pb_bg_layout_light\">\n<div class=\"et_pb_text_inner\">\n<p><strong>Zielgruppe:<\/strong> Erwachsene Migrant:innen mit Sprachf\u00f6rderbedarf, die ihre Chancen auf dem Arbeitsmarkt verbessern m\u00f6chten<\/p>\n<p><strong>Inhaltliche Schwerpunkte der Ma\u00dfnahme: <\/strong><\/p>\n<ul>\n<li>Verbesserung der Deutschkenntnisse mit Zertifikaten (A1\u2013B2)<\/li>\n<li>Alphabetisierung bei Bedarf<\/li>\n<li>digitale Grundkompetenzen (Office, Internet)<\/li>\n<li>berufliche Kommunikation<\/li>\n<\/ul>\n<p>Anmeldung am Empfang in der Kurmainzer Strasse 6 in 65929 Frankfurt am Main<\/p>\n<p>(<strong>Montag-Donnerstag 9:00 bis 15 Uhr, Freitag 9:00 bis 13:00 Uhr)<\/strong><\/p>\n<p><strong>Kurszeiten:<\/strong>berufsbegleitend durch flexible Kurszeiten<\/p>\n<p><strong>Startm\u00f6glichkeiten f\u00fcr Teilnehmende:<\/strong> auf Anfrage, mehrfach im Jahr<\/p>\n<p><strong>Dauer der Ma\u00dfnahme:\u00a0<\/strong>6 bis 12 Monate<\/p>\n<p><strong>Flyer zum Angebot: <a href=\"https:\/\/frankfurter-arbeitsmarkt-forum.de\/wp-content\/uploads\/2025\/09\/BKDK.pdf\" target=\"_blank\" rel=\"attachment noopener wp-att-25989274\">Flyer_Berufliche Kommunikation &amp; Digitale Kompetenzen<\/a><\/strong><\/p>\n<\/div>\n<\/div>\n<p>[\/et_pb_cta][et_pb_button button_url=&#8220;@ET-DC@eyJkeW5hbWljIjp0cnVlLCJjb250ZW50IjoicG9zdF9saW5rX3VybF9wYWdlIiwic2V0dGluZ3MiOnsicG9zdF9pZCI6IjI1OTg5MDU0In19@&#8220; url_new_window=&#8220;on&#8220; button_text=&#8220;zur\u00fcck zur Suche&#8220; admin_label=&#8220;zur\u00fcck zur Suche&#8220; _builder_version=&#8220;4.27.4&#8243; _dynamic_attributes=&#8220;button_url&#8220; _module_preset=&#8220;default&#8220; custom_button=&#8220;on&#8220; button_text_size=&#8220;17px&#8220; button_text_color=&#8220;#FFFFFF&#8220; button_bg_color=&#8220;#E09900&#8243; button_border_color=&#8220;#E09900&#8243; button_border_radius=&#8220;14px&#8220; button_icon=&#8220;&#x40;||divi||400&#8243; button_icon_placement=&#8220;left&#8220; button_on_hover=&#8220;off&#8220; custom_margin=&#8220;|57px||57px|false|true&#8220; custom_padding=&#8220;||||false|false&#8220; locked=&#8220;off&#8220; global_colors_info=&#8220;{}&#8220;][\/et_pb_button][\/et_pb_column][\/et_pb_row][\/et_pb_section]<\/p>\n","protected":false},"excerpt":{"rendered":"<p>Deutschlernen &amp; digitale Grundkompetenzen erwerben Erwachsene zugewanderte Menschen, die ihr Deutsch verbessern m\u00f6chten.<div class=\"et_pb_module dipl_masonry_gallery dipl_masonry_gallery_0\">\n\t\t\t\t\n\t\t\t\t\n\t\t\t\t\n\t\t\t\t\n\t\t\t\t\n\t\t\t\t\n\t\t\t\t<div class=\"et_pb_module_inner\">\n\t\t\t\t\t<div class=\"dipl_masonry_gallery_wrapper\">\n\t\t\t\t<div class=\"dipl_masonry_gallery_item_gutter\"><\/div>\n\t\t\t\t<div class=\"dipl_masonry_gallery_item\">\n\t\t\t\t\t\t<div class=\"dipl_masonry_gallery_image_wrapper\"><img width=\"300\" height=\"213\" src=\"https:\/\/frankfurter-arbeitsmarkt-forum.de\/wp-content\/uploads\/2025\/06\/6-1-150x150-1-300x213.jpg\" class=\"attachment-medium size-medium no-lazyload skip-lazy\" alt=\"\" decoding=\"async\" loading=\"lazy\" \/> <\/div>\n\t\t\t\t\t\t\n\t\t\t\t\t<\/div>\n\t\t\t<\/div>\n\t\t\t\t<\/div>\n\t\t\t<\/div>Als AZAV-zertifizierter Bildungstr\u00e4ger qualifizieren wir Menschen zielgerichtet f\u00fcr den Erwerb anerkannter Berufsabschl\u00fcsse \u2013 durch Umschulungen, Teilqualifizierungen, Pr\u00fcfungsvorbereitung und den \u201eFrankfurter Weg zum Berufsabschluss\u201c. Seit \u00fcber zehn Jahren weisen wir eine hervorragende [&hellip;]<\/p>\n","protected":false},"author":2,"featured_media":25989748,"comment_status":"open","ping_status":"closed","template":"","meta":{"_et_pb_use_builder":"on","_et_pb_old_content":"","_et_gb_content_width":"","footnotes":""},"project_category":[145,55,144,112],"project_tag":[],"class_list":["post-25989299","project","type-project","status-publish","has-post-thumbnail","hentry","project_category-berufsorientierte-it-kompetenzen","project_category-deutschlernen","project_category-digitale-grundkompetenzen","project_category-digitale-kompetenzen"],"_links":{"self":[{"href":"https:\/\/frankfurter-arbeitsmarkt-forum.de\/index.php\/wp-json\/wp\/v2\/project\/25989299","targetHints":{"allow":["GET"]}}],"collection":[{"href":"https:\/\/frankfurter-arbeitsmarkt-forum.de\/index.php\/wp-json\/wp\/v2\/project"}],"about":[{"href":"https:\/\/frankfurter-arbeitsmarkt-forum.de\/index.php\/wp-json\/wp\/v2\/types\/project"}],"author":[{"embeddable":true,"href":"https:\/\/frankfurter-arbeitsmarkt-forum.de\/index.php\/wp-json\/wp\/v2\/users\/2"}],"replies":[{"embeddable":true,"href":"https:\/\/frankfurter-arbeitsmarkt-forum.de\/index.php\/wp-json\/wp\/v2\/comments?post=25989299"}],"version-history":[{"count":5,"href":"https:\/\/frankfurter-arbeitsmarkt-forum.de\/index.php\/wp-json\/wp\/v2\/project\/25989299\/revisions"}],"predecessor-version":[{"id":25990815,"href":"https:\/\/frankfurter-arbeitsmarkt-forum.de\/index.php\/wp-json\/wp\/v2\/project\/25989299\/revisions\/25990815"}],"wp:featuredmedia":[{"embeddable":true,"href":"https:\/\/frankfurter-arbeitsmarkt-forum.de\/index.php\/wp-json\/wp\/v2\/media\/25989748"}],"wp:attachment":[{"href":"https:\/\/frankfurter-arbeitsmarkt-forum.de\/index.php\/wp-json\/wp\/v2\/media?parent=25989299"}],"wp:term":[{"taxonomy":"project_category","embeddable":true,"href":"https:\/\/frankfurter-arbeitsmarkt-forum.de\/index.php\/wp-json\/wp\/v2\/project_category?post=25989299"},{"taxonomy":"project_tag","embeddable":true,"href":"https:\/\/frankfurter-arbeitsmarkt-forum.de\/index.php\/wp-json\/wp\/v2\/project_tag?post=25989299"}],"curies":[{"name":"wp","href":"https:\/\/api.w.org\/{rel}","templated":true}]}}