{"id":798,"date":"2025-07-07T12:04:25","date_gmt":"2025-07-07T12:04:25","guid":{"rendered":"https:\/\/frankfurter-arbeitsmarkt-forum.de\/?page_id=798"},"modified":"2025-12-10T17:47:00","modified_gmt":"2025-12-10T16:47:00","slug":"berrufsintegriertes-sprachlernen","status":"publish","type":"page","link":"https:\/\/frankfurter-arbeitsmarkt-forum.de\/index.php\/berrufsintegriertes-sprachlernen\/","title":{"rendered":"Berrufsintegriertes Sprachlernen"},"content":{"rendered":"<p>[et_pb_section fb_built=&#8220;1&#8243; disabled_on=&#8220;on|off|off&#8220; _builder_version=&#8220;4.27.4&#8243; _module_preset=&#8220;default&#8220; background_color=&#8220;#FFFFFF&#8220; background_enable_mask_style=&#8220;on&#8220; background_mask_style=&#8220;wave&#8220; background_mask_color=&#8220;gcid-036cd866-8991-4dee-af19-11b450332cb0&#8243; custom_padding=&#8220;24px||60px|||&#8220; background_last_edited=&#8220;on|phone&#8220; background_enable_mask_style_phone=&#8220;on&#8220; background_mask_style_phone=&#8220;diagonal-pills&#8220; locked=&#8220;off&#8220; global_colors_info=&#8220;{%22gcid-036cd866-8991-4dee-af19-11b450332cb0%22:%91%22background_mask_color%22%93}&#8220;][et_pb_row column_structure=&#8220;1_2,1_2&#8243; _builder_version=&#8220;4.23.2&#8243; _module_preset=&#8220;default&#8220; custom_css_main_element=&#8220;display: flex;||align-items: center;&#8220; locked=&#8220;off&#8220; global_colors_info=&#8220;{}&#8220; custom_css_main_element_last_edited=&#8220;on|tablet&#8220; custom_css_main_element_tablet=&#8220;display: flex;||flex-wrap: wrap;&#8220; custom_css_main_element_phone=&#8220;display: flex;||flex-wrap: wrap;&#8220;][et_pb_column type=&#8220;1_2&#8243; _builder_version=&#8220;4.23.2&#8243; _module_preset=&#8220;default&#8220; global_colors_info=&#8220;{}&#8220;][et_pb_code admin_label=&#8220;Custom CSS&#8220; _builder_version=&#8220;4.23.4&#8243; _module_preset=&#8220;default&#8220; custom_margin=&#8220;||0px||false|false&#8220; global_colors_info=&#8220;{}&#8220;]<\/p>\n<style><!-- [et_pb_line_break_holder] -->.dle-lp-46-testimonial .et_pb_slide_image {<!-- [et_pb_line_break_holder] -->    display: block !important;<!-- [et_pb_line_break_holder] -->    margin-top: 10px !important;<!-- [et_pb_line_break_holder] -->    position: relative;<!-- [et_pb_line_break_holder] -->    top: 0;<!-- [et_pb_line_break_holder] -->    width: 100%;<!-- [et_pb_line_break_holder] -->  }<!-- [et_pb_line_break_holder] -->  <!-- [et_pb_line_break_holder] -->.dle-lp-46-testimonial .et_pb_slide_description {<!-- [et_pb_line_break_holder] -->    display: flex;<!-- [et_pb_line_break_holder] -->    flex-direction: column-reverse;<!-- [et_pb_line_break_holder] -->    flex-wrap: wrap;<!-- [et_pb_line_break_holder] -->    justify-content: center;<!-- [et_pb_line_break_holder] -->    padding-top: 60px;<!-- [et_pb_line_break_holder] -->    padding-bottom: 80px;<!-- [et_pb_line_break_holder] -->    text-shadow: none;<!-- [et_pb_line_break_holder] -->    width: 100%;<!-- [et_pb_line_break_holder] -->  }<!-- [et_pb_line_break_holder] -->  <!-- [et_pb_line_break_holder] -->.dle-lp-46-testimonial .et_pb_slide_description .et_pb_slide_title {<!-- [et_pb_line_break_holder] -->    margin-top: 20px;<!-- [et_pb_line_break_holder] -->  }<!-- [et_pb_line_break_holder] -->  <!-- [et_pb_line_break_holder] -->.dle-lp-46-testimonial .et_pb_slide_content:before {<!-- [et_pb_line_break_holder] -->    content: '7b';<!-- [et_pb_line_break_holder] -->    color: #999999;<!-- [et_pb_line_break_holder] -->    font-family: ETmodules;<!-- [et_pb_line_break_holder] -->    font-size: 40px;<!-- [et_pb_line_break_holder] -->    left: 50%;<!-- [et_pb_line_break_holder] -->    margin-left: -15px;<!-- [et_pb_line_break_holder] -->    position: absolute;<!-- [et_pb_line_break_holder] -->    top: 20px;<!-- [et_pb_line_break_holder] -->    transform: rotate(<!-- [et_pb_line_break_holder] -->180deg);<!-- [et_pb_line_break_holder] -->    transition: all 0.5s;<!-- [et_pb_line_break_holder] -->}<!-- [et_pb_line_break_holder] -->  <!-- [et_pb_line_break_holder] -->.dle-lp-46-subscribe-form p.et_pb_newsletter_field {<!-- [et_pb_line_break_holder] -->    flex-basis: 68%!important;<!-- [et_pb_line_break_holder] -->}<!-- [et_pb_line_break_holder] --><!-- [et_pb_line_break_holder] -->.dle-lp-46-subscribe-form  p.et_pb_newsletter_button_wrap {<!-- [et_pb_line_break_holder] -->    flex-basis: 30%;<!-- [et_pb_line_break_holder] -->}<!-- [et_pb_line_break_holder] --><!-- [et_pb_line_break_holder] -->@media(max-width: 767px) {<!-- [et_pb_line_break_holder] -->  .dle-lp-46-subscribe-form  p.et_pb_newsletter_button_wrap,<!-- [et_pb_line_break_holder] -->  .dle-lp-46-subscribe-form p.et_pb_newsletter_field {<!-- [et_pb_line_break_holder] -->    flex-basis: 100%!important;<!-- [et_pb_line_break_holder] -->   }    <!-- [et_pb_line_break_holder] -->  }<!-- [et_pb_line_break_holder] --><\/style>\n<p>[\/et_pb_code][et_pb_text admin_label=&#8220;Elevate Your Brand Beyond Limits&#8220; _builder_version=&#8220;4.27.4&#8243; _module_preset=&#8220;default&#8220; header_font=&#8220;|700|||||||&#8220; header_font_size=&#8220;55px&#8220; header_line_height=&#8220;1.3em&#8220; custom_margin=&#8220;||20px||false|false&#8220; custom_margin_tablet=&#8220;||15px||false|false&#8220; custom_margin_phone=&#8220;||15px||false|false&#8220; custom_margin_last_edited=&#8220;on|phone&#8220; custom_padding=&#8220;|||0px|false|false&#8220; header_font_size_tablet=&#8220;42px&#8220; header_font_size_phone=&#8220;32px&#8220; header_font_size_last_edited=&#8220;on|phone&#8220; global_colors_info=&#8220;{}&#8220;]<\/p>\n<h1 data-start=\"246\" data-end=\"310\"><strong>FaberiS\u00ae: Sprachlernen in der Arbeitswelt \u2013 direkt integriert<\/strong><\/h1>\n<p>[\/et_pb_text][\/et_pb_column][et_pb_column type=&#8220;1_2&#8243; _builder_version=&#8220;4.23.2&#8243; _module_preset=&#8220;default&#8220; global_colors_info=&#8220;{}&#8220;][et_pb_image src=&#8220;https:\/\/frankfurter-arbeitsmarkt-forum.de\/wp-content\/uploads\/2025\/10\/FaberiS_Logo_RGB_Hintergr.transparent.png&#8220; title_text=&#8220;FaberiS_Logo_RGB_Hintergr.transparent&#8220; show_bottom_space=&#8220;off&#8220; _builder_version=&#8220;4.27.4&#8243; _module_preset=&#8220;default&#8220; width=&#8220;55%&#8220; width_tablet=&#8220;48%&#8220; width_phone=&#8220;41%&#8220; width_last_edited=&#8220;on|phone&#8220; custom_padding=&#8220;|0px|||false|false&#8220; hover_enabled=&#8220;0&#8243; global_colors_info=&#8220;{}&#8220; sticky_enabled=&#8220;0&#8243;][\/et_pb_image][\/et_pb_column][\/et_pb_row][\/et_pb_section][et_pb_section fb_built=&#8220;1&#8243; disabled_on=&#8220;off|on|on&#8220; _builder_version=&#8220;4.27.4&#8243; _module_preset=&#8220;default&#8220; background_color=&#8220;#FFFFFF&#8220; custom_padding=&#8220;24px||60px|||&#8220; background_last_edited=&#8220;on|phone&#8220; background_enable_mask_style_phone=&#8220;on&#8220; background_mask_style_phone=&#8220;diagonal-pills&#8220; locked=&#8220;off&#8220; global_colors_info=&#8220;{%22gcid-036cd866-8991-4dee-af19-11b450332cb0%22:%91%22background_mask_color%22%93}&#8220;][et_pb_row column_structure=&#8220;1_2,1_2&#8243; _builder_version=&#8220;4.23.2&#8243; _module_preset=&#8220;default&#8220; custom_css_main_element=&#8220;display: flex;||align-items: center;&#8220; locked=&#8220;off&#8220; global_colors_info=&#8220;{}&#8220; custom_css_main_element_last_edited=&#8220;on|tablet&#8220; custom_css_main_element_tablet=&#8220;display: flex;||flex-wrap: wrap;&#8220; custom_css_main_element_phone=&#8220;display: flex;||flex-wrap: wrap;&#8220;][et_pb_column type=&#8220;1_2&#8243; _builder_version=&#8220;4.23.2&#8243; _module_preset=&#8220;default&#8220; global_colors_info=&#8220;{}&#8220;][et_pb_code admin_label=&#8220;Custom CSS&#8220; _builder_version=&#8220;4.23.4&#8243; _module_preset=&#8220;default&#8220; custom_margin=&#8220;||0px||false|false&#8220; global_colors_info=&#8220;{}&#8220;]<\/p>\n<style><!-- [et_pb_line_break_holder] -->.dle-lp-46-testimonial .et_pb_slide_image {<!-- [et_pb_line_break_holder] -->    display: block !important;<!-- [et_pb_line_break_holder] -->    margin-top: 10px !important;<!-- [et_pb_line_break_holder] -->    position: relative;<!-- [et_pb_line_break_holder] -->    top: 0;<!-- [et_pb_line_break_holder] -->    width: 100%;<!-- [et_pb_line_break_holder] -->  }<!-- [et_pb_line_break_holder] -->  <!-- [et_pb_line_break_holder] -->.dle-lp-46-testimonial .et_pb_slide_description {<!-- [et_pb_line_break_holder] -->    display: flex;<!-- [et_pb_line_break_holder] -->    flex-direction: column-reverse;<!-- [et_pb_line_break_holder] -->    flex-wrap: wrap;<!-- [et_pb_line_break_holder] -->    justify-content: center;<!-- [et_pb_line_break_holder] -->    padding-top: 60px;<!-- [et_pb_line_break_holder] -->    padding-bottom: 80px;<!-- [et_pb_line_break_holder] -->    text-shadow: none;<!-- [et_pb_line_break_holder] -->    width: 100%;<!-- [et_pb_line_break_holder] -->  }<!-- [et_pb_line_break_holder] -->  <!-- [et_pb_line_break_holder] -->.dle-lp-46-testimonial .et_pb_slide_description .et_pb_slide_title {<!-- [et_pb_line_break_holder] -->    margin-top: 20px;<!-- [et_pb_line_break_holder] -->  }<!-- [et_pb_line_break_holder] -->  <!-- [et_pb_line_break_holder] -->.dle-lp-46-testimonial .et_pb_slide_content:before {<!-- [et_pb_line_break_holder] -->    content: '7b';<!-- [et_pb_line_break_holder] -->    color: #999999;<!-- [et_pb_line_break_holder] -->    font-family: ETmodules;<!-- [et_pb_line_break_holder] -->    font-size: 40px;<!-- [et_pb_line_break_holder] -->    left: 50%;<!-- [et_pb_line_break_holder] -->    margin-left: -15px;<!-- [et_pb_line_break_holder] -->    position: absolute;<!-- [et_pb_line_break_holder] -->    top: 20px;<!-- [et_pb_line_break_holder] -->    transform: rotate(<!-- [et_pb_line_break_holder] -->180deg);<!-- [et_pb_line_break_holder] -->    transition: all 0.5s;<!-- [et_pb_line_break_holder] -->}<!-- [et_pb_line_break_holder] -->  <!-- [et_pb_line_break_holder] -->.dle-lp-46-subscribe-form p.et_pb_newsletter_field {<!-- [et_pb_line_break_holder] -->    flex-basis: 68%!important;<!-- [et_pb_line_break_holder] -->}<!-- [et_pb_line_break_holder] --><!-- [et_pb_line_break_holder] -->.dle-lp-46-subscribe-form  p.et_pb_newsletter_button_wrap {<!-- [et_pb_line_break_holder] -->    flex-basis: 30%;<!-- [et_pb_line_break_holder] -->}<!-- [et_pb_line_break_holder] --><!-- [et_pb_line_break_holder] -->@media(max-width: 767px) {<!-- [et_pb_line_break_holder] -->  .dle-lp-46-subscribe-form  p.et_pb_newsletter_button_wrap,<!-- [et_pb_line_break_holder] -->  .dle-lp-46-subscribe-form p.et_pb_newsletter_field {<!-- [et_pb_line_break_holder] -->    flex-basis: 100%!important;<!-- [et_pb_line_break_holder] -->   }    <!-- [et_pb_line_break_holder] -->  }<!-- [et_pb_line_break_holder] --><\/style>\n<p>[\/et_pb_code][et_pb_text admin_label=&#8220;Elevate Your Brand Beyond Limits&#8220; _builder_version=&#8220;4.27.4&#8243; _module_preset=&#8220;default&#8220; header_font=&#8220;|700|||||||&#8220; header_font_size=&#8220;55px&#8220; header_line_height=&#8220;1.3em&#8220; custom_margin=&#8220;||20px||false|false&#8220; custom_margin_tablet=&#8220;||15px||false|false&#8220; custom_margin_phone=&#8220;||15px||false|false&#8220; custom_margin_last_edited=&#8220;on|phone&#8220; custom_padding=&#8220;|||0px|false|false&#8220; header_font_size_tablet=&#8220;42px&#8220; header_font_size_phone=&#8220;32px&#8220; header_font_size_last_edited=&#8220;on|phone&#8220; global_colors_info=&#8220;{}&#8220;]<\/p>\n<h1 data-start=\"246\" data-end=\"310\"><strong>FaberiS\u00ae: Sprachlernen in der Arbeitswelt \u2013 direkt integriert<\/strong><\/h1>\n<p>[\/et_pb_text][\/et_pb_column][et_pb_column type=&#8220;1_2&#8243; _builder_version=&#8220;4.23.2&#8243; _module_preset=&#8220;default&#8220; global_colors_info=&#8220;{}&#8220;][et_pb_image src=&#8220;https:\/\/frankfurter-arbeitsmarkt-forum.de\/wp-content\/uploads\/2025\/10\/FaberiS_Logo_RGB_Hintergr.transparent.png&#8220; title_text=&#8220;FaberiS_Logo_RGB_Hintergr.transparent&#8220; show_bottom_space=&#8220;off&#8220; _builder_version=&#8220;4.27.4&#8243; _module_preset=&#8220;default&#8220; width=&#8220;65%&#8220; width_tablet=&#8220;48%&#8220; width_phone=&#8220;41%&#8220; width_last_edited=&#8220;on|phone&#8220; custom_padding=&#8220;|0px|||false|false&#8220; global_colors_info=&#8220;{}&#8220;][\/et_pb_image][\/et_pb_column][\/et_pb_row][\/et_pb_section][et_pb_section fb_built=&#8220;1&#8243; _builder_version=&#8220;4.27.4&#8243; _module_preset=&#8220;default&#8220; custom_padding=&#8220;36px|||||&#8220; global_colors_info=&#8220;{}&#8220;][et_pb_row _builder_version=&#8220;4.27.4&#8243; _module_preset=&#8220;default&#8220; custom_padding=&#8220;20px|0px|20px|0px|true|true&#8220; global_colors_info=&#8220;{}&#8220;][et_pb_column type=&#8220;4_4&#8243; _builder_version=&#8220;4.27.4&#8243; _module_preset=&#8220;default&#8220; global_colors_info=&#8220;{}&#8220;][et_pb_text _builder_version=&#8220;4.27.4&#8243; _module_preset=&#8220;default&#8220; text_font_size=&#8220;17px&#8220; global_colors_info=&#8220;{}&#8220;]<\/p>\n<section class=\"basic\">\n<h3 data-start=\"312\" data-end=\"585\"><strong data-start=\"312\" data-end=\"397\">Sie arbeiten mit einer internationalen Belegschaft oder besch\u00e4ftigen Gefl\u00fcchtete?<\/strong><\/h3>\n<p data-start=\"312\" data-end=\"585\">Dann wissen Sie: Sprachbarrieren geh\u00f6ren zu den h\u00e4ufigsten Herausforderungen im betrieblichen Alltag. Genau hier setzt das <strong data-start=\"523\" data-end=\"581\">FaberiS\u00ae-Verfahren f\u00fcr Berufsintegriertes Sprachlernen<\/strong> an.<\/p>\n<h3 data-start=\"587\" data-end=\"608\"><strong>Was ist FaberiS\u00ae?<\/strong><\/h3>\n<p data-start=\"610\" data-end=\"846\">FaberiS\u00ae ist ein innovativer Ansatz zur Sprachbildung am Arbeitsplatz. Unternehmen k\u00f6nnen das Potenzial von mehrsprachigen Mitarbeitenden gezielter f\u00f6rdern und bislang unerschlossene Personalressourcen nachhaltig aktivieren.<\/p>\n<p data-start=\"848\" data-end=\"1002\">Im Zentrum steht die Verzahnung von Sprachf\u00f6rderung mit den realen Arbeits- und Ausbildungsprozessen \u2013 direkt dort, wo Sprache gebraucht wird: im Betrieb.<\/p>\n<h3 data-start=\"1004\" data-end=\"1035\"><\/h3>\n<h3 data-start=\"1004\" data-end=\"1035\"><strong>Ihre Vorteile mit FaberiS\u00ae:<\/strong><\/h3>\n<ul data-start=\"1037\" data-end=\"1556\">\n<li data-start=\"1037\" data-end=\"1174\">\n<p data-start=\"1039\" data-end=\"1174\"><strong data-start=\"1039\" data-end=\"1072\">Verst\u00e4ndliche Arbeitsprozesse<\/strong> \u2013 vom Onboarding \u00fcber interne Qualifizierung bis zu komplexen Aufgaben \u2013 unabh\u00e4ngig vom Sprachniveau.<\/p>\n<\/li>\n<li data-start=\"1175\" data-end=\"1252\">\n<p data-start=\"1177\" data-end=\"1252\"><strong data-start=\"1177\" data-end=\"1222\">Geringere Abbruchquoten in der Ausbildung<\/strong> durch Abbau von Sprachh\u00fcrden.<\/p>\n<\/li>\n<li data-start=\"1253\" data-end=\"1329\">\n<p data-start=\"1255\" data-end=\"1329\"><strong data-start=\"1255\" data-end=\"1294\">H\u00f6herqualifizierung f\u00fcr Hilfskr\u00e4fte<\/strong> mit begrenzten Deutschkenntnissen.<\/p>\n<\/li>\n<li data-start=\"1330\" data-end=\"1396\">\n<p data-start=\"1332\" data-end=\"1396\"><strong data-start=\"1332\" data-end=\"1371\">Interkulturelle Handlungssicherheit<\/strong> im betrieblichen Alltag.<\/p>\n<\/li>\n<li data-start=\"1397\" data-end=\"1479\">\n<p data-start=\"1399\" data-end=\"1479\"><strong data-start=\"1399\" data-end=\"1427\">Gezielte Sprachf\u00f6rderung<\/strong> f\u00fcr ausl\u00e4ndische Fachkr\u00e4fte direkt am Arbeitsplatz.<\/p>\n<\/li>\n<li data-start=\"1480\" data-end=\"1556\">\n<p data-start=\"1482\" data-end=\"1556\"><strong data-start=\"1482\" data-end=\"1527\">Effektive Einbindung von Mehrsprachigkeit<\/strong> in die Unternehmensleistung.<\/p>\n<\/li>\n<\/ul>\n<h3 data-start=\"1558\" data-end=\"1595\"><\/h3>\n<h3 data-start=\"1558\" data-end=\"1595\"><strong>F\u00fcr wen ist das Angebot geeignet?<\/strong><\/h3>\n<ul data-start=\"1597\" data-end=\"1874\">\n<li data-start=\"1597\" data-end=\"1665\">\n<p data-start=\"1599\" data-end=\"1665\">Unternehmen mit internationalen Teams oder hohem Fachkr\u00e4ftebedarf.<\/p>\n<\/li>\n<li data-start=\"1666\" data-end=\"1743\">\n<p data-start=\"1668\" data-end=\"1743\">Ausbildungsbetriebe, die junge Zugewanderte oder Gefl\u00fcchtete qualifizieren.<\/p>\n<\/li>\n<li data-start=\"1744\" data-end=\"1874\">\n<p data-start=\"1746\" data-end=\"1874\">Personalverantwortliche, Ausbildende oder QM-Verantwortliche, die nachhaltige L\u00f6sungen f\u00fcr Sprach- und Verst\u00e4ndnish\u00fcrden suchen.<\/p>\n<\/li>\n<\/ul>\n<h3 data-start=\"1876\" data-end=\"1901\"><\/h3>\n<h3 data-start=\"1876\" data-end=\"1901\"><strong>Beratung &amp; Begleitung<\/strong><\/h3>\n<p data-start=\"1903\" data-end=\"2101\">Wir unterst\u00fctzen Sie bei der strategischen Gestaltung von Arbeits- und Ausbildungsprozessen in mehrsprachigen Teams.<br data-start=\"2019\" data-end=\"2022\" \/><strong data-start=\"2022\" data-end=\"2101\">FaberiS\u00ae ist praxisnah, wirksam und anschlussf\u00e4hig \u2013 auch in Ihrem Betrieb.<\/strong><\/p>\n<p data-start=\"2103\" data-end=\"2183\">\ud83d\udcde <strong data-start=\"2106\" data-end=\"2136\">Kontaktieren Sie uns gern:<\/strong><br data-start=\"2136\" data-end=\"2139\" \/>Tel: 069\u202f680\u202f97\u202f\u2013\u202f207<br data-start=\"2160\" data-end=\"2163\" \/>\ud83d\udce7 <a class=\"cursor-pointer\" rel=\"noopener\" data-start=\"2166\" data-end=\"2181\">info@faberis.de<\/a><\/p>\n<p data-start=\"2185\" data-end=\"2236\">Mehr unter <a class=\"\" href=\"https:\/\/www.faberis.de\" target=\"_new\" rel=\"noopener\" data-start=\"2196\" data-end=\"2236\">www.faberis.de<\/a><\/p>\n<\/section>\n<p>[\/et_pb_text][\/et_pb_column][\/et_pb_row][\/et_pb_section][et_pb_section fb_built=&#8220;1&#8243; _builder_version=&#8220;4.27.4&#8243; _module_preset=&#8220;default&#8220; custom_padding=&#8220;28px|||||&#8220; global_colors_info=&#8220;{}&#8220;][et_pb_row _builder_version=&#8220;4.27.4&#8243; _module_preset=&#8220;default&#8220; global_colors_info=&#8220;{}&#8220;][et_pb_column type=&#8220;4_4&#8243; _builder_version=&#8220;4.27.4&#8243; _module_preset=&#8220;default&#8220; global_colors_info=&#8220;{}&#8220;][et_pb_text _builder_version=&#8220;4.27.4&#8243; _module_preset=&#8220;default&#8220; header_text_color=&#8220;#FFFFFF&#8220; background_color=&#8220;#E09900&#8243; width=&#8220;100%&#8220; custom_padding=&#8220;10px|15px|10px|15px|true|true&#8220; border_radii=&#8220;off||||19px&#8220; global_colors_info=&#8220;{}&#8220;]<\/p>\n<h1><strong>Berichte aus der Praxis<\/strong><\/h1>\n<p>[\/et_pb_text][\/et_pb_column][\/et_pb_row][et_pb_row column_structure=&#8220;3_5,2_5&#8243; _builder_version=&#8220;4.27.4&#8243; _module_preset=&#8220;default&#8220; custom_margin=&#8220;||||false|false&#8220; custom_padding=&#8220;|15px||15px|false|true&#8220; global_colors_info=&#8220;{}&#8220;][et_pb_column type=&#8220;3_5&#8243; _builder_version=&#8220;4.27.4&#8243; _module_preset=&#8220;default&#8220; global_colors_info=&#8220;{}&#8220;][et_pb_video src=&#8220;https:\/\/youtu.be\/-UG2hvrIGZ0?si=eOJJWwIAMD0bJTl7&#8243; _builder_version=&#8220;4.27.4&#8243; _module_preset=&#8220;default&#8220; custom_margin=&#8220;|||1px|false|false&#8220; global_colors_info=&#8220;{}&#8220;][\/et_pb_video][\/et_pb_column][et_pb_column type=&#8220;2_5&#8243; _builder_version=&#8220;4.27.4&#8243; _module_preset=&#8220;default&#8220; global_colors_info=&#8220;{}&#8220;][et_pb_text _builder_version=&#8220;4.27.4&#8243; _module_preset=&#8220;default&#8220; text_font_size=&#8220;17px&#8220; custom_padding=&#8220;|16px||16px|false|true&#8220; global_colors_info=&#8220;{}&#8220;]<\/p>\n<p>Wie kann die integrierte Sprachf\u00f6rderung in unserem Betrieb umgesetzt werden? Welche Ans\u00e4tze, welche Methoden sind wann sinnvoll? Welche Arbeitsmaterialien sind hilfreich? Wie k\u00f6nnen die sprachlichen Lernprozesse ausgewertet werden?<br \/>FaberiS begleitet Tr\u00e4ger des Frankfurter Arbeitsmarktprogramms \u00dc 25 dabei, diese und andere Fragen zur Qualit\u00e4tsentwicklung zu beantworten. Gemeinsam werden je nach Betriebsstruktur, Rahmenbedingungen und Qualifizierungsangebot die besonderen Merkmale f\u00fcr die Umsetzung der berufsintegrierten Sprachf\u00f6rderung herausgearbeitet. So werden Qualit\u00e4t und Wirkung der integrierten Sprachf\u00f6rderung sichtbar gemacht und k\u00f6nnen beschrieben und sicher gestellt werden.<\/p>\n<p>[\/et_pb_text][\/et_pb_column][\/et_pb_row][\/et_pb_section][et_pb_section fb_built=&#8220;1&#8243; _builder_version=&#8220;4.27.4&#8243; _module_preset=&#8220;default&#8220; global_colors_info=&#8220;{}&#8220;][et_pb_row _builder_version=&#8220;4.27.4&#8243; _module_preset=&#8220;default&#8220; global_colors_info=&#8220;{}&#8220;][et_pb_column type=&#8220;4_4&#8243; _builder_version=&#8220;4.27.4&#8243; _module_preset=&#8220;default&#8220; global_colors_info=&#8220;{}&#8220;][et_pb_text _builder_version=&#8220;4.27.4&#8243; _module_preset=&#8220;default&#8220; header_text_color=&#8220;gcid-heading-color&#8220; background_color=&#8220;#FFFFFF&#8220; width=&#8220;100%&#8220; custom_padding=&#8220;10px|15px|10px|15px|true|true&#8220; border_radii=&#8220;off||||19px&#8220; border_width_all=&#8220;2px&#8220; global_colors_info=&#8220;{%22gcid-heading-color%22:%91%22header_text_color%22%93}&#8220;]<\/p>\n<h1><strong>Weiterf\u00fchrende Links<\/strong><\/h1>\n<p>[\/et_pb_text][\/et_pb_column][\/et_pb_row][et_pb_row column_structure=&#8220;1_3,1_3,1_3&#8243; use_custom_gutter=&#8220;on&#8220; make_equal=&#8220;on&#8220; _builder_version=&#8220;4.27.4&#8243; _module_preset=&#8220;default&#8220; width=&#8220;89%&#8220; module_alignment=&#8220;center&#8220; custom_margin=&#8220;|1070px||auto||&#8220; custom_padding=&#8220;||32px|18px|false|false&#8220; global_colors_info=&#8220;{}&#8220;][et_pb_column type=&#8220;1_3&#8243; _builder_version=&#8220;4.27.4&#8243; _module_preset=&#8220;default&#8220; global_colors_info=&#8220;{}&#8220;][et_pb_button button_url=&#8220;https:\/\/faberis.de\/online-fortbildung-sfk\/&#8220; url_new_window=&#8220;on&#8220; button_text=&#8220;Online Fortbildungen &#8220; _builder_version=&#8220;4.27.4&#8243; _module_preset=&#8220;default&#8220; custom_button=&#8220;on&#8220; button_text_color=&#8220;gcid-heading-color&#8220; button_bg_color=&#8220;#FFFFFF&#8220; button_border_color=&#8220;gcid-heading-color&#8220; button_border_radius=&#8220;14px&#8220; global_colors_info=&#8220;{%22gcid-heading-color%22:%91%22button_text_color%22,%22button_border_color%22%93}&#8220;][\/et_pb_button][et_pb_button button_url=&#8220;https:\/\/faberis.de\/publikationen\/&#8220; url_new_window=&#8220;on&#8220; button_text=&#8220;Publikationen&#8220; _builder_version=&#8220;4.27.4&#8243; _module_preset=&#8220;default&#8220; custom_button=&#8220;on&#8220; button_text_color=&#8220;gcid-heading-color&#8220; button_bg_color=&#8220;#FFFFFF&#8220; button_border_color=&#8220;gcid-heading-color&#8220; button_border_radius=&#8220;14px&#8220; global_colors_info=&#8220;{%22gcid-heading-color%22:%91%22button_text_color%22,%22button_border_color%22,%22button_bg_color%22,%22button_bg_color%22,%22button_border_color%22%93}&#8220;][\/et_pb_button][\/et_pb_column][et_pb_column type=&#8220;1_3&#8243; _builder_version=&#8220;4.27.4&#8243; _module_preset=&#8220;default&#8220; global_colors_info=&#8220;{}&#8220;][et_pb_button button_url=&#8220;https:\/\/faberis.de\/berufsintegriertes-sprachlernen\/&#8220; url_new_window=&#8220;on&#8220; button_text=&#8220;Berufsintegriertes Sprachlernen&#8220; _builder_version=&#8220;4.27.4&#8243; _module_preset=&#8220;default&#8220; custom_button=&#8220;on&#8220; button_text_color=&#8220;gcid-heading-color&#8220; button_bg_color=&#8220;#FFFFFF&#8220; button_border_color=&#8220;gcid-heading-color&#8220; button_border_radius=&#8220;14px&#8220; locked=&#8220;off&#8220; global_colors_info=&#8220;{%22gcid-heading-color%22:%91%22button_text_color%22,%22button_border_color%22,%22button_bg_color%22,%22button_bg_color%22,%22button_border_color%22%93}&#8220;][\/et_pb_button][\/et_pb_column][et_pb_column type=&#8220;1_3&#8243; _builder_version=&#8220;4.27.4&#8243; _module_preset=&#8220;default&#8220; global_colors_info=&#8220;{}&#8220;][et_pb_button button_url=&#8220;https:\/\/faberis.de\/fuer-unternehmen\/&#8220; url_new_window=&#8220;on&#8220; button_text=&#8220;Sprachbildung im Arbeitsalltag&#8220; _builder_version=&#8220;4.27.4&#8243; _module_preset=&#8220;default&#8220; custom_button=&#8220;on&#8220; button_text_color=&#8220;gcid-heading-color&#8220; button_bg_color=&#8220;#FFFFFF&#8220; button_border_color=&#8220;gcid-heading-color&#8220; button_border_radius=&#8220;14px&#8220; locked=&#8220;off&#8220; global_colors_info=&#8220;{%22gcid-heading-color%22:%91%22button_text_color%22,%22button_border_color%22,%22button_bg_color%22,%22button_bg_color%22,%22button_border_color%22%93}&#8220;][\/et_pb_button][\/et_pb_column][\/et_pb_row][\/et_pb_section]<\/p>\n","protected":false},"excerpt":{"rendered":"<p>FaberiS\u00ae: Sprachlernen in der Arbeitswelt \u2013 direkt integriertFaberiS\u00ae: Sprachlernen in der Arbeitswelt \u2013 direkt integriert Sie arbeiten mit einer internationalen Belegschaft oder besch\u00e4ftigen Gefl\u00fcchtete? Dann wissen Sie: Sprachbarrieren geh\u00f6ren zu den h\u00e4ufigsten Herausforderungen im betrieblichen Alltag. Genau hier setzt das FaberiS\u00ae-Verfahren f\u00fcr Berufsintegriertes Sprachlernen an. Was ist FaberiS\u00ae? FaberiS\u00ae ist ein innovativer Ansatz zur Sprachbildung [&hellip;]<\/p>\n","protected":false},"author":2,"featured_media":0,"parent":0,"menu_order":0,"comment_status":"closed","ping_status":"closed","template":"","meta":{"_et_pb_use_builder":"on","_et_pb_old_content":"","_et_gb_content_width":"","footnotes":""},"dipi_cpt_category":[],"class_list":["post-798","page","type-page","status-publish","hentry"],"_links":{"self":[{"href":"https:\/\/frankfurter-arbeitsmarkt-forum.de\/index.php\/wp-json\/wp\/v2\/pages\/798","targetHints":{"allow":["GET"]}}],"collection":[{"href":"https:\/\/frankfurter-arbeitsmarkt-forum.de\/index.php\/wp-json\/wp\/v2\/pages"}],"about":[{"href":"https:\/\/frankfurter-arbeitsmarkt-forum.de\/index.php\/wp-json\/wp\/v2\/types\/page"}],"author":[{"embeddable":true,"href":"https:\/\/frankfurter-arbeitsmarkt-forum.de\/index.php\/wp-json\/wp\/v2\/users\/2"}],"replies":[{"embeddable":true,"href":"https:\/\/frankfurter-arbeitsmarkt-forum.de\/index.php\/wp-json\/wp\/v2\/comments?post=798"}],"version-history":[{"count":10,"href":"https:\/\/frankfurter-arbeitsmarkt-forum.de\/index.php\/wp-json\/wp\/v2\/pages\/798\/revisions"}],"predecessor-version":[{"id":25990704,"href":"https:\/\/frankfurter-arbeitsmarkt-forum.de\/index.php\/wp-json\/wp\/v2\/pages\/798\/revisions\/25990704"}],"wp:attachment":[{"href":"https:\/\/frankfurter-arbeitsmarkt-forum.de\/index.php\/wp-json\/wp\/v2\/media?parent=798"}],"wp:term":[{"taxonomy":"dipi_cpt_category","embeddable":true,"href":"https:\/\/frankfurter-arbeitsmarkt-forum.de\/index.php\/wp-json\/wp\/v2\/dipi_cpt_category?post=798"}],"curies":[{"name":"wp","href":"https:\/\/api.w.org\/{rel}","templated":true}]}}