{"id":280,"date":"2024-07-09T11:40:35","date_gmt":"2024-07-09T11:40:35","guid":{"rendered":"https:\/\/frankfurter-arbeitsmarkt-forum.de\/?page_id=280"},"modified":"2025-12-11T16:42:59","modified_gmt":"2025-12-11T15:42:59","slug":"datenschutz","status":"publish","type":"page","link":"https:\/\/frankfurter-arbeitsmarkt-forum.de\/index.php\/datenschutz\/","title":{"rendered":"Datenschutz"},"content":{"rendered":"<p>[et_pb_section fb_built=&#8220;1&#8243; _builder_version=&#8220;4.25.2&#8243; _module_preset=&#8220;default&#8220; global_colors_info=&#8220;{}&#8220;][et_pb_row _builder_version=&#8220;4.25.2&#8243; _module_preset=&#8220;default&#8220; custom_padding=&#8220;30px||||false|false&#8220; global_colors_info=&#8220;{}&#8220;][et_pb_column type=&#8220;4_4&#8243; _builder_version=&#8220;4.25.2&#8243; _module_preset=&#8220;default&#8220; global_colors_info=&#8220;{}&#8220;][et_pb_text _builder_version=&#8220;4.25.2&#8243; _module_preset=&#8220;default&#8220; header_3_font=&#8220;|700||on|||||&#8220; header_3_text_color=&#8220;gcid-primary-color&#8220; hover_enabled=&#8220;0&#8243; global_colors_info=&#8220;{%22gcid-heading-color%22:%91%22text_text_color%22%93,%22gcid-primary-color%22:%91%22header_3_text_color%22%93}&#8220; text_text_color=&#8220;gcid-heading-color&#8220; header_text_color=&#8220;#000000&#8243; sticky_enabled=&#8220;0&#8243;]<\/p>\n<h1>Datenschutzerkl\u00e4rung nach der DSGVO<\/h1>\n<p>Der Verantwortliche im Sinne der EU-Datenschutz-Grundverordnung (DSGVO) und anderer nationaler Datenschutzgesetze der Mitgliedsstaaten sowie sonstiger datenschutzrechtlicher Bestimmungen ist die:<\/p>\n<p>FRAP Agentur \u2013 gemeinn\u00fctzige Gesellschaft f\u00fcr das Frankfurter Arbeitsmarktprogramm mbH<\/p>\n<p>Amtsgericht Frankfurt am Main HRB 56129<\/p>\n<p>Gesch\u00e4ftsf\u00fchrerin: Heise Anita<br \/>Vilbeler Str. 29<br \/>60313 Frankfurt am Main<br \/>Telefon: 069-68097-103<br \/>E-Mail: <u><a href=\"mailto:info@frap-agentur.de\">info@frap-agentur.de<\/a><\/u><\/p>\n<p>Die Datenschutzbeauftragte des Verantwortlichen ist:<br \/>Dilek Akkaya<br \/>E-Mail: <u><a href=\"mailto:datenschutz@frap-agentur.de\">datenschutz@frap-agentur.de<\/a><\/u><\/p>\n<h3>1. Allgemeines zur Datenverarbeitung<\/h3>\n<p>Wir verarbeiten personenbezogene Daten unserer Nutzer grunds\u00e4tzlich nur, soweit dies zur Bereitstellung einer funktionsf\u00e4higen Website sowie unserer Inhalte und Leistungen erforderlich ist.<\/p>\n<p>Um die Sicherheit Ihrer Daten bei der \u00dcbertragung zu sch\u00fctzen verwenden wir dem aktuellen Stand der Technik entsprechende Verschl\u00fcsselungsverfahren (z.B. SSL) \u00fcber HTTPS.<\/p>\n<p>Soweit wir f\u00fcr Verarbeitungsvorg\u00e4nge personenbezogener Daten eine Einwilligung der betroffenen Person einholen, dient Art. 6 Abs. 1 lit. a DSGVO als Rechtsgrundlage.<\/p>\n<p>Bei der Verarbeitung von personenbezogenen Daten, die zur Erf\u00fcllung eines Vertrages, dessen Vertragspartei die betroffene Person ist, erforderlich ist, dient Art. 6 Abs. 1 lit. b DSGVO als Rechtsgrundlage. Dies gilt auch f\u00fcr Verarbeitungsvorg\u00e4nge, die zur Durchf\u00fchrung vorvertraglicher Ma\u00dfnahmen erforderlich sind.<\/p>\n<p>Soweit eine Verarbeitung personenbezogener Daten zur Erf\u00fcllung einer rechtlichen Verpflichtung erforderlich ist, der unser Unternehmen unterliegt, dient Art. 6 Abs. 1 lit. c DSGVO als Rechtsgrundlage.<\/p>\n<p>F\u00fcr den Fall, dass lebenswichtige Interessen der betroffenen Person oder einer anderen nat\u00fcrlichen Person eine Verarbeitung personenbezogener Daten erforderlich machen, dient Art. 6 Abs. 1 lit. d DSGVO als Rechtsgrundlage.<\/p>\n<p>Ist die Verarbeitung zur Wahrung eines berechtigten Interesses unseres Unternehmens oder eines Dritten erforderlich und \u00fcberwiegen die Interessen, Grundrechte und Grundfreiheiten des Betroffenen das erstgenannte Interesse nicht, so dient Art. 6 Abs. 1 lit. f DSGVO als Rechtsgrundlage f\u00fcr die Verarbeitung.<\/p>\n<p>Die personenbezogenen Daten der betroffenen Person werden gel\u00f6scht oder gesperrt, sobald der Zweck der Speicherung entf\u00e4llt. Eine Speicherung kann dar\u00fcber hinaus erfolgen, wenn dies durch den europ\u00e4ischen oder nationalen Gesetzgeber in unionsrechtlichen Verordnungen, Gesetzen oder sonstigen Vorschriften, denen der Verantwortliche unterliegt, vorgesehen wurde. Eine Sperrung oder L\u00f6schung der Daten erfolgt auch dann, wenn eine durch die genannten Normen vorgeschriebene Speicherfrist abl\u00e4uft, es sei denn, dass eine Erforderlichkeit zur weiteren Speicherung der Daten f\u00fcr einen Vertragsabschluss oder eine Vertragserf\u00fcllung besteht.<\/p>\n<h3>2. Bereitstellung der Website und Erstellung von Logfiles<\/h3>\n<p>Bei jedem Aufruf unserer Internetseite erfasst unser System automatisiert Daten und Informationen vom Computersystem des aufrufenden Rechners.<\/p>\n<p>Folgende Daten werden hierbei erhoben:<\/p>\n<ul>\n<li>Besuchte Website<\/li>\n<li>Datum und Uhrzeit des Zugriffs<\/li>\n<li>Menge der gesendeten Daten in Byte<\/li>\n<li>Quelle\/Verweis, von welchem Sie auf die Seite gelangten<\/li>\n<li>Verwendeter Browser<\/li>\n<li>Verwendetes Betriebssystem<\/li>\n<li>Verwendete IP-Adresse<\/li>\n<\/ul>\n<p>Die Daten werden ebenfalls in den Logfiles unseres Systems gespeichert. Eine Speicherung dieser Daten zusammen mit anderen personenbezogenen Daten des Nutzers findet nicht statt<\/p>\n<p>Die vor\u00fcbergehende Speicherung der IP-Adresse durch das System ist notwendig, um eine Auslieferung der Website an den Rechner des Nutzers zu erm\u00f6glichen. Hierf\u00fcr muss die IP-Adresse des Nutzers f\u00fcr die Dauer der Sitzung gespeichert bleiben.<\/p>\n<p>Die Speicherung in Logfiles erfolgt, um die Funktionsf\u00e4higkeit der Website sicherzustellen. Zudem dienen uns die Daten zur Optimierung der Website und zur Sicherstellung der Sicherheit unserer informationstechnischen Systeme. Eine Auswertung der Daten zu Marketingzwecken findet in diesem Zusammenhang nicht statt.<\/p>\n<p>In diesen Zwecken liegt auch unser berechtigtes Interesse an der Datenverarbeitung nach Art. 6 Abs. 1 lit. f DSGVO.<\/p>\n<p>Die Daten werden gel\u00f6scht, sobald sie f\u00fcr die Erreichung des Zweckes ihrer Erhebung nicht mehr erforderlich sind. Im Falle der Erfassung der Daten zur Bereitstellung der Website ist dies der Fall, wenn die jeweilige Sitzung beendet ist.<\/p>\n<p>Im Falle der Speicherung der Daten in Logfiles ist dies nach sp\u00e4testens sieben Tagen der Fall. Eine dar\u00fcberhinausgehende Speicherung ist m\u00f6glich. In diesem Fall werden die IP-Adressen der Nutzer gel\u00f6scht oder verfremdet, sodass eine Zuordnung des aufrufenden Clients nicht mehr m\u00f6glich ist. M\u00fcssen Daten aus Beweisgr\u00fcnden aufgehoben werden, sind sie solange von der L\u00f6schung ausgenommen bis der Vorfall endg\u00fcltig gekl\u00e4rt ist.<\/p>\n<p>Die Erfassung der Daten zur Bereitstellung der Website und die Speicherung der Daten in Logfiles ist f\u00fcr den Betrieb der Internetseite zwingend erforderlich. Es besteht folglich seitens des Nutzers keine Widerspruchsm\u00f6glichkeit.<\/p>\n<h3>3. Newsletter<\/h3>\n<p>Auf einigen unserer Interneteiten besteht die M\u00f6glichkeit einen kostenfreien Newsletter zu abonnieren. Dabei wird bei der Anmeldung zum Newsletter Ihre E-Mail-Adresse an uns \u00fcbermittelt.<\/p>\n<p>Um zu \u00fcberpr\u00fcfen, dass eine Anmeldung tats\u00e4chlich durch den Inhaber einer E-Mail-Adresse erfolgt, setzen wir das \u201aDouble-opt-in\u2018-Verfahren ein. Hierzu protokollieren wir die Bestellung des Newsletters, den Versand der Best\u00e4tigungsmail und den Eingang der hiermit angeforderten Antwort.<\/p>\n<p>F\u00fcr die Verarbeitung der Daten wird im Rahmen des Anmeldevorgangs Ihre Einwilligung eingeholt und auf diese Datenschutzerkl\u00e4rung verwiesen.<\/p>\n<p>Es erfolgt im Zusammenhang mit der Datenverarbeitung f\u00fcr den Versand von Newslettern keine Weitergabe der Daten an Dritte. Die Daten werden ausschlie\u00dflich f\u00fcr den Versand des Newsletters und f\u00fcr eventuelle Informationen per E-Mail, die f\u00fcr den Dienst oder die Registrierung relevant sind (z.B. \u00c4nderungen des Newsletterangebots oder technische Gegebenheiten) verwendet.<\/p>\n<p>Rechtsgrundlage f\u00fcr die Verarbeitung der Daten nach Anmeldung zum Newsletters durch den Nutzer ist bei Vorliegen einer Einwilligung des Nutzers Art. 6 Abs. 1 lit. a DSGVO.<\/p>\n<p>Die Erhebung der E-Mail-Adresse des Nutzers dient dazu, den Newsletter zuzustellen.<\/p>\n<p>Die Erhebung sonstiger personenbezogener Daten im Rahmen des Anmeldevorgangs dient dazu, einen Missbrauch der Dienste oder der verwendeten E-Mail-Adresse zu verhindern.<\/p>\n<p>Die Daten werden gel\u00f6scht, sobald sie f\u00fcr die Erreichung des Zweckes ihrer Erhebung nicht mehr erforderlich sind. Die E-Mail-Adresse des Nutzers wird demnach solange gespeichert, wie das Abonnement des Newsletters aktiv ist.<\/p>\n<p>Das Abonnement des Newsletters kann durch den betroffenen Nutzer jederzeit gek\u00fcndigt werden. Zu diesem Zweck findet sich in jedem Newsletter ein entsprechender Link.<\/p>\n<p>Hierdurch wird ebenfalls ein Widerruf der Einwilligung der Speicherung der w\u00e4hrend des Anmeldevorgangs erhobenen personenbezogenen Daten erm\u00f6glicht.<\/p>\n<h3>4. Registrierung<\/h3>\n<p>Auf einigen unserer Internetseite bieten wir Nutzern die M\u00f6glichkeit, sich unter Angabe personenbezogener Daten zu registrieren. Die Daten werden dabei in eine Eingabemaske eingegeben und an uns \u00fcbermittelt und gespeichert. Eine Weitergabe der Daten an Dritte findet nicht statt. Die in der Eingabemaske mit * angegebenen Daten werden im Rahmen des Registrierungsprozesses erhoben.<\/p>\n<p>Im Rahmen des Registrierungsprozesses wird eine Einwilligung des Nutzers zur Verarbeitung dieser Daten eingeholt.<\/p>\n<p>Rechtsgrundlage f\u00fcr die Verarbeitung der Daten ist bei Vorliegen einer Einwilligung des Nutzers Art. 6 Abs. 1 lit. a DSGVO.<\/p>\n<p>Dient die Registrierung der Erf\u00fcllung eines Vertrages (z.B. bei Anmeldung zu einer Fortbildung), so ist zus\u00e4tzliche Rechtsgrundlage f\u00fcr die Verarbeitung der Daten Art. 6 Abs. 1 lit. b DSGVO.<\/p>\n<p>Eine Registrierung des Nutzers ist zur Anmeldung f\u00fcr Veranstaltungen oder f\u00fcr Fortbildungen und sich daraus ergebenden Vertr\u00e4gen erforderlich.<\/p>\n<p>Die Daten werden gel\u00f6scht, sobald sie f\u00fcr die Erreichung des Zweckes ihrer Erhebung nicht mehr erforderlich sind.<\/p>\n<p>Dies ist f\u00fcr die w\u00e4hrend des Registrierungsvorgangs zur Erf\u00fcllung eines Vertrags oder zur Durchf\u00fchrung vorvertraglicher Ma\u00dfnahmen dann der Fall, wenn die Daten f\u00fcr die Durchf\u00fchrung des Vertrages nicht mehr erforderlich sind. Auch nach Abschluss des Vertrags kann eine Erforderlichkeit, personenbezogene Daten des Vertragspartners zu speichern, bestehen, um vertraglichen oder gesetzlichen Verpflichtungen nachzukommen.<\/p>\n<p>Als Nutzer haben sie jederzeit die M\u00f6glichkeit, die Registrierung aufzul\u00f6sen. Die \u00fcber Sie gespeicherten Daten k\u00f6nnen Sie jederzeit ab\u00e4ndern lassen.<\/p>\n<p>Sind die Daten zur Erf\u00fcllung eines Vertrages oder zur Durchf\u00fchrung vorvertraglicher Ma\u00dfnahmen erforderlich, ist eine vorzeitige L\u00f6schung der Daten nur m\u00f6glich, soweit nicht vertragliche oder gesetzliche Verpflichtungen einer L\u00f6schung entgegenstehen.<\/p>\n<h3>5. Kontaktformular und E-Mail-Kontakt<\/h3>\n<p>Auf einigen unserer Internetseite ist ein Kontaktformular vorhanden, welches f\u00fcr die elektronische Kontaktaufnahme genutzt werden kann. Nimmt ein Nutzer diese M\u00f6glichkeit wahr, so werden die in der Eingabemaske eingegebenen Daten an uns \u00fcbermittelt und gespeichert.<\/p>\n<p>Alternativ ist eine Kontaktaufnahme \u00fcber die bereitgestellte E-Mail-Adresse m\u00f6glich. In diesem Fall werden die mit der E-Mail \u00fcbermittelten personenbezogenen Daten des Nutzers gespeichert.<\/p>\n<p>Es erfolgt in diesem Zusammenhang keine Weitergabe der Daten an Dritte. Die Daten werden ausschlie\u00dflich f\u00fcr die Verarbeitung der Konversation verwendet.<\/p>\n<p>Rechtsgrundlage f\u00fcr die Verarbeitung der Daten, die im Zuge einer \u00dcbersendung einer E-Mail \u00fcbermittelt werden, ist Art. 6 Abs. 1 lit. f DSGVO.<\/p>\n<p>Die Verarbeitung der personenbezogenen Daten aus der Eingabemaske dient uns allein zur Bearbeitung der Kontaktaufnahme. Im Falle einer Kontaktaufnahme per E-Mail liegt hieran auch das erforderliche berechtigte Interesse an der Verarbeitung der Daten.<\/p>\n<p>Die Daten werden gel\u00f6scht, sobald sie f\u00fcr die Erreichung des Zweckes ihrer Erhebung nicht mehr erforderlich sind. F\u00fcr die personenbezogenen Daten aus der Eingabemaske des Kontaktformulars und diejenigen, die per E-Mail \u00fcbersandt wurden, ist dies dann der Fall, wenn die jeweilige Konversation mit dem Nutzer beendet ist. Beendet ist die Konversation dann, wenn sich aus den Umst\u00e4nden entnehmen l\u00e4sst, dass der betroffene Sachverhalt abschlie\u00dfend gekl\u00e4rt ist.<\/p>\n<p>Der Nutzer hat jederzeit die M\u00f6glichkeit, seine Einwilligung zur Verarbeitung der personenbezogenen Daten zu widerrufen. Nimmt der Nutzer per E-Mail Kontakt mit uns auf, so kann er der Speicherung seiner personenbezogenen Daten jederzeit widersprechen. In einem solchen Fall kann die Konversation nicht fortgef\u00fchrt werden.<\/p>\n<p>Alle personenbezogenen Daten, die im Zuge der Kontaktaufnahme gespeichert wurden, werden in diesem Fall gel\u00f6scht.<\/p>\n<h3>6. Webanalyse durch Matomo (ehemals PIWIK)<\/h3>\n<p>Wir nutzen auf unserer Website das Open-Source-Software-Tool Matomo (ehemals PIWIK) zur Analyse des Surfverhaltens unserer Nutzer. Die Software setzt ein Cookie auf dem Rechner der Nutzer. Cookies sind Textdateien, die auf dem Computer des Nutzers gespeichert werden und die eine Analyse der Benutzung der Website durch Sie erm\u00f6glichen. Werden Einzelseiten unserer Website aufgerufen, so werden folgende Daten gespeichert:<\/p>\n<ul>\n<li>Zwei Bytes der IP-Adresse des aufrufenden Systems des Nutzers<\/li>\n<li>Die aufgerufene Webseite<\/li>\n<li>Die Website, von der der Nutzer auf die aufgerufene Webseite gelangt ist (Referrer)<\/li>\n<li>Die Unterseiten, die von der aufgerufenen Webseite aus aufgerufen werden<\/li>\n<li>Die Verweildauer auf der Webseite<\/li>\n<li>Die H\u00e4ufigkeit des Aufrufs der Webseite<\/li>\n<\/ul>\n<p>Die Software l\u00e4uft dabei ausschlie\u00dflich auf den Servern unserer Webseite. Eine Speicherung der personenbezogenen Daten der Nutzer findet nur dort statt. Eine Weitergabe der Daten an Dritte erfolgt nicht.<\/p>\n<p>Die Software ist so eingestellt, dass die IP-Adressen nicht vollst\u00e4ndig gespeichert werden, sondern 2 Bytes der IP-Adresse maskiert werden (Bsp.: 192.168.xxx.xxx). Auf diese Weise ist eine Zuordnung der gek\u00fcrzten IP-Adresse zum aufrufenden Rechner nicht mehr m\u00f6glich.<\/p>\n<p>Rechtsgrundlage f\u00fcr die Verarbeitung der personenbezogenen Daten der Nutzer ist Art. 6 Abs. 1 lit. f DSGVO.<\/p>\n<p>Die Verarbeitung der personenbezogenen Daten der Nutzer erm\u00f6glicht uns eine Analyse des Surfverhaltens unserer Nutzer. Wir sind durch die Auswertung der gewonnenen Daten in der Lage, Informationen \u00fcber die Nutzung der einzelnen Komponenten unserer Webseite zusammenzustellen. Dies hilft uns dabei unsere Webseite und deren Nutzerfreundlichkeit stetig zu verbessern. In diesen Zwecken liegt auch unser berechtigtes Interesse in der Verarbeitung der Daten nach Art. 6 Abs. 1 lit. f DSGVO. Durch die Anonymisierung der IP-Adresse wird dem Interesse der Nutzer an deren Schutz personenbezogener Daten hinreichend Rechnung getragen.<\/p>\n<p>Die Daten werden gel\u00f6scht, sobald sie f\u00fcr unsere Aufzeichnungszwecke nicht mehr ben\u00f6tigt werden. In unserem Fall ist dies nach 7 Tagen der Fall.<\/p>\n<p>Sie haben die M\u00f6glichkeit, die Installation der Cookies durch \u00c4nderung der Einstellung Ihrer Browser-Software zu verhindern. Wir weisen darauf hin, dass bei entsprechender Einstellung eventuell nicht mehr alle Funktionen dieser Website zur Verf\u00fcgung stehen.<\/p>\n<p>Sie k\u00f6nnen sich entscheiden, ob in Ihrem Browser ein eindeutiger Webanalyse-Cookie abgelegt werden darf, um dem Betreiber der Webseite die Erfassung und Analyse verschiedener statistischer Daten zu erm\u00f6glichen.<\/p>\n<p>N\u00e4here Informationen zu den Privatsph\u00e4reeinstellungen der Matomo Software finden Sie unter folgendem Link: <em><u><a href=\"https:\/\/matomo.org\/docs\/privacy\/\">https:\/\/matomo.org\/docs\/privacy\/<\/a><\/u>.<\/em><\/p>\n<h3>7. Weitergabe personenbezogener Daten an Dritte<\/h3>\n<p><strong>Verwendung von Scriptbibliotheken (Google Webfonts)<\/strong><\/p>\n<p>Um unsere Inhalte browser\u00fcbergreifend korrekt und grafisch ansprechend darzustellen, verwenden wir auf dieser Website Scriptbibliotheken und Schriftbibliotheken wie z. B. Google Webfonts (<u><a href=\"http:\/\/www.google.com\/webfonts\/\">https:\/\/www.google.com\/webfonts\/<\/a><\/u>). Google Webfonts werden zur Vermeidung mehrfachen Ladens in den Cache Ihres Browsers \u00fcbertragen. Falls der Browser die Google Webfonts nicht unterst\u00fctzt oder den Zugriff unterbindet, werden Inhalte in einer Standardschrift angezeigt.<\/p>\n<p>Der Aufruf von Scriptbibliotheken oder Schriftbibliotheken l\u00f6st automatisch eine Verbindung zum Betreiber der Bibliothek aus. Dabei ist es theoretisch m\u00f6glich \u2013 aktuell allerdings auch unklar ob und ggf. zu welchen Zwecken \u2013 dass Betreiber entsprechender Bibliotheken Daten erheben.<\/p>\n<p>Die Datenschutzrichtlinie des Bibliothekbetreibers Google finden Sie hier: <u><a href=\"https:\/\/www.google.com\/policies\/privacy\/\">Link<\/a><\/u><\/p>\n<p><strong>Verwendung von Google Maps<\/strong><\/p>\n<p>Diese Webseite verwendet Google Maps API, um geographische Informationen visuell darzustellen. Bei der Nutzung von Google Maps werden von Google auch Daten \u00fcber die Nutzung der Kartenfunktionen durch Besucher erhoben, verarbeitet und genutzt. N\u00e4here Informationen \u00fcber die Datenverarbeitung durch Google k\u00f6nnen Sie <u><a href=\"http:\/\/www.google.com\/privacypolicy.html\">den Google-Datenschutzhinweisen<\/a><\/u> entnehmen. Dort k\u00f6nnen Sie im Datenschutzcenter auch Ihre pers\u00f6nlichen Datenschutz-Einstellungen ver\u00e4ndern. Ausf\u00fchrliche Anleitungen zur Verwaltung der eigenen Daten im Zusammenhang mit Google-Produkten <u><a href=\"http:\/\/www.dataliberation.org\/\">finden Sie hier<\/a><\/u>.<\/p>\n<p><strong>Eingebettete YouTube-Videos<\/strong><\/p>\n<p>Auf einigen unserer Webseiten betten wir Youtube-Videos ein. Betreiber der entsprechenden Plugins ist die YouTube, LLC, 901 Cherry Ave., San Bruno, CA 94066, USA. Wenn Sie eine Seite mit dem YouTube-Plugin besuchen, wird eine Verbindung zu Servern von Youtube hergestellt. Dabei wird Youtube mitgeteilt, welche Seiten Sie besuchen. Wenn Sie in Ihrem Youtube-Account eingeloggt sind, kann Youtube Ihr Surfverhalten Ihnen pers\u00f6nlich zuzuordnen. Dies verhindern Sie, indem Sie sich vorher aus Ihrem Youtube-Account ausloggen.<\/p>\n<p>Wird ein Youtube-Video gestartet, setzt der Anbieter Cookies ein, die Hinweise \u00fcber das Nutzerverhalten sammeln.<\/p>\n<p>Wer das Speichern von Cookies f\u00fcr das Google-Ad-Programm deaktiviert hat, wird auch beim Anschauen von Youtube-Videos mit keinen solchen Cookies rechnen m\u00fcssen. Youtube legt aber auch in anderen Cookies nicht-personenbezogene Nutzungsinformationen ab. M\u00f6chten Sie dies verhindern, so m\u00fcssen Sie das Speichern von Cookies im Browser blockieren.<\/p>\n<p>Weitere Informationen zum Datenschutz bei \u201eYoutube\u201c finden Sie in der Datenschutzerkl\u00e4rung des Anbieters unter: <u><a href=\"https:\/\/www.google.de\/intl\/de\/policies\/privacy\/\">Link<\/a><\/u><\/p>\n<h3>8. Rechte der betroffenen Person<\/h3>\n<p>Unter den angegebenen Kontaktdaten unseres Datenschutzbeauftragten k\u00f6nnen Sie jederzeit folgende Rechte aus\u00fcben:<\/p>\n<ul>\n<li>Auskunft \u00fcber Ihre bei uns gespeicherten Daten und deren Verarbeitung,<\/li>\n<li>Berichtigung unrichtiger personenbezogener Daten,<\/li>\n<li>L\u00f6schung Ihrer bei uns gespeicherten Daten,<\/li>\n<li>Einschr\u00e4nkung der Datenverarbeitung, sofern wir Ihre Daten aufgrund gesetzlicher Pflichten noch nicht l\u00f6schen d\u00fcrfen,<\/li>\n<li>Widerspruch gegen die Verarbeitung Ihrer Daten bei uns und<\/li>\n<li>Daten\u00fcbertragbarkeit, sofern Sie in die Datenverarbeitung eingewilligt haben oder einen Vertrag mit uns abgeschlossen haben.<\/li>\n<\/ul>\n<p>Sofern Sie uns eine Einwilligung erteilt haben, k\u00f6nnen Sie diese jederzeit mit Wirkung f\u00fcr die Zukunft widerrufen.<\/p>\n<p>Sie k\u00f6nnen sich jederzeit mit einer Beschwerde an die f\u00fcr Sie zust\u00e4ndige Aufsichtsbeh\u00f6rde wenden. Ihre zust\u00e4ndige Aufsichtsbeh\u00f6rde richtet sich nach dem Bundesland Ihres Wohnsitzes, Ihrer Arbeit oder der mutma\u00dflichen Verletzung. Eine Liste der Aufsichtsbeh\u00f6rden (f\u00fcr den nicht\u00f6ffentlichen Bereich) mit Anschrift finden Sie unter: <u><a href=\"https:\/\/www.bfdi.bund.de\/DE\/Infothek\/Anschriften_Links\/anschriften_links-node.html\">Link<\/a><\/u>.<\/p>\n<p>Stand: 24.05.2018<\/p>\n<p>[\/et_pb_text][\/et_pb_column][\/et_pb_row][\/et_pb_section]<\/p>\n","protected":false},"excerpt":{"rendered":"<p>Datenschutzerkl\u00e4rung nach der DSGVO Der Verantwortliche im Sinne der EU-Datenschutz-Grundverordnung (DSGVO) und anderer nationaler Datenschutzgesetze der Mitgliedsstaaten sowie sonstiger datenschutzrechtlicher Bestimmungen ist die: FRAP Agentur \u2013 gemeinn\u00fctzige Gesellschaft f\u00fcr das Frankfurter Arbeitsmarktprogramm mbH Amtsgericht Frankfurt am Main HRB 56129 Gesch\u00e4ftsf\u00fchrerin: Heise AnitaVilbeler Str. 2960313 Frankfurt am MainTelefon: 069-68097-103E-Mail: info@frap-agentur.de Die Datenschutzbeauftragte des Verantwortlichen ist:Dilek AkkayaE-Mail: [&hellip;]<\/p>\n","protected":false},"author":6,"featured_media":0,"parent":0,"menu_order":0,"comment_status":"closed","ping_status":"closed","template":"","meta":{"_et_pb_use_builder":"on","_et_pb_old_content":"","_et_gb_content_width":"","footnotes":""},"dipi_cpt_category":[],"class_list":["post-280","page","type-page","status-publish","hentry"],"_links":{"self":[{"href":"https:\/\/frankfurter-arbeitsmarkt-forum.de\/index.php\/wp-json\/wp\/v2\/pages\/280","targetHints":{"allow":["GET"]}}],"collection":[{"href":"https:\/\/frankfurter-arbeitsmarkt-forum.de\/index.php\/wp-json\/wp\/v2\/pages"}],"about":[{"href":"https:\/\/frankfurter-arbeitsmarkt-forum.de\/index.php\/wp-json\/wp\/v2\/types\/page"}],"author":[{"embeddable":true,"href":"https:\/\/frankfurter-arbeitsmarkt-forum.de\/index.php\/wp-json\/wp\/v2\/users\/6"}],"replies":[{"embeddable":true,"href":"https:\/\/frankfurter-arbeitsmarkt-forum.de\/index.php\/wp-json\/wp\/v2\/comments?post=280"}],"version-history":[{"count":1,"href":"https:\/\/frankfurter-arbeitsmarkt-forum.de\/index.php\/wp-json\/wp\/v2\/pages\/280\/revisions"}],"predecessor-version":[{"id":25990870,"href":"https:\/\/frankfurter-arbeitsmarkt-forum.de\/index.php\/wp-json\/wp\/v2\/pages\/280\/revisions\/25990870"}],"wp:attachment":[{"href":"https:\/\/frankfurter-arbeitsmarkt-forum.de\/index.php\/wp-json\/wp\/v2\/media?parent=280"}],"wp:term":[{"taxonomy":"dipi_cpt_category","embeddable":true,"href":"https:\/\/frankfurter-arbeitsmarkt-forum.de\/index.php\/wp-json\/wp\/v2\/dipi_cpt_category?post=280"}],"curies":[{"name":"wp","href":"https:\/\/api.w.org\/{rel}","templated":true}]}}