{"id":1663,"date":"2025-09-12T14:45:48","date_gmt":"2025-09-12T14:45:48","guid":{"rendered":"https:\/\/frankfurter-arbeitsmarkt-forum.de\/?page_id=1663"},"modified":"2026-03-04T15:24:38","modified_gmt":"2026-03-04T14:24:38","slug":"bildungstraeger_2","status":"publish","type":"page","link":"https:\/\/frankfurter-arbeitsmarkt-forum.de\/index.php\/bildungstraeger_2\/","title":{"rendered":"Bildungstr\u00e4ger"},"content":{"rendered":"<p>[et_pb_section fb_built=&#8220;1&#8243; disabled_on=&#8220;off|off|off&#8220; _builder_version=&#8220;4.27.4&#8243; _module_preset=&#8220;default&#8220; background_color=&#8220;#FFFFFF&#8220; custom_padding=&#8220;||25px|||&#8220; border_radii=&#8220;off||||&#8220; border_color_bottom=&#8220;#E09900&#8243; global_colors_info=&#8220;{}&#8220;][et_pb_row column_structure=&#8220;3_5,2_5&#8243; _builder_version=&#8220;4.27.4&#8243; _module_preset=&#8220;default&#8220; custom_padding=&#8220;10px|10px|10px|10px|true|true&#8220; global_colors_info=&#8220;{}&#8220;][et_pb_column type=&#8220;3_5&#8243; _builder_version=&#8220;4.27.4&#8243; _module_preset=&#8220;default&#8220; global_colors_info=&#8220;{}&#8220;][et_pb_text content_tablet=&#8220;<\/p>\n<h1><strong>Bildungstr\u00e4ger<\/strong><\/h1>\n<h1>im Frankfurter Arbeitsmarktprogramm f\u00fcr die \u00fcber 25-J\u00e4hrigen<\/h1>\n<p>&#8220; content_phone=&#8220;<\/p>\n<h1><strong>Bildungstr\u00e4ger<\/strong><\/h1>\n<h1>im Frankfurter Arbeitsmarkt-programm f\u00fcr die \u00fcber 25-J\u00e4hrigen<\/h1>\n<p>&#8220; content_last_edited=&#8220;on|tablet&#8220; _builder_version=&#8220;4.27.4&#8243; _module_preset=&#8220;default&#8220; text_text_color=&#8220;#E09900&#8243; header_text_color=&#8220;#E09900&#8243; header_font_size=&#8220;36px&#8220; background_color=&#8220;#FFFFFF&#8220; width=&#8220;85.2%&#8220; module_alignment=&#8220;center&#8220; custom_margin=&#8220;45px||6px||false|false&#8220; custom_margin_tablet=&#8220;45px||6px||false|false&#8220; custom_margin_phone=&#8220;|||8px|false|false&#8220; custom_margin_last_edited=&#8220;on|phone&#8220; custom_padding=&#8220;12px|3px|12px|3px|true|true&#8220; global_colors_info=&#8220;{}&#8220;]<\/p>\n<h1 style=\"text-align: left;\"><strong><span style=\"color: #333300;\">Bildungstr\u00e4ger<\/span><\/strong><\/h1>\n<h1 style=\"text-align: left;\">im Frankfurter Arbeitsmarktprogramm <span style=\"color: #e09900;\">f\u00fcr die \u00fcber 25-J\u00e4hrigen<\/span><\/h1>\n<p>[\/et_pb_text][et_pb_text content_tablet=&#8220;<\/p>\n<h4>Hier finden Sie die gemeinn\u00fctzigen Bildungstr\u00e4ger, die mit Beratungs- und Qualifizierungsangeboten und vielem mehr zur Seite stehen.<\/h4>\n<p>&#8220; content_phone=&#8220;<\/p>\n<h4>Hier finden Sie die gemein-n\u00fctzigen Bildungstr\u00e4ger, die mit Beratungs- und Qualifizierungsangeboten und vielem mehr zur Seite stehen.<\/h4>\n<p>&#8220; content_last_edited=&#8220;on|phone&#8220; _builder_version=&#8220;4.27.4&#8243; _module_preset=&#8220;default&#8220; text_text_color=&#8220;#E09900&#8243; header_text_color=&#8220;#E09900&#8243; header_font_size=&#8220;34px&#8220; header_4_line_height=&#8220;1.3em&#8220; background_color=&#8220;#FFFFFF&#8220; width=&#8220;85.2%&#8220; module_alignment=&#8220;center&#8220; custom_margin=&#8220;3px||6px||false|false&#8220; custom_margin_tablet=&#8220;3px||6px||false|false&#8220; custom_margin_phone=&#8220;|||8px|false|false&#8220; custom_margin_last_edited=&#8220;on|phone&#8220; custom_padding=&#8220;12px|3px|12px|3px|true|true&#8220; global_colors_info=&#8220;{}&#8220;]<\/p>\n<h4 style=\"text-align: left;\">Hier finden Sie die gemeinn\u00fctzigen Bildungstr\u00e4ger, die mit Beratungs- und Qualifizierungsangeboten und vielem mehr zur Seite stehen.<\/h4>\n<p>[\/et_pb_text][\/et_pb_column][et_pb_column type=&#8220;2_5&#8243; _builder_version=&#8220;4.27.4&#8243; _module_preset=&#8220;default&#8220; global_colors_info=&#8220;{}&#8220;][et_pb_text _builder_version=&#8220;4.27.4&#8243; _module_preset=&#8220;default&#8220;][\/et_pb_text][\/et_pb_column][\/et_pb_row][\/et_pb_section][et_pb_section fb_built=&#8220;1&#8243; _builder_version=&#8220;4.27.4&#8243; _module_preset=&#8220;default&#8220; background_color=&#8220;gcid-07720538-5d04-4b2a-9eac-265fd1f993ea&#8220; border_color_all=&#8220;#8390B4&#8243; border_style_all=&#8220;dotted&#8220; global_colors_info=&#8220;{%22gcid-07720538-5d04-4b2a-9eac-265fd1f993ea%22:%91%22background_color%22%93}&#8220;][et_pb_row column_structure=&#8220;1_3,1_3,1_3&#8243; use_custom_gutter=&#8220;on&#8220; gutter_width=&#8220;2&#8243; make_equal=&#8220;on&#8220; module_class=&#8220;equal-heights&#8220; _builder_version=&#8220;4.27.4&#8243; _module_preset=&#8220;default&#8220; global_colors_info=&#8220;{}&#8220;][et_pb_column type=&#8220;1_3&#8243; _builder_version=&#8220;4.27.4&#8243; _module_preset=&#8220;default&#8220; global_colors_info=&#8220;{}&#8220;][et_pb_cta button_url=&#8220;https:\/\/www.berami.de\/&#8220; url_new_window=&#8220;on&#8220; button_text=&#8220;Mehr Infos&#8220; _builder_version=&#8220;4.27.4&#8243; _module_preset=&#8220;default&#8220; header_level=&#8220;h1&#8243; header_font=&#8220;Poppins|600|||||||&#8220; header_text_color=&#8220;gcid-body-color&#8220; header_font_size=&#8220;18px&#8220; header_line_height=&#8220;1.8em&#8220; body_font=&#8220;Open Sans||||||||&#8220; background_color=&#8220;#ffffff&#8220; custom_button=&#8220;on&#8220; button_text_size=&#8220;14px&#8220; button_text_color=&#8220;#ffffff&#8220; button_bg_color=&#8220;gcid-heading-color&#8220; button_border_width=&#8220;8px&#8220; button_border_color=&#8220;gcid-heading-color&#8220; button_border_radius=&#8220;100px&#8220; button_letter_spacing=&#8220;1px&#8220; button_font=&#8220;Poppins|600||on|||||&#8220; button_use_icon=&#8220;off&#8220; button_alignment=&#8220;left&#8220; text_orientation=&#8220;left&#8220; background_layout=&#8220;light&#8220; max_width=&#8220;100%&#8220; max_width_tablet=&#8220;&#8220; max_width_phone=&#8220;&#8220; max_width_last_edited=&#8220;on|desktop&#8220; display_conditions=&#8220;W10=&#8220; custom_padding=&#8220;|||&#8220; animation_style=&#8220;slide&#8220; animation_direction=&#8220;top&#8220; animation_intensity_slide=&#8220;10%&#8220; animation_starting_opacity=&#8220;80%&#8220; border_radii=&#8220;off|5px|5px|5px|54px&#8220; box_shadow_style=&#8220;preset3&#8243; box_shadow_vertical=&#8220;31px&#8220; box_shadow_blur=&#8220;40px&#8220; box_shadow_color=&#8220;rgba(11,9,26,0.1)&#8220; locked=&#8220;off&#8220; global_colors_info=&#8220;{%22gcid-body-color%22:%91%22header_text_color%22%93,%22gcid-036cd866-8991-4dee-af19-11b450332cb0%22:%91%22background_mask_color%22%93,%22gcid-heading-color%22:%91%22button_bg_color%22,%22button_border_color%22%93}&#8220; button_text_size__hover_enabled=&#8220;off&#8220; button_one_text_size__hover_enabled=&#8220;off&#8220; button_two_text_size__hover_enabled=&#8220;off&#8220; button_text_color__hover_enabled=&#8220;off&#8220; button_one_text_color__hover_enabled=&#8220;off&#8220; button_two_text_color__hover_enabled=&#8220;off&#8220; button_border_width__hover_enabled=&#8220;off&#8220; button_one_border_width__hover_enabled=&#8220;off&#8220; button_two_border_width__hover_enabled=&#8220;off&#8220; button_border_color__hover_enabled=&#8220;off&#8220; button_one_border_color__hover_enabled=&#8220;off&#8220; button_two_border_color__hover_enabled=&#8220;off&#8220; button_border_radius__hover_enabled=&#8220;off&#8220; button_one_border_radius__hover_enabled=&#8220;off&#8220; button_two_border_radius__hover_enabled=&#8220;off&#8220; button_letter_spacing__hover_enabled=&#8220;off&#8220; button_one_letter_spacing__hover_enabled=&#8220;off&#8220; button_two_letter_spacing__hover_enabled=&#8220;off&#8220; button_bg_color__hover_enabled=&#8220;off&#8220; button_one_bg_color__hover_enabled=&#8220;off&#8220; button_two_bg_color__hover_enabled=&#8220;off&#8220;]<strong><img loading=\"lazy\" decoding=\"async\" class=\"wp-image-25611 alignleft size-medium\" src=\"https:\/\/frankfurter-arbeitsmarkt-forum.de\/wp-content\/uploads\/2025\/06\/7-300x213-1.jpg\" alt=\"\" width=\"139\" height=\"99\" \/><\/strong><\/p>\n<p>&nbsp;<\/p>\n<p>&nbsp;<\/p>\n<p>&nbsp;<\/p>\n<p>&nbsp;<\/p>\n<p>&nbsp;<\/p>\n<p>&nbsp;<\/p>\n<h2>berami berufliche Integration e. V.<\/h2>\n<p>Nibelungenplatz 3, 60318 Frankfurt<br \/>\n<strong>Ansprechpartnerin<\/strong>: Silke Wegner<br \/>\n<strong>Website: <\/strong><a href=\"http:\/\/www.berami.de\" target=\"_blank\" rel=\"noopener\">www.berami.de<\/a><br \/>\n<strong>Telefon: <\/strong>069 9130100<br \/>\n<strong>E-Mail:<\/strong> <a href=\"mailto:kontakt@berami.de\" target=\"_blank\" rel=\"noopener\">kontakt@berami.de<\/a><strong><br \/>\n<\/strong><\/p>\n<p><span style=\"color: #e09900;\">Berufliche Beratung, Deutschlernen, LernNetz, Erziehungsberufe, digitale Kompetenzen, Anerkennungsberatung<\/span><\/p>\n<p>&nbsp;<br \/>\n[\/et_pb_cta][\/et_pb_column][et_pb_column type=&#8220;1_3&#8243; _builder_version=&#8220;4.27.4&#8243; _module_preset=&#8220;default&#8220; global_colors_info=&#8220;{}&#8220;][et_pb_cta button_url=&#8220;https:\/\/bildungsprofis.com\/&#8220; url_new_window=&#8220;on&#8220; button_text=&#8220;Mehr Infos&#8220; _builder_version=&#8220;4.27.4&#8243; _module_preset=&#8220;default&#8220; header_level=&#8220;h1&#8243; header_font=&#8220;Poppins|600|||||||&#8220; header_text_color=&#8220;gcid-body-color&#8220; header_font_size=&#8220;18px&#8220; header_line_height=&#8220;1.8em&#8220; body_font=&#8220;Open Sans||||||||&#8220; background_color=&#8220;#ffffff&#8220; custom_button=&#8220;on&#8220; button_text_size=&#8220;14px&#8220; button_text_color=&#8220;#ffffff&#8220; button_bg_color=&#8220;gcid-heading-color&#8220; button_border_width=&#8220;8px&#8220; button_border_color=&#8220;gcid-heading-color&#8220; button_border_radius=&#8220;100px&#8220; button_letter_spacing=&#8220;1px&#8220; button_font=&#8220;Poppins|600||on|||||&#8220; button_use_icon=&#8220;off&#8220; button_alignment=&#8220;left&#8220; text_orientation=&#8220;left&#8220; background_layout=&#8220;light&#8220; max_width=&#8220;100%&#8220; max_width_tablet=&#8220;&#8220; max_width_phone=&#8220;&#8220; max_width_last_edited=&#8220;on|desktop&#8220; display_conditions=&#8220;W10=&#8220; custom_padding=&#8220;|||&#8220; animation_style=&#8220;slide&#8220; animation_direction=&#8220;top&#8220; animation_intensity_slide=&#8220;10%&#8220; animation_starting_opacity=&#8220;80%&#8220; hover_enabled=&#8220;0&#8243; border_radii=&#8220;off|5px|5px|5px|54px&#8220; box_shadow_style=&#8220;preset3&#8243; box_shadow_vertical=&#8220;31px&#8220; box_shadow_blur=&#8220;40px&#8220; box_shadow_color=&#8220;rgba(11,9,26,0.1)&#8220; locked=&#8220;off&#8220; global_colors_info=&#8220;{%22gcid-body-color%22:%91%22header_text_color%22,%22header_text_color%22,%22header_text_color%22,%22header_text_color%22,%22header_text_color%22%93,%22gcid-036cd866-8991-4dee-af19-11b450332cb0%22:%91%22background_mask_color%22,%22background_mask_color%22,%22background_mask_color%22,%22background_mask_color%22%93,%22gcid-heading-color%22:%91%22button_bg_color%22,%22button_border_color%22%93}&#8220; button_text_size__hover_enabled=&#8220;off&#8220; button_one_text_size__hover_enabled=&#8220;off&#8220; button_two_text_size__hover_enabled=&#8220;off&#8220; button_text_color__hover_enabled=&#8220;off&#8220; button_one_text_color__hover_enabled=&#8220;off&#8220; button_two_text_color__hover_enabled=&#8220;off&#8220; button_border_width__hover_enabled=&#8220;off&#8220; button_one_border_width__hover_enabled=&#8220;off&#8220; button_two_border_width__hover_enabled=&#8220;off&#8220; button_border_color__hover_enabled=&#8220;off&#8220; button_one_border_color__hover_enabled=&#8220;off&#8220; button_two_border_color__hover_enabled=&#8220;off&#8220; button_border_radius__hover_enabled=&#8220;off&#8220; button_one_border_radius__hover_enabled=&#8220;off&#8220; button_two_border_radius__hover_enabled=&#8220;off&#8220; button_letter_spacing__hover_enabled=&#8220;off&#8220; button_one_letter_spacing__hover_enabled=&#8220;off&#8220; button_two_letter_spacing__hover_enabled=&#8220;off&#8220; button_bg_color__hover_enabled=&#8220;off&#8220; button_one_bg_color__hover_enabled=&#8220;off&#8220; button_two_bg_color__hover_enabled=&#8220;off&#8220; sticky_enabled=&#8220;0&#8243;]<\/p>\n<p><img loading=\"lazy\" decoding=\"async\" class=\"wp-image-996 alignright size-thumbnail\" style=\"float: left;\" src=\"https:\/\/frankfurter-arbeitsmarkt-forum.de\/wp-content\/uploads\/2025\/07\/BP-Logo-4C-1-150x150.png\" alt=\"\" width=\"93\" height=\"93\" \/><\/p>\n<p>&nbsp;<\/p>\n<p>&nbsp;<\/p>\n<p>&nbsp;<\/p>\n<p>&nbsp;<\/p>\n<p>&nbsp;<\/p>\n<p><span style=\"font-size: large;\"><strong>Bildungsprofis gGmbH<\/strong><\/span><\/p>\n<p>Gerberm\u00fchlstrasse 9, 60594 Frankfurt<br \/><strong>Ansprechpartnerin<\/strong>: Tabea Staubach<br \/><strong>Website: <\/strong><a href=\"https:\/\/bildungsprofis.com\/\" target=\"_blank\" rel=\"noopener\">www.bildungsprofis.com<\/a><br \/><strong>Telefon: <\/strong>069 24742340<br \/><strong>E-Mail:<\/strong> <a href=\"mailto: info@bildungsprofis.com\" target=\"_blank\" rel=\"noopener\">info@bildungsprofis.com<\/a><\/p>\n<p><span style=\"color: #e09900;\">Deutsch f\u00fcr die Pflege, Anerkennung, Ausbildungsvorbereitung, Pflegeberufe, Gesundheitsberufe<\/span><\/p>\n<p>[\/et_pb_cta][\/et_pb_column][et_pb_column type=&#8220;1_3&#8243; _builder_version=&#8220;4.27.4&#8243; _module_preset=&#8220;default&#8220; global_colors_info=&#8220;{}&#8220;][et_pb_cta button_url=&#8220;https:\/\/www.caritas-frankfurt.de\/ich-suche-hilfe\/wege-finden\/arbeit\/&#8220; url_new_window=&#8220;on&#8220; button_text=&#8220;Mehr Infos&#8220; _builder_version=&#8220;4.27.4&#8243; _module_preset=&#8220;default&#8220; header_level=&#8220;h1&#8243; header_font=&#8220;Poppins|600|||||||&#8220; header_text_color=&#8220;gcid-body-color&#8220; header_font_size=&#8220;18px&#8220; header_line_height=&#8220;1.8em&#8220; body_font=&#8220;Open Sans||||||||&#8220; background_color=&#8220;#ffffff&#8220; custom_button=&#8220;on&#8220; button_text_size=&#8220;14px&#8220; button_text_color=&#8220;#ffffff&#8220; button_bg_color=&#8220;gcid-heading-color&#8220; button_border_width=&#8220;8px&#8220; button_border_color=&#8220;gcid-heading-color&#8220; button_border_radius=&#8220;100px&#8220; button_letter_spacing=&#8220;1px&#8220; button_font=&#8220;Poppins|600||on|||||&#8220; button_use_icon=&#8220;off&#8220; button_alignment=&#8220;left&#8220; text_orientation=&#8220;left&#8220; background_layout=&#8220;light&#8220; max_width=&#8220;100%&#8220; max_width_tablet=&#8220;&#8220; max_width_phone=&#8220;&#8220; max_width_last_edited=&#8220;on|desktop&#8220; display_conditions=&#8220;W10=&#8220; custom_padding=&#8220;|||&#8220; animation_style=&#8220;slide&#8220; animation_direction=&#8220;top&#8220; animation_intensity_slide=&#8220;10%&#8220; animation_starting_opacity=&#8220;80%&#8220; border_radii=&#8220;off|5px|5px|5px|54px&#8220; box_shadow_style=&#8220;preset3&#8243; box_shadow_vertical=&#8220;31px&#8220; box_shadow_blur=&#8220;40px&#8220; box_shadow_color=&#8220;rgba(11,9,26,0.1)&#8220; locked=&#8220;off&#8220; global_colors_info=&#8220;{%22gcid-body-color%22:%91%22header_text_color%22,%22header_text_color%22,%22header_text_color%22,%22header_text_color%22%93,%22gcid-036cd866-8991-4dee-af19-11b450332cb0%22:%91%22background_mask_color%22,%22background_mask_color%22,%22background_mask_color%22%93,%22gcid-heading-color%22:%91%22button_bg_color%22,%22button_border_color%22%93}&#8220; button_text_size__hover_enabled=&#8220;off&#8220; button_one_text_size__hover_enabled=&#8220;off&#8220; button_two_text_size__hover_enabled=&#8220;off&#8220; button_text_color__hover_enabled=&#8220;off&#8220; button_one_text_color__hover_enabled=&#8220;off&#8220; button_two_text_color__hover_enabled=&#8220;off&#8220; button_border_width__hover_enabled=&#8220;off&#8220; button_one_border_width__hover_enabled=&#8220;off&#8220; button_two_border_width__hover_enabled=&#8220;off&#8220; button_border_color__hover_enabled=&#8220;off&#8220; button_one_border_color__hover_enabled=&#8220;off&#8220; button_two_border_color__hover_enabled=&#8220;off&#8220; button_border_radius__hover_enabled=&#8220;off&#8220; button_one_border_radius__hover_enabled=&#8220;off&#8220; button_two_border_radius__hover_enabled=&#8220;off&#8220; button_letter_spacing__hover_enabled=&#8220;off&#8220; button_one_letter_spacing__hover_enabled=&#8220;off&#8220; button_two_letter_spacing__hover_enabled=&#8220;off&#8220; button_bg_color__hover_enabled=&#8220;off&#8220; button_one_bg_color__hover_enabled=&#8220;off&#8220; button_two_bg_color__hover_enabled=&#8220;off&#8220;]<img loading=\"lazy\" decoding=\"async\" class=\"wp-image-991 size-medium\" src=\"https:\/\/frankfurter-arbeitsmarkt-forum.de\/wp-content\/uploads\/2025\/07\/2-1-300x213.jpg\" alt=\"\" width=\"159\" height=\"113\" \/><\/p>\n<p><strong><span style=\"font-size: large;\">Caritas Frankfurt<\/span><\/strong><\/p>\n<p>Referat cariteam \/ Arbeitshilfen<br \/>\nMainkai 40, 60313 Frankfurt<br \/>\n<strong>Ansprechpartnerin<\/strong>: Eleonora von Hanstein<br \/>\n<strong>Website: <\/strong><a href=\"https:\/\/www.caritas-frankfurt.de\/ich-suche-hilfe\/wege-finden\/arbeit\/arbeit-und-arbeitslosigkeit\" target=\"_blank\" rel=\"noopener\">www.caritas-frankfurt.de<\/a><br \/>\n<strong>Telefon:<\/strong> 069 29823111<br \/>\n<strong>E-Mail:<\/strong> <a href=\"mailto:cariteam@caritas-frankfurt.de\" target=\"_blank\" rel=\"noopener\">cariteam@caritas-frankfurt.de<\/a><\/p>\n<p><span style=\"color: #e09900;\">Gefl\u00fcchtete, Soziale Berufe, berufliche Orientierung, Ausbildungsvorbereitung, Besch\u00e4ftigungsma\u00dfnahmen, LernNetz<\/span><br \/>\n[\/et_pb_cta][\/et_pb_column][\/et_pb_row][et_pb_row column_structure=&#8220;1_3,1_3,1_3&#8243; use_custom_gutter=&#8220;on&#8220; gutter_width=&#8220;2&#8243; make_equal=&#8220;on&#8220; module_class=&#8220;equal-heights&#8220; _builder_version=&#8220;4.27.4&#8243; _module_preset=&#8220;default&#8220; global_colors_info=&#8220;{}&#8220;][et_pb_column type=&#8220;1_3&#8243; _builder_version=&#8220;4.27.4&#8243; _module_preset=&#8220;default&#8220; global_colors_info=&#8220;{}&#8220;][et_pb_cta button_url=&#8220;https:\/\/www.diakonie-frankfurt-offenbach.de\/ich-suche-hilfe\/wohnen-arbeit\/modekreativ-werkstatt\/&#8220; url_new_window=&#8220;on&#8220; button_text=&#8220;Mehr Infos&#8220; _builder_version=&#8220;4.27.4&#8243; _module_preset=&#8220;default&#8220; header_level=&#8220;h1&#8243; header_font=&#8220;Poppins|600|||||||&#8220; header_text_color=&#8220;gcid-body-color&#8220; header_font_size=&#8220;18px&#8220; header_line_height=&#8220;1.8em&#8220; body_font=&#8220;Open Sans||||||||&#8220; background_color=&#8220;#ffffff&#8220; custom_button=&#8220;on&#8220; button_text_size=&#8220;14px&#8220; button_text_color=&#8220;#ffffff&#8220; button_bg_color=&#8220;gcid-heading-color&#8220; button_border_width=&#8220;8px&#8220; button_border_color=&#8220;gcid-heading-color&#8220; button_border_radius=&#8220;100px&#8220; button_letter_spacing=&#8220;1px&#8220; button_font=&#8220;Poppins|600||on|||||&#8220; button_use_icon=&#8220;off&#8220; button_alignment=&#8220;left&#8220; text_orientation=&#8220;left&#8220; background_layout=&#8220;light&#8220; max_width=&#8220;100%&#8220; max_width_tablet=&#8220;&#8220; max_width_phone=&#8220;&#8220; max_width_last_edited=&#8220;on|desktop&#8220; display_conditions=&#8220;W10=&#8220; custom_padding=&#8220;|||&#8220; animation_style=&#8220;slide&#8220; animation_direction=&#8220;top&#8220; animation_intensity_slide=&#8220;10%&#8220; animation_starting_opacity=&#8220;80%&#8220; border_radii=&#8220;off|5px|5px|5px|54px&#8220; box_shadow_style=&#8220;preset3&#8243; box_shadow_vertical=&#8220;31px&#8220; box_shadow_blur=&#8220;40px&#8220; box_shadow_color=&#8220;rgba(11,9,26,0.1)&#8220; locked=&#8220;off&#8220; global_colors_info=&#8220;{%22gcid-body-color%22:%91%22header_text_color%22,%22header_text_color%22,%22header_text_color%22,%22header_text_color%22%93,%22gcid-036cd866-8991-4dee-af19-11b450332cb0%22:%91%22background_mask_color%22,%22background_mask_color%22,%22background_mask_color%22%93,%22gcid-heading-color%22:%91%22button_bg_color%22,%22button_border_color%22%93}&#8220; button_text_size__hover_enabled=&#8220;off&#8220; button_one_text_size__hover_enabled=&#8220;off&#8220; button_two_text_size__hover_enabled=&#8220;off&#8220; button_text_color__hover_enabled=&#8220;off&#8220; button_one_text_color__hover_enabled=&#8220;off&#8220; button_two_text_color__hover_enabled=&#8220;off&#8220; button_border_width__hover_enabled=&#8220;off&#8220; button_one_border_width__hover_enabled=&#8220;off&#8220; button_two_border_width__hover_enabled=&#8220;off&#8220; button_border_color__hover_enabled=&#8220;off&#8220; button_one_border_color__hover_enabled=&#8220;off&#8220; button_two_border_color__hover_enabled=&#8220;off&#8220; button_border_radius__hover_enabled=&#8220;off&#8220; button_one_border_radius__hover_enabled=&#8220;off&#8220; button_two_border_radius__hover_enabled=&#8220;off&#8220; button_letter_spacing__hover_enabled=&#8220;off&#8220; button_one_letter_spacing__hover_enabled=&#8220;off&#8220; button_two_letter_spacing__hover_enabled=&#8220;off&#8220; button_bg_color__hover_enabled=&#8220;off&#8220; button_one_bg_color__hover_enabled=&#8220;off&#8220; button_two_bg_color__hover_enabled=&#8220;off&#8220;]<img loading=\"lazy\" decoding=\"async\" class=\"wp-image-1473 alignleft size-medium\" src=\"https:\/\/frankfurter-arbeitsmarkt-forum.de\/wp-content\/uploads\/2025\/08\/Diakonie_Kopiert-300x34.png\" alt=\"\" width=\"353\" height=\"40\" \/><\/p>\n<p>&nbsp;<\/p>\n<p>&nbsp;<\/p>\n<p><span style=\"font-size: large;\"><strong>Diakonie Frankfurt und Offenbach<\/strong><\/span><\/p>\n<p>Kurt-Schumacher-Stra\u00dfe 31, 60313 Frankfurt<br \/>\n<strong>Ansprechpartnerin<\/strong>: Susanne Gietz-Shaikh<br \/>\n<strong>Website: <\/strong><a href=\"https:\/\/www.diakonie-frankfurt-offenbach.de\/ich-suche-hilfe\/wohnen-arbeit\/modekreativ-werkstatt\/\" target=\"_blank\" rel=\"noopener\">Diakonie Frankfurt <\/a><br \/>\n<strong>Telefon: <\/strong>069 2475 149 6202<br \/>\n<strong>E-Mail:<\/strong> <a href=\"mailto:susanne.gietz-shaikh@diakonie-frankfurt-offenbach.de\" target=\"_blank\" rel=\"noopener\">susanne.gietz-shaikh@diakonie-frankfurt-offenbach.de<\/a><\/p>\n<p><span style=\"color: #e09900;\">Frauen, Qualifizierung, Mode, Schneiderei, Deutschlernen, Besch\u00e4ftigungsma\u00dfnahmen\u00a0<\/span><br \/>\n[\/et_pb_cta][\/et_pb_column][et_pb_column type=&#8220;1_3&#8243; _builder_version=&#8220;4.27.4&#8243; _module_preset=&#8220;default&#8220; global_colors_info=&#8220;{}&#8220;][et_pb_cta button_url=&#8220;https:\/\/fswh.de\/&#8220; url_new_window=&#8220;on&#8220; button_text=&#8220;Mehr Infos&#8220; _builder_version=&#8220;4.27.4&#8243; _module_preset=&#8220;default&#8220; header_level=&#8220;h1&#8243; header_font=&#8220;Poppins|600|||||||&#8220; header_text_color=&#8220;gcid-body-color&#8220; header_font_size=&#8220;18px&#8220; header_line_height=&#8220;1.8em&#8220; body_font=&#8220;Open Sans||||||||&#8220; background_color=&#8220;#ffffff&#8220; custom_button=&#8220;on&#8220; button_text_size=&#8220;14px&#8220; button_text_color=&#8220;#ffffff&#8220; button_bg_color=&#8220;gcid-heading-color&#8220; button_border_width=&#8220;8px&#8220; button_border_color=&#8220;gcid-heading-color&#8220; button_border_radius=&#8220;100px&#8220; button_letter_spacing=&#8220;1px&#8220; button_font=&#8220;Poppins|600||on|||||&#8220; button_use_icon=&#8220;off&#8220; button_alignment=&#8220;left&#8220; text_orientation=&#8220;left&#8220; background_layout=&#8220;light&#8220; max_width=&#8220;100%&#8220; max_width_tablet=&#8220;&#8220; max_width_phone=&#8220;&#8220; max_width_last_edited=&#8220;on|desktop&#8220; display_conditions=&#8220;W10=&#8220; custom_padding=&#8220;|||&#8220; animation_style=&#8220;slide&#8220; animation_direction=&#8220;top&#8220; animation_intensity_slide=&#8220;10%&#8220; animation_starting_opacity=&#8220;80%&#8220; border_radii=&#8220;off|5px|5px|5px|54px&#8220; box_shadow_style=&#8220;preset3&#8243; box_shadow_vertical=&#8220;31px&#8220; box_shadow_blur=&#8220;40px&#8220; box_shadow_color=&#8220;rgba(11,9,26,0.1)&#8220; locked=&#8220;off&#8220; global_colors_info=&#8220;{%22gcid-body-color%22:%91%22header_text_color%22,%22header_text_color%22,%22header_text_color%22,%22header_text_color%22%93,%22gcid-036cd866-8991-4dee-af19-11b450332cb0%22:%91%22background_mask_color%22,%22background_mask_color%22,%22background_mask_color%22%93,%22gcid-heading-color%22:%91%22button_bg_color%22,%22button_border_color%22%93}&#8220; button_text_size__hover_enabled=&#8220;off&#8220; button_one_text_size__hover_enabled=&#8220;off&#8220; button_two_text_size__hover_enabled=&#8220;off&#8220; button_text_color__hover_enabled=&#8220;off&#8220; button_one_text_color__hover_enabled=&#8220;off&#8220; button_two_text_color__hover_enabled=&#8220;off&#8220; button_border_width__hover_enabled=&#8220;off&#8220; button_one_border_width__hover_enabled=&#8220;off&#8220; button_two_border_width__hover_enabled=&#8220;off&#8220; button_border_color__hover_enabled=&#8220;off&#8220; button_one_border_color__hover_enabled=&#8220;off&#8220; button_two_border_color__hover_enabled=&#8220;off&#8220; button_border_radius__hover_enabled=&#8220;off&#8220; button_one_border_radius__hover_enabled=&#8220;off&#8220; button_two_border_radius__hover_enabled=&#8220;off&#8220; button_letter_spacing__hover_enabled=&#8220;off&#8220; button_one_letter_spacing__hover_enabled=&#8220;off&#8220; button_two_letter_spacing__hover_enabled=&#8220;off&#8220; button_bg_color__hover_enabled=&#8220;off&#8220; button_one_bg_color__hover_enabled=&#8220;off&#8220; button_two_bg_color__hover_enabled=&#8220;off&#8220;]<img loading=\"lazy\" decoding=\"async\" class=\"wp-image-1045 alignright size-large\" style=\"float: left;\" src=\"https:\/\/frankfurter-arbeitsmarkt-forum.de\/wp-content\/uploads\/2025\/06\/4-1-150x150-1-1024x726.jpg\" alt=\"\" width=\"170\" height=\"121\" \/><\/p>\n<p>&nbsp;<\/p>\n<p>&nbsp;<\/p>\n<p>&nbsp;<\/p>\n<p>&nbsp;<\/p>\n<p>&nbsp;<\/p>\n<p>&nbsp;<\/p>\n<p><span style=\"font-size: large;\"><strong>Frauen-Softwarehaus e.V.<\/strong><\/span><\/p>\n<p>Hungener Stra\u00dfe 6, 60389 Frankfurt<br \/>\n<strong>Ansprechpartnerin<\/strong>: Petra Schimmer<br \/>\n<strong>Website: <\/strong><a href=\"https:\/\/fswh.de\/\" target=\"_blank\" rel=\"noopener\">www.fswh.de<\/a><br \/>\n<strong>Telefon: <\/strong>069 7411404<br \/>\n<strong>E-Mail:<\/strong> <a href=\"mailto:kontakt@fswh.de\" target=\"_blank\" rel=\"noopener\">kontakt@fswh.de<\/a><\/p>\n<p><span style=\"color: #e09900;\">Digitale Kompetenzen f\u00fcr Frauen, Computerkurse, berufliche Beratung, LernNetz, nur Frauen<\/span><br \/>\n[\/et_pb_cta][\/et_pb_column][et_pb_column type=&#8220;1_3&#8243; _builder_version=&#8220;4.27.4&#8243; _module_preset=&#8220;default&#8220; global_colors_info=&#8220;{}&#8220;][et_pb_cta button_url=&#8220;https:\/\/www.gffb.de\/angebote-fuer-menschen\/&#8220; url_new_window=&#8220;on&#8220; button_text=&#8220;Mehr Infos&#8220; _builder_version=&#8220;4.27.4&#8243; _module_preset=&#8220;default&#8220; header_level=&#8220;h1&#8243; header_font=&#8220;Poppins|600|||||||&#8220; header_text_color=&#8220;gcid-body-color&#8220; header_font_size=&#8220;18px&#8220; header_line_height=&#8220;1.8em&#8220; body_font=&#8220;Open Sans||||||||&#8220; background_color=&#8220;#ffffff&#8220; custom_button=&#8220;on&#8220; button_text_size=&#8220;14px&#8220; button_text_color=&#8220;#ffffff&#8220; button_bg_color=&#8220;gcid-heading-color&#8220; button_border_width=&#8220;8px&#8220; button_border_color=&#8220;gcid-heading-color&#8220; button_border_radius=&#8220;100px&#8220; button_letter_spacing=&#8220;1px&#8220; button_font=&#8220;Poppins|600||on|||||&#8220; button_use_icon=&#8220;off&#8220; button_alignment=&#8220;left&#8220; text_orientation=&#8220;left&#8220; background_layout=&#8220;light&#8220; max_width=&#8220;100%&#8220; max_width_tablet=&#8220;&#8220; max_width_phone=&#8220;&#8220; max_width_last_edited=&#8220;on|desktop&#8220; display_conditions=&#8220;W10=&#8220; custom_padding=&#8220;|||&#8220; animation_style=&#8220;slide&#8220; animation_direction=&#8220;top&#8220; animation_intensity_slide=&#8220;10%&#8220; animation_starting_opacity=&#8220;80%&#8220; border_radii=&#8220;off|5px|5px|5px|54px&#8220; box_shadow_style=&#8220;preset3&#8243; box_shadow_vertical=&#8220;31px&#8220; box_shadow_blur=&#8220;40px&#8220; box_shadow_color=&#8220;rgba(11,9,26,0.1)&#8220; locked=&#8220;off&#8220; global_colors_info=&#8220;{%22gcid-body-color%22:%91%22header_text_color%22,%22header_text_color%22,%22header_text_color%22,%22header_text_color%22%93,%22gcid-036cd866-8991-4dee-af19-11b450332cb0%22:%91%22background_mask_color%22,%22background_mask_color%22,%22background_mask_color%22%93,%22gcid-heading-color%22:%91%22button_bg_color%22,%22button_border_color%22%93,%22gcid-90b0afeb-82fb-4f11-97f1-4f5f7c3c09ec%22:%91%22button_bg_color%22%93}&#8220; button_text_size__hover_enabled=&#8220;off&#8220; button_one_text_size__hover_enabled=&#8220;off&#8220; button_two_text_size__hover_enabled=&#8220;off&#8220; button_text_color__hover_enabled=&#8220;off&#8220; button_one_text_color__hover_enabled=&#8220;off&#8220; button_two_text_color__hover_enabled=&#8220;off&#8220; button_border_width__hover_enabled=&#8220;off&#8220; button_one_border_width__hover_enabled=&#8220;off&#8220; button_two_border_width__hover_enabled=&#8220;off&#8220; button_border_color__hover_enabled=&#8220;off&#8220; button_one_border_color__hover_enabled=&#8220;off&#8220; button_two_border_color__hover_enabled=&#8220;off&#8220; button_border_radius__hover_enabled=&#8220;off&#8220; button_one_border_radius__hover_enabled=&#8220;off&#8220; button_two_border_radius__hover_enabled=&#8220;off&#8220; button_letter_spacing__hover_enabled=&#8220;off&#8220; button_one_letter_spacing__hover_enabled=&#8220;off&#8220; button_two_letter_spacing__hover_enabled=&#8220;off&#8220; button_bg_color__hover_enabled=&#8220;off&#8220; button_one_bg_color__hover_enabled=&#8220;off&#8220; button_two_bg_color__hover_enabled=&#8220;off&#8220;]<img loading=\"lazy\" decoding=\"async\" class=\"wp-image-1543 alignleft size-medium\" src=\"https:\/\/frankfurter-arbeitsmarkt-forum.de\/wp-content\/uploads\/2025\/08\/GFFB_Slogan-300x146.webp\" alt=\"\" width=\"171\" height=\"83\" \/><\/p>\n<p>&nbsp;<\/p>\n<p>&nbsp;<\/p>\n<p>&nbsp;<\/p>\n<p><strong><span style=\"font-size: large;\">GFFB gGmbH<\/span><\/strong><\/p>\n<p>Mainzer Landstra\u00dfe 349, 60326\u00a0 Frankfurt<br \/>\n<strong>Ansprechpartnerin<\/strong>: Laura Velis<br \/>\n<strong>Website: <\/strong><a href=\"https:\/\/www.gffb.de\/angebote-fuer-menschen\/\" target=\"_blank\" rel=\"noopener\">www.gffb.de<\/a><br \/>\n<strong>Telefon: <\/strong><span class=\"elementor-icon-list-text\">069 951097121<\/span><br \/>\n<strong>E-Mail:<\/strong> <a href=\"mailto:velis@gffb.de\" target=\"_blank\" rel=\"noopener\">velis@gffb.de<\/a><strong><br \/>\n<\/strong><\/p>\n<p><span style=\"color: #e09900;\">Deutschlernen, digitale Kompetenzen, Frauen, Grundbildung, Umschulung, Qualifizierung, Besch\u00e4ftigungsma\u00dfnahmen<\/span><br \/>\n[\/et_pb_cta][\/et_pb_column][\/et_pb_row][et_pb_row column_structure=&#8220;1_3,1_3,1_3&#8243; use_custom_gutter=&#8220;on&#8220; gutter_width=&#8220;2&#8243; make_equal=&#8220;on&#8220; module_class=&#8220;equal-heights&#8220; _builder_version=&#8220;4.27.4&#8243; _module_preset=&#8220;default&#8220; global_colors_info=&#8220;{}&#8220;][et_pb_column type=&#8220;1_3&#8243; _builder_version=&#8220;4.27.4&#8243; _module_preset=&#8220;default&#8220; global_colors_info=&#8220;{}&#8220;][et_pb_cta button_url=&#8220;https:\/\/gwr-frankfurt.de\/index.php?option=com_quix&#038;view=page&#038;id=36&#038;Itemid=115&#8243; url_new_window=&#8220;on&#8220; button_text=&#8220;Mehr Infos&#8220; _builder_version=&#8220;4.27.4&#8243; _module_preset=&#8220;default&#8220; header_level=&#8220;h1&#8243; header_font=&#8220;Poppins|600|||||||&#8220; header_text_color=&#8220;gcid-body-color&#8220; header_font_size=&#8220;18px&#8220; header_line_height=&#8220;1.8em&#8220; body_font=&#8220;Open Sans||||||||&#8220; background_color=&#8220;#ffffff&#8220; custom_button=&#8220;on&#8220; button_text_size=&#8220;14px&#8220; button_text_color=&#8220;#ffffff&#8220; button_bg_color=&#8220;gcid-heading-color&#8220; button_border_width=&#8220;8px&#8220; button_border_color=&#8220;gcid-heading-color&#8220; button_border_radius=&#8220;100px&#8220; button_letter_spacing=&#8220;1px&#8220; button_font=&#8220;Poppins|600||on|||||&#8220; button_use_icon=&#8220;off&#8220; button_alignment=&#8220;left&#8220; text_orientation=&#8220;left&#8220; background_layout=&#8220;light&#8220; max_width=&#8220;100%&#8220; max_width_tablet=&#8220;&#8220; max_width_phone=&#8220;&#8220; max_width_last_edited=&#8220;on|desktop&#8220; display_conditions=&#8220;W10=&#8220; custom_padding=&#8220;|||&#8220; animation_style=&#8220;slide&#8220; animation_direction=&#8220;top&#8220; animation_intensity_slide=&#8220;10%&#8220; animation_starting_opacity=&#8220;80%&#8220; border_radii=&#8220;off|5px|5px|5px|54px&#8220; box_shadow_style=&#8220;preset3&#8243; box_shadow_vertical=&#8220;31px&#8220; box_shadow_blur=&#8220;40px&#8220; box_shadow_color=&#8220;rgba(11,9,26,0.1)&#8220; locked=&#8220;off&#8220; global_colors_info=&#8220;{%22gcid-body-color%22:%91%22header_text_color%22,%22header_text_color%22,%22header_text_color%22,%22header_text_color%22,%22header_text_color%22%93,%22gcid-036cd866-8991-4dee-af19-11b450332cb0%22:%91%22background_mask_color%22,%22background_mask_color%22,%22background_mask_color%22,%22background_mask_color%22%93,%22gcid-heading-color%22:%91%22button_bg_color%22,%22button_border_color%22%93}&#8220; button_text_size__hover_enabled=&#8220;off&#8220; button_one_text_size__hover_enabled=&#8220;off&#8220; button_two_text_size__hover_enabled=&#8220;off&#8220; button_text_color__hover_enabled=&#8220;off&#8220; button_one_text_color__hover_enabled=&#8220;off&#8220; button_two_text_color__hover_enabled=&#8220;off&#8220; button_border_width__hover_enabled=&#8220;off&#8220; button_one_border_width__hover_enabled=&#8220;off&#8220; button_two_border_width__hover_enabled=&#8220;off&#8220; button_border_color__hover_enabled=&#8220;off&#8220; button_one_border_color__hover_enabled=&#8220;off&#8220; button_two_border_color__hover_enabled=&#8220;off&#8220; button_border_radius__hover_enabled=&#8220;off&#8220; button_one_border_radius__hover_enabled=&#8220;off&#8220; button_two_border_radius__hover_enabled=&#8220;off&#8220; button_letter_spacing__hover_enabled=&#8220;off&#8220; button_one_letter_spacing__hover_enabled=&#8220;off&#8220; button_two_letter_spacing__hover_enabled=&#8220;off&#8220; button_bg_color__hover_enabled=&#8220;off&#8220; button_one_bg_color__hover_enabled=&#8220;off&#8220; button_two_bg_color__hover_enabled=&#8220;off&#8220;]<img loading=\"lazy\" decoding=\"async\" class=\"wp-image-1544 alignleft size-medium\" src=\"https:\/\/frankfurter-arbeitsmarkt-forum.de\/wp-content\/uploads\/2025\/08\/GWE_Kopiert-300x163.webp\" alt=\"\" width=\"136\" height=\"74\" \/><\/p>\n<p>&nbsp;<\/p>\n<p>&nbsp;<\/p>\n<p>&nbsp;<\/p>\n<p>&nbsp;<\/p>\n<p><span style=\"font-size: large;\"><strong>GWR gemeinn\u00fctzige Gesellschaft f\u00fcr Wiederverwendung und Recycling mbH<\/strong><\/span><\/p>\n<p>L\u00e4rchenstra\u00dfe 131, 65933 Frankfurt<br \/>\n<strong>Ansprechpartnerin<\/strong>: Stephanie Jung-Zwerger<br \/>\n<strong>Website: <\/strong><a href=\"https:\/\/gwr-frankfurt.de\/index.php?option=com_quix&amp;view=page&amp;id=36&amp;Itemid=115\" target=\"_blank\" rel=\"noopener\">www.gwr-frankfurt.de<\/a><br \/>\n<strong>Telefon: <\/strong>069 942163 100<br \/>\n<strong>E-Mail:<\/strong> <a href=\"mailto:kontakt@gwr-frankfurt.de\" target=\"_blank\" rel=\"noopener\">kontakt@gwr-frankfurt.de<\/a><\/p>\n<p><span style=\"color: #e09900;\">Qualifizierung, Gefl\u00fcchtete, Frankfurter Weg zum Berufsabschluss, Lager, Logistik, Einzelhandel<\/span><br \/>\n[\/et_pb_cta][\/et_pb_column][et_pb_column type=&#8220;1_3&#8243; _builder_version=&#8220;4.27.4&#8243; _module_preset=&#8220;default&#8220; global_colors_info=&#8220;{}&#8220;][et_pb_cta button_url=&#8220;https:\/\/www.vae-ev.de\/einrichtung\/k9\/&#8220; url_new_window=&#8220;on&#8220; button_text=&#8220;Mehr Infos&#8220; _builder_version=&#8220;4.27.4&#8243; _module_preset=&#8220;default&#8220; header_level=&#8220;h1&#8243; header_font=&#8220;Poppins|600|||||||&#8220; header_text_color=&#8220;gcid-body-color&#8220; header_font_size=&#8220;18px&#8220; header_line_height=&#8220;1.8em&#8220; body_font=&#8220;Open Sans||||||||&#8220; background_color=&#8220;#ffffff&#8220; custom_button=&#8220;on&#8220; button_text_size=&#8220;14px&#8220; button_text_color=&#8220;#ffffff&#8220; button_bg_color=&#8220;gcid-heading-color&#8220; button_border_width=&#8220;8px&#8220; button_border_color=&#8220;gcid-heading-color&#8220; button_border_radius=&#8220;100px&#8220; button_letter_spacing=&#8220;1px&#8220; button_font=&#8220;Poppins|600||on|||||&#8220; button_use_icon=&#8220;off&#8220; button_alignment=&#8220;left&#8220; text_orientation=&#8220;left&#8220; background_layout=&#8220;light&#8220; max_width=&#8220;100%&#8220; max_width_tablet=&#8220;&#8220; max_width_phone=&#8220;&#8220; max_width_last_edited=&#8220;on|desktop&#8220; display_conditions=&#8220;W10=&#8220; custom_padding=&#8220;|||&#8220; animation_style=&#8220;slide&#8220; animation_direction=&#8220;top&#8220; animation_intensity_slide=&#8220;10%&#8220; animation_starting_opacity=&#8220;80%&#8220; border_radii=&#8220;off|5px|5px|5px|54px&#8220; box_shadow_style=&#8220;preset3&#8243; box_shadow_vertical=&#8220;31px&#8220; box_shadow_blur=&#8220;40px&#8220; box_shadow_color=&#8220;rgba(11,9,26,0.1)&#8220; locked=&#8220;off&#8220; global_colors_info=&#8220;{%22gcid-body-color%22:%91%22header_text_color%22,%22header_text_color%22,%22header_text_color%22,%22header_text_color%22%93,%22gcid-036cd866-8991-4dee-af19-11b450332cb0%22:%91%22background_mask_color%22,%22background_mask_color%22,%22background_mask_color%22%93,%22gcid-heading-color%22:%91%22button_bg_color%22,%22button_border_color%22%93}&#8220; button_text_size__hover_enabled=&#8220;off&#8220; button_one_text_size__hover_enabled=&#8220;off&#8220; button_two_text_size__hover_enabled=&#8220;off&#8220; button_text_color__hover_enabled=&#8220;off&#8220; button_one_text_color__hover_enabled=&#8220;off&#8220; button_two_text_color__hover_enabled=&#8220;off&#8220; button_border_width__hover_enabled=&#8220;off&#8220; button_one_border_width__hover_enabled=&#8220;off&#8220; button_two_border_width__hover_enabled=&#8220;off&#8220; button_border_color__hover_enabled=&#8220;off&#8220; button_one_border_color__hover_enabled=&#8220;off&#8220; button_two_border_color__hover_enabled=&#8220;off&#8220; button_border_radius__hover_enabled=&#8220;off&#8220; button_one_border_radius__hover_enabled=&#8220;off&#8220; button_two_border_radius__hover_enabled=&#8220;off&#8220; button_letter_spacing__hover_enabled=&#8220;off&#8220; button_one_letter_spacing__hover_enabled=&#8220;off&#8220; button_two_letter_spacing__hover_enabled=&#8220;off&#8220; button_bg_color__hover_enabled=&#8220;off&#8220; button_one_bg_color__hover_enabled=&#8220;off&#8220; button_two_bg_color__hover_enabled=&#8220;off&#8220;]<\/p>\n<h1><img loading=\"lazy\" decoding=\"async\" class=\"wp-image-25990471 alignleft size-medium\" src=\"https:\/\/frankfurter-arbeitsmarkt-forum.de\/wp-content\/uploads\/2025\/10\/Logo-idh-Kopie-8be85e22-1-300x55.webp\" alt=\"\" width=\"338\" height=\"62\" \/><\/h1>\n<h1><\/h1>\n<h1><\/h1>\n<p>&nbsp;<\/p>\n<p>&nbsp;<\/p>\n<p>&nbsp;<\/p>\n<p>&nbsp;<\/p>\n<p><strong><span style=\"font-size: large;\">Integrative drogenhilfe e.V.<\/span><\/strong><\/p>\n<p>Schielestra\u00dfe 22-26, 60314 Frankfurt<br \/>\n<strong>Ansprechpartner<\/strong>: Sevil Inci<br \/>\n<strong>Website: <\/strong><a href=\"https:\/\/www.idh-frankfurt.de\/\">www.idh-frankfurt.de<\/a><br \/>\n<strong>Telefon: <\/strong>069 94 19 70-0<br \/>\n<strong>E-Mail:<\/strong> \u00a0<a href=\"mailto:alexander.klein@vae-ev.de\" target=\"_blank\" rel=\"noopener\">info@idh-frankfurt.de<\/a><\/p>\n<p><span style=\"color: #e09900;\">Tagesstruktur, Besch\u00e4ftigungsma\u00dfnahmen, Menschen mit Suchtproblematiken<\/span><br \/>\n[\/et_pb_cta][\/et_pb_column][et_pb_column type=&#8220;1_3&#8243; _builder_version=&#8220;4.27.4&#8243; _module_preset=&#8220;default&#8220; global_colors_info=&#8220;{}&#8220;][et_pb_cta button_url=&#8220;https:\/\/www.jumpp.de\/&#8220; url_new_window=&#8220;on&#8220; button_text=&#8220;Mehr Infos&#8220; _builder_version=&#8220;4.27.4&#8243; _module_preset=&#8220;default&#8220; header_level=&#8220;h1&#8243; header_font=&#8220;Poppins|600|||||||&#8220; header_text_color=&#8220;gcid-body-color&#8220; header_font_size=&#8220;18px&#8220; header_line_height=&#8220;1.8em&#8220; body_font=&#8220;Open Sans||||||||&#8220; background_color=&#8220;#ffffff&#8220; custom_button=&#8220;on&#8220; button_text_size=&#8220;14px&#8220; button_text_color=&#8220;#ffffff&#8220; button_bg_color=&#8220;gcid-heading-color&#8220; button_border_width=&#8220;8px&#8220; button_border_color=&#8220;gcid-heading-color&#8220; button_border_radius=&#8220;100px&#8220; button_letter_spacing=&#8220;1px&#8220; button_font=&#8220;Poppins|600||on|||||&#8220; button_use_icon=&#8220;off&#8220; button_alignment=&#8220;left&#8220; text_orientation=&#8220;left&#8220; background_layout=&#8220;light&#8220; max_width=&#8220;100%&#8220; max_width_tablet=&#8220;&#8220; max_width_phone=&#8220;&#8220; max_width_last_edited=&#8220;on|desktop&#8220; display_conditions=&#8220;W10=&#8220; custom_padding=&#8220;|||&#8220; animation_style=&#8220;slide&#8220; animation_direction=&#8220;top&#8220; animation_intensity_slide=&#8220;10%&#8220; animation_starting_opacity=&#8220;80%&#8220; border_radii=&#8220;off|5px|5px|5px|54px&#8220; box_shadow_style=&#8220;preset3&#8243; box_shadow_vertical=&#8220;31px&#8220; box_shadow_blur=&#8220;40px&#8220; box_shadow_color=&#8220;rgba(11,9,26,0.1)&#8220; locked=&#8220;off&#8220; global_colors_info=&#8220;{%22gcid-body-color%22:%91%22header_text_color%22,%22header_text_color%22,%22header_text_color%22,%22header_text_color%22%93,%22gcid-036cd866-8991-4dee-af19-11b450332cb0%22:%91%22background_mask_color%22,%22background_mask_color%22,%22background_mask_color%22%93,%22gcid-heading-color%22:%91%22button_bg_color%22,%22button_border_color%22%93}&#8220; button_text_size__hover_enabled=&#8220;off&#8220; button_one_text_size__hover_enabled=&#8220;off&#8220; button_two_text_size__hover_enabled=&#8220;off&#8220; button_text_color__hover_enabled=&#8220;off&#8220; button_one_text_color__hover_enabled=&#8220;off&#8220; button_two_text_color__hover_enabled=&#8220;off&#8220; button_border_width__hover_enabled=&#8220;off&#8220; button_one_border_width__hover_enabled=&#8220;off&#8220; button_two_border_width__hover_enabled=&#8220;off&#8220; button_border_color__hover_enabled=&#8220;off&#8220; button_one_border_color__hover_enabled=&#8220;off&#8220; button_two_border_color__hover_enabled=&#8220;off&#8220; button_border_radius__hover_enabled=&#8220;off&#8220; button_one_border_radius__hover_enabled=&#8220;off&#8220; button_two_border_radius__hover_enabled=&#8220;off&#8220; button_letter_spacing__hover_enabled=&#8220;off&#8220; button_one_letter_spacing__hover_enabled=&#8220;off&#8220; button_two_letter_spacing__hover_enabled=&#8220;off&#8220; button_bg_color__hover_enabled=&#8220;off&#8220; button_one_bg_color__hover_enabled=&#8220;off&#8220; button_two_bg_color__hover_enabled=&#8220;off&#8220;]<img loading=\"lazy\" decoding=\"async\" class=\"wp-image-1538 alignleft size-medium\" src=\"https:\/\/frankfurter-arbeitsmarkt-forum.de\/wp-content\/uploads\/2025\/08\/jumpp_logo_farbig_mclaim-300x97.png\" alt=\"\" width=\"213\" height=\"69\" srcset=\"https:\/\/frankfurter-arbeitsmarkt-forum.de\/wp-content\/uploads\/2025\/08\/jumpp_logo_farbig_mclaim-300x97.png 300w, https:\/\/frankfurter-arbeitsmarkt-forum.de\/wp-content\/uploads\/2025\/08\/jumpp_logo_farbig_mclaim.png 453w\" sizes=\"(max-width: 213px) 100vw, 213px\" \/><\/p>\n<p>&nbsp;<\/p>\n<p>&nbsp;<\/p>\n<p>&nbsp;<\/p>\n<p>&nbsp;<\/p>\n<p>&nbsp;<\/p>\n<p><span style=\"font-size: large;\"><strong>jumpp \u2013 Frauenbetriebe e.V.<\/strong><\/span><\/p>\n<p>Hamburger Allee 96, 60486 Frankfurt<br \/>\n<strong>Ansprechpartnerin<\/strong>: Unica Peters<br \/>\n<strong>Website: <\/strong><a href=\"https:\/\/www.jumpp.de\/\" target=\"_blank\" rel=\"noopener\">www.jumpp.de<\/a><br \/>\n<strong>Telefon: <\/strong>069 715 89 550<br \/>\n<strong>E-Mail: <\/strong><a href=\"mailto:info@jumpp.de\" target=\"_blank\" rel=\"noopener\">info@jumpp.de<\/a><\/p>\n<p><span style=\"color: #e09900;\">Hochqualifizierte gefl\u00fcchtete Frauen, Existenzgr\u00fcndung f\u00fcr Frauen, Gr\u00fcndungsberatung f\u00fcr Frauen\u00a0<\/span><br \/>\n[\/et_pb_cta][\/et_pb_column][\/et_pb_row][et_pb_row column_structure=&#8220;1_3,1_3,1_3&#8243; use_custom_gutter=&#8220;on&#8220; gutter_width=&#8220;2&#8243; make_equal=&#8220;on&#8220; module_class=&#8220;equal-heights&#8220; _builder_version=&#8220;4.27.4&#8243; _module_preset=&#8220;default&#8220; global_colors_info=&#8220;{}&#8220;][et_pb_column type=&#8220;1_3&#8243; _builder_version=&#8220;4.27.4&#8243; _module_preset=&#8220;default&#8220; global_colors_info=&#8220;{}&#8220;][et_pb_cta button_url=&#8220;https:\/\/www.kiz-gallus.de\/&#8220; url_new_window=&#8220;on&#8220; button_text=&#8220;Mehr Infos&#8220; _builder_version=&#8220;4.27.4&#8243; _module_preset=&#8220;default&#8220; header_level=&#8220;h1&#8243; header_font=&#8220;Poppins|600|||||||&#8220; header_text_color=&#8220;gcid-body-color&#8220; header_font_size=&#8220;18px&#8220; header_line_height=&#8220;1.8em&#8220; body_font=&#8220;Open Sans||||||||&#8220; background_color=&#8220;#ffffff&#8220; custom_button=&#8220;on&#8220; button_text_size=&#8220;14px&#8220; button_text_color=&#8220;#ffffff&#8220; button_bg_color=&#8220;gcid-heading-color&#8220; button_border_width=&#8220;8px&#8220; button_border_color=&#8220;gcid-heading-color&#8220; button_border_radius=&#8220;100px&#8220; button_letter_spacing=&#8220;1px&#8220; button_font=&#8220;Poppins|600||on|||||&#8220; button_use_icon=&#8220;off&#8220; button_alignment=&#8220;left&#8220; text_orientation=&#8220;left&#8220; background_layout=&#8220;light&#8220; max_width=&#8220;100%&#8220; max_width_tablet=&#8220;&#8220; max_width_phone=&#8220;&#8220; max_width_last_edited=&#8220;on|desktop&#8220; display_conditions=&#8220;W10=&#8220; custom_padding=&#8220;|||&#8220; animation_style=&#8220;slide&#8220; animation_direction=&#8220;top&#8220; animation_intensity_slide=&#8220;10%&#8220; animation_starting_opacity=&#8220;80%&#8220; border_radii=&#8220;off|5px|5px|5px|54px&#8220; box_shadow_style=&#8220;preset3&#8243; box_shadow_vertical=&#8220;31px&#8220; box_shadow_blur=&#8220;40px&#8220; box_shadow_color=&#8220;rgba(11,9,26,0.1)&#8220; locked=&#8220;off&#8220; global_colors_info=&#8220;{%22gcid-body-color%22:%91%22header_text_color%22,%22header_text_color%22,%22header_text_color%22,%22header_text_color%22,%22header_text_color%22,%22header_text_color%22,%22header_text_color%22%93,%22gcid-036cd866-8991-4dee-af19-11b450332cb0%22:%91%22background_mask_color%22,%22background_mask_color%22,%22background_mask_color%22,%22background_mask_color%22,%22background_mask_color%22%93,%22gcid-heading-color%22:%91%22button_bg_color%22,%22button_border_color%22%93}&#8220; button_text_size__hover_enabled=&#8220;off&#8220; button_one_text_size__hover_enabled=&#8220;off&#8220; button_two_text_size__hover_enabled=&#8220;off&#8220; button_text_color__hover_enabled=&#8220;off&#8220; button_one_text_color__hover_enabled=&#8220;off&#8220; button_two_text_color__hover_enabled=&#8220;off&#8220; button_border_width__hover_enabled=&#8220;off&#8220; button_one_border_width__hover_enabled=&#8220;off&#8220; button_two_border_width__hover_enabled=&#8220;off&#8220; button_border_color__hover_enabled=&#8220;off&#8220; button_one_border_color__hover_enabled=&#8220;off&#8220; button_two_border_color__hover_enabled=&#8220;off&#8220; button_border_radius__hover_enabled=&#8220;off&#8220; button_one_border_radius__hover_enabled=&#8220;off&#8220; button_two_border_radius__hover_enabled=&#8220;off&#8220; button_letter_spacing__hover_enabled=&#8220;off&#8220; button_one_letter_spacing__hover_enabled=&#8220;off&#8220; button_two_letter_spacing__hover_enabled=&#8220;off&#8220; button_bg_color__hover_enabled=&#8220;off&#8220; button_one_bg_color__hover_enabled=&#8220;off&#8220; button_two_bg_color__hover_enabled=&#8220;off&#8220;]<img loading=\"lazy\" decoding=\"async\" class=\"wp-image-992 size-thumbnail\" style=\"float: left;\" src=\"https:\/\/frankfurter-arbeitsmarkt-forum.de\/wp-content\/uploads\/2025\/07\/3-1-150x150.jpg\" alt=\"\" width=\"103\" height=\"103\" \/><\/p>\n<p>&nbsp;<\/p>\n<p>&nbsp;<\/p>\n<p>&nbsp;<\/p>\n<p>&nbsp;<\/p>\n<p>&nbsp;<\/p>\n<p><span style=\"font-size: large;\"><strong>Kinder im Zentrum Gallus e.V.<\/strong><\/span><\/p>\n<p>Idsteiner Stra\u00dfe 91, 60326 Frankfurt<br \/>\n<strong>Ansprechpartnerin<\/strong>: Ursula Werder<br \/>\n<strong>Website: <\/strong><a href=\"https:\/\/www.kiz-gallus.de\/\" target=\"_blank\" rel=\"noopener\">www.kiz-gallus.de<\/a><br \/>\n<strong>Telefon: <\/strong>069 75846666<br \/>\n<strong>E-Mail:\u00a0<\/strong><a href=\"mailto:info@kiz-gallus.org\" target=\"_blank\" rel=\"noopener\">info@kiz-gallus.org<\/a><\/p>\n<p><span style=\"color: #e09900;\">Berufliche Orientierung, Sozialberatung, Teilqualifizierung, Hauswirtschaft, LernNetz, Deutschlernen<\/span><br \/>\n[\/et_pb_cta][\/et_pb_column][et_pb_column type=&#8220;1_3&#8243; _builder_version=&#8220;4.27.4&#8243; _module_preset=&#8220;default&#8220; global_colors_info=&#8220;{}&#8220;][et_pb_cta button_url=&#8220;https:\/\/www.kompassfrankfurt.de\/&#8220; url_new_window=&#8220;on&#8220; button_text=&#8220;Mehr Infos&#8220; _builder_version=&#8220;4.27.4&#8243; _module_preset=&#8220;default&#8220; header_level=&#8220;h1&#8243; header_font=&#8220;Poppins|600|||||||&#8220; header_text_color=&#8220;gcid-body-color&#8220; header_font_size=&#8220;18px&#8220; header_line_height=&#8220;1.8em&#8220; body_font=&#8220;Open Sans||||||||&#8220; background_color=&#8220;#ffffff&#8220; custom_button=&#8220;on&#8220; button_text_size=&#8220;14px&#8220; button_text_color=&#8220;#ffffff&#8220; button_bg_color=&#8220;gcid-heading-color&#8220; button_border_width=&#8220;8px&#8220; button_border_color=&#8220;gcid-heading-color&#8220; button_border_radius=&#8220;100px&#8220; button_letter_spacing=&#8220;1px&#8220; button_font=&#8220;Poppins|600||on|||||&#8220; button_use_icon=&#8220;off&#8220; button_alignment=&#8220;left&#8220; text_orientation=&#8220;left&#8220; background_layout=&#8220;light&#8220; max_width=&#8220;100%&#8220; max_width_tablet=&#8220;&#8220; max_width_phone=&#8220;&#8220; max_width_last_edited=&#8220;on|desktop&#8220; display_conditions=&#8220;W10=&#8220; custom_padding=&#8220;|||&#8220; animation_style=&#8220;slide&#8220; animation_direction=&#8220;top&#8220; animation_intensity_slide=&#8220;10%&#8220; animation_starting_opacity=&#8220;80%&#8220; border_radii=&#8220;off|5px|5px|5px|54px&#8220; box_shadow_style=&#8220;preset3&#8243; box_shadow_vertical=&#8220;31px&#8220; box_shadow_blur=&#8220;40px&#8220; box_shadow_color=&#8220;rgba(11,9,26,0.1)&#8220; locked=&#8220;off&#8220; global_colors_info=&#8220;{%22gcid-body-color%22:%91%22header_text_color%22,%22header_text_color%22,%22header_text_color%22,%22header_text_color%22,%22header_text_color%22,%22header_text_color%22,%22header_text_color%22%93,%22gcid-036cd866-8991-4dee-af19-11b450332cb0%22:%91%22background_mask_color%22,%22background_mask_color%22,%22background_mask_color%22,%22background_mask_color%22,%22background_mask_color%22%93,%22gcid-heading-color%22:%91%22button_bg_color%22,%22button_border_color%22%93}&#8220; button_text_size__hover_enabled=&#8220;off&#8220; button_one_text_size__hover_enabled=&#8220;off&#8220; button_two_text_size__hover_enabled=&#8220;off&#8220; button_text_color__hover_enabled=&#8220;off&#8220; button_one_text_color__hover_enabled=&#8220;off&#8220; button_two_text_color__hover_enabled=&#8220;off&#8220; button_border_width__hover_enabled=&#8220;off&#8220; button_one_border_width__hover_enabled=&#8220;off&#8220; button_two_border_width__hover_enabled=&#8220;off&#8220; button_border_color__hover_enabled=&#8220;off&#8220; button_one_border_color__hover_enabled=&#8220;off&#8220; button_two_border_color__hover_enabled=&#8220;off&#8220; button_border_radius__hover_enabled=&#8220;off&#8220; button_one_border_radius__hover_enabled=&#8220;off&#8220; button_two_border_radius__hover_enabled=&#8220;off&#8220; button_letter_spacing__hover_enabled=&#8220;off&#8220; button_one_letter_spacing__hover_enabled=&#8220;off&#8220; button_two_letter_spacing__hover_enabled=&#8220;off&#8220; button_bg_color__hover_enabled=&#8220;off&#8220; button_one_bg_color__hover_enabled=&#8220;off&#8220; button_two_bg_color__hover_enabled=&#8220;off&#8220;]<img loading=\"lazy\" decoding=\"async\" class=\"wp-image-1536 alignleft size-medium\" style=\"float: left;\" src=\"https:\/\/frankfurter-arbeitsmarkt-forum.de\/wp-content\/uploads\/2025\/08\/Kompass_Logo_web-300x59.png\" alt=\"\" width=\"275\" height=\"54\" \/><\/p>\n<p>&nbsp;<\/p>\n<p>&nbsp;<\/p>\n<p>&nbsp;<\/p>\n<p>&nbsp;<\/p>\n<p>&nbsp;<\/p>\n<p><span style=\"font-size: large;\"><strong>Kompass Zentrum f\u00fcr Existenzgr\u00fcndungen gGmbH<\/strong><\/span><\/p>\n<p>Hanauer Landstra\u00dfe 521, 60386 Frankfurt<br \/>\n<strong>Ansprechpartnerin<\/strong>: Ellen Bommersheim<br \/>\n<strong>Website: <\/strong><a href=\"https:\/\/www.kompassfrankfurt.de\/\" target=\"_blank\" rel=\"noopener\">www.kompassfrankfurt.de<\/a><br \/>\n<strong>Telefon: <\/strong>069 219780<br \/>\n<strong>E-Mail:<\/strong> <a href=\"mailto:\" target=\"_blank\" rel=\"noopener\">info@kompassfrankfurt.de<\/a><\/p>\n<p><span style=\"color: #e09900;\">Existenzgr\u00fcndung, Selbstst\u00e4ndigkeit, Gr\u00fcndungsberatung, Gefl\u00fcchtete<\/span><br \/>\n[\/et_pb_cta][\/et_pb_column][et_pb_column type=&#8220;1_3&#8243; _builder_version=&#8220;4.27.4&#8243; _module_preset=&#8220;default&#8220; global_colors_info=&#8220;{}&#8220;][et_pb_cta button_url=&#8220;https:\/\/projektmoses.de\/&#8220; url_new_window=&#8220;on&#8220; button_text=&#8220;Mehr Infos&#8220; _builder_version=&#8220;4.27.4&#8243; _module_preset=&#8220;default&#8220; header_level=&#8220;h1&#8243; header_font=&#8220;Poppins|600|||||||&#8220; header_text_color=&#8220;gcid-body-color&#8220; header_font_size=&#8220;18px&#8220; header_line_height=&#8220;1.8em&#8220; body_font=&#8220;Open Sans||||||||&#8220; background_color=&#8220;#ffffff&#8220; custom_button=&#8220;on&#8220; button_text_size=&#8220;14px&#8220; button_text_color=&#8220;#ffffff&#8220; button_bg_color=&#8220;gcid-heading-color&#8220; button_border_width=&#8220;8px&#8220; button_border_color=&#8220;gcid-heading-color&#8220; button_border_radius=&#8220;100px&#8220; button_letter_spacing=&#8220;1px&#8220; button_font=&#8220;Poppins|600||on|||||&#8220; button_use_icon=&#8220;off&#8220; button_alignment=&#8220;left&#8220; text_orientation=&#8220;left&#8220; background_layout=&#8220;light&#8220; max_width=&#8220;100%&#8220; max_width_tablet=&#8220;&#8220; max_width_phone=&#8220;&#8220; max_width_last_edited=&#8220;on|desktop&#8220; display_conditions=&#8220;W10=&#8220; custom_padding=&#8220;|||&#8220; animation_style=&#8220;slide&#8220; animation_direction=&#8220;top&#8220; animation_intensity_slide=&#8220;10%&#8220; animation_starting_opacity=&#8220;80%&#8220; border_radii=&#8220;off|5px|5px|5px|54px&#8220; box_shadow_style=&#8220;preset3&#8243; box_shadow_vertical=&#8220;31px&#8220; box_shadow_blur=&#8220;40px&#8220; box_shadow_color=&#8220;rgba(11,9,26,0.1)&#8220; locked=&#8220;off&#8220; global_colors_info=&#8220;{%22gcid-body-color%22:%91%22header_text_color%22,%22header_text_color%22,%22header_text_color%22,%22header_text_color%22,%22header_text_color%22,%22header_text_color%22,%22header_text_color%22%93,%22gcid-036cd866-8991-4dee-af19-11b450332cb0%22:%91%22background_mask_color%22,%22background_mask_color%22,%22background_mask_color%22,%22background_mask_color%22,%22background_mask_color%22%93,%22gcid-heading-color%22:%91%22button_bg_color%22,%22button_border_color%22%93}&#8220; button_text_size__hover_enabled=&#8220;off&#8220; button_one_text_size__hover_enabled=&#8220;off&#8220; button_two_text_size__hover_enabled=&#8220;off&#8220; button_text_color__hover_enabled=&#8220;off&#8220; button_one_text_color__hover_enabled=&#8220;off&#8220; button_two_text_color__hover_enabled=&#8220;off&#8220; button_border_width__hover_enabled=&#8220;off&#8220; button_one_border_width__hover_enabled=&#8220;off&#8220; button_two_border_width__hover_enabled=&#8220;off&#8220; button_border_color__hover_enabled=&#8220;off&#8220; button_one_border_color__hover_enabled=&#8220;off&#8220; button_two_border_color__hover_enabled=&#8220;off&#8220; button_border_radius__hover_enabled=&#8220;off&#8220; button_one_border_radius__hover_enabled=&#8220;off&#8220; button_two_border_radius__hover_enabled=&#8220;off&#8220; button_letter_spacing__hover_enabled=&#8220;off&#8220; button_one_letter_spacing__hover_enabled=&#8220;off&#8220; button_two_letter_spacing__hover_enabled=&#8220;off&#8220; button_bg_color__hover_enabled=&#8220;off&#8220; button_one_bg_color__hover_enabled=&#8220;off&#8220; button_two_bg_color__hover_enabled=&#8220;off&#8220;]<\/p>\n<h1><img loading=\"lazy\" decoding=\"async\" class=\"wp-image-25990486 alignleft size-medium\" src=\"https:\/\/frankfurter-arbeitsmarkt-forum.de\/wp-content\/uploads\/2025\/10\/01-Logo-Projekt-Moses-Final_72dpi-300x154.png\" alt=\"\" width=\"176\" height=\"90\" \/><\/h1>\n<p>&nbsp;<\/p>\n<p>&nbsp;<\/p>\n<p>&nbsp;<\/p>\n<p>&nbsp;<\/p>\n<p>&nbsp;<\/p>\n<p>&nbsp;<\/p>\n<p><span style=\"font-size: large;\"><strong>Projekt Moses Jugend- und Sozialwerk e.V.<\/strong><\/span><\/p>\n<p>Ubuntu-Haus, Rehstra\u00dfe 23c, 65933\u00a0 Frankfurt<br \/>\n<strong>Ansprechpartner<\/strong>: Zerai Kiros Abraham<br \/>\n<strong>Website: <\/strong><a href=\"https:\/\/projektmoses.de\/\" target=\"_blank\" rel=\"noopener\">www.projektmoses.de<\/a><br \/>\n<strong>Telefon:<\/strong> 069 90029470<br \/>\n<strong>E-Mail:<\/strong> <a href=\"mailto:info@projektmoses.de\" target=\"_blank\" rel=\"noopener\">info@projektmoses.de<\/a><strong><br \/>\n<\/strong><\/p>\n<p><span style=\"color: #e09900;\">Gefl\u00fcchtete, Ostafrika, berufliche Beratung, berufliche Orientierung, Deutschlernen\u00a0<\/span><br \/>\n[\/et_pb_cta][\/et_pb_column][\/et_pb_row][et_pb_row column_structure=&#8220;1_3,1_3,1_3&#8243; use_custom_gutter=&#8220;on&#8220; gutter_width=&#8220;2&#8243; make_equal=&#8220;on&#8220; module_class=&#8220;equal-heights&#8220; _builder_version=&#8220;4.27.4&#8243; _module_preset=&#8220;default&#8220; global_colors_info=&#8220;{}&#8220;][et_pb_column type=&#8220;1_3&#8243; _builder_version=&#8220;4.27.4&#8243; _module_preset=&#8220;default&#8220; global_colors_info=&#8220;{}&#8220;][et_pb_cta button_url=&#8220;https:\/\/www.smart-work-frankfurt.de\/&#8220; url_new_window=&#8220;on&#8220; button_text=&#8220;Mehr Infos&#8220; _builder_version=&#8220;4.27.4&#8243; _module_preset=&#8220;default&#8220; header_level=&#8220;h1&#8243; header_font=&#8220;Poppins|600|||||||&#8220; header_text_color=&#8220;gcid-body-color&#8220; header_font_size=&#8220;18px&#8220; header_line_height=&#8220;1.8em&#8220; body_font=&#8220;Open Sans||||||||&#8220; background_color=&#8220;#ffffff&#8220; custom_button=&#8220;on&#8220; button_text_size=&#8220;14px&#8220; button_text_color=&#8220;#ffffff&#8220; button_bg_color=&#8220;gcid-heading-color&#8220; button_border_width=&#8220;8px&#8220; button_border_color=&#8220;gcid-heading-color&#8220; button_border_radius=&#8220;100px&#8220; button_letter_spacing=&#8220;1px&#8220; button_font=&#8220;Poppins|600||on|||||&#8220; button_use_icon=&#8220;off&#8220; button_alignment=&#8220;left&#8220; text_orientation=&#8220;left&#8220; background_layout=&#8220;light&#8220; max_width=&#8220;100%&#8220; max_width_tablet=&#8220;&#8220; max_width_phone=&#8220;&#8220; max_width_last_edited=&#8220;on|desktop&#8220; display_conditions=&#8220;W10=&#8220; custom_padding=&#8220;|||&#8220; animation_style=&#8220;slide&#8220; animation_direction=&#8220;top&#8220; animation_intensity_slide=&#8220;10%&#8220; animation_starting_opacity=&#8220;80%&#8220; border_radii=&#8220;off|5px|5px|5px|54px&#8220; box_shadow_style=&#8220;preset3&#8243; box_shadow_vertical=&#8220;31px&#8220; box_shadow_blur=&#8220;40px&#8220; box_shadow_color=&#8220;rgba(11,9,26,0.1)&#8220; locked=&#8220;off&#8220; global_colors_info=&#8220;{%22gcid-body-color%22:%91%22header_text_color%22,%22header_text_color%22,%22header_text_color%22,%22header_text_color%22,%22header_text_color%22,%22header_text_color%22,%22header_text_color%22%93,%22gcid-036cd866-8991-4dee-af19-11b450332cb0%22:%91%22background_mask_color%22,%22background_mask_color%22,%22background_mask_color%22,%22background_mask_color%22,%22background_mask_color%22%93,%22gcid-heading-color%22:%91%22button_bg_color%22,%22button_border_color%22%93}&#8220; button_text_size__hover_enabled=&#8220;off&#8220; button_one_text_size__hover_enabled=&#8220;off&#8220; button_two_text_size__hover_enabled=&#8220;off&#8220; button_text_color__hover_enabled=&#8220;off&#8220; button_one_text_color__hover_enabled=&#8220;off&#8220; button_two_text_color__hover_enabled=&#8220;off&#8220; button_border_width__hover_enabled=&#8220;off&#8220; button_one_border_width__hover_enabled=&#8220;off&#8220; button_two_border_width__hover_enabled=&#8220;off&#8220; button_border_color__hover_enabled=&#8220;off&#8220; button_one_border_color__hover_enabled=&#8220;off&#8220; button_two_border_color__hover_enabled=&#8220;off&#8220; button_border_radius__hover_enabled=&#8220;off&#8220; button_one_border_radius__hover_enabled=&#8220;off&#8220; button_two_border_radius__hover_enabled=&#8220;off&#8220; button_letter_spacing__hover_enabled=&#8220;off&#8220; button_one_letter_spacing__hover_enabled=&#8220;off&#8220; button_two_letter_spacing__hover_enabled=&#8220;off&#8220; button_bg_color__hover_enabled=&#8220;off&#8220; button_one_bg_color__hover_enabled=&#8220;off&#8220; button_two_bg_color__hover_enabled=&#8220;off&#8220;]<img loading=\"lazy\" decoding=\"async\" class=\"wp-image-995 size-thumbnail\" style=\"float: left;\" src=\"https:\/\/frankfurter-arbeitsmarkt-forum.de\/wp-content\/uploads\/2025\/07\/6-1-150x150.jpg\" alt=\"\" width=\"116\" height=\"116\" \/><\/p>\n<p>&nbsp;<\/p>\n<p>&nbsp;<\/p>\n<p>&nbsp;<\/p>\n<p>&nbsp;<\/p>\n<p><span style=\"font-size: large;\"><strong>smartwork Frankfurt gGmbH<\/strong><\/span><\/p>\n<p>Kurmainzer Str. 6, 65929 Frankfurt<br \/>\n<strong>Ansprechpartnerin<\/strong>: Mohamed Benhzazi<br \/>\n<strong>Website: <\/strong><a href=\"https:\/\/www.smart-work-frankfurt.de\/\" target=\"_blank\" rel=\"noopener\">www.smart-work-frankfurt.de\/<\/a><br \/>\n<strong>Telefon: <\/strong>069 913010-19<br \/>\n<strong>E-Mail:<\/strong> <a href=\"mailto:info@smart-work-frankfurt.de\" target=\"_blank\" rel=\"noopener\">info@smart-work-frankfurt.de<\/a><strong><br \/>\n<\/strong><\/p>\n<p><span style=\"color: #e09900;\">Deutschlernen, Ausbildungsvorbereitung, Elektroniker, Maler, Vorbereitung Externenpr\u00fcfung, LernNetz<\/span><br \/>\n[\/et_pb_cta][\/et_pb_column][et_pb_column type=&#8220;1_3&#8243; _builder_version=&#8220;4.27.4&#8243; _module_preset=&#8220;default&#8220; global_colors_info=&#8220;{}&#8220;][et_pb_cta button_url=&#8220;https:\/\/www.stitchbystitch.de\/&#8220; url_new_window=&#8220;on&#8220; button_text=&#8220;Mehr Infos&#8220; _builder_version=&#8220;4.27.4&#8243; _module_preset=&#8220;default&#8220; header_level=&#8220;h1&#8243; header_font=&#8220;Poppins|600|||||||&#8220; header_text_color=&#8220;gcid-body-color&#8220; header_font_size=&#8220;18px&#8220; header_line_height=&#8220;1.8em&#8220; body_font=&#8220;Open Sans||||||||&#8220; background_color=&#8220;#ffffff&#8220; custom_button=&#8220;on&#8220; button_text_size=&#8220;14px&#8220; button_text_color=&#8220;#ffffff&#8220; button_bg_color=&#8220;gcid-heading-color&#8220; button_border_width=&#8220;8px&#8220; button_border_color=&#8220;gcid-heading-color&#8220; button_border_radius=&#8220;100px&#8220; button_letter_spacing=&#8220;1px&#8220; button_font=&#8220;Poppins|600||on|||||&#8220; button_use_icon=&#8220;off&#8220; button_alignment=&#8220;left&#8220; text_orientation=&#8220;left&#8220; background_layout=&#8220;light&#8220; max_width=&#8220;100%&#8220; max_width_tablet=&#8220;&#8220; max_width_phone=&#8220;&#8220; max_width_last_edited=&#8220;on|desktop&#8220; display_conditions=&#8220;W10=&#8220; custom_padding=&#8220;|||&#8220; animation_style=&#8220;slide&#8220; animation_direction=&#8220;top&#8220; animation_intensity_slide=&#8220;10%&#8220; animation_starting_opacity=&#8220;80%&#8220; border_radii=&#8220;off|5px|5px|5px|54px&#8220; box_shadow_style=&#8220;preset3&#8243; box_shadow_vertical=&#8220;31px&#8220; box_shadow_blur=&#8220;40px&#8220; box_shadow_color=&#8220;rgba(11,9,26,0.1)&#8220; locked=&#8220;off&#8220; global_colors_info=&#8220;{%22gcid-body-color%22:%91%22header_text_color%22,%22header_text_color%22,%22header_text_color%22,%22header_text_color%22,%22header_text_color%22,%22header_text_color%22,%22header_text_color%22%93,%22gcid-036cd866-8991-4dee-af19-11b450332cb0%22:%91%22background_mask_color%22,%22background_mask_color%22,%22background_mask_color%22,%22background_mask_color%22,%22background_mask_color%22%93,%22gcid-heading-color%22:%91%22button_bg_color%22,%22button_border_color%22%93}&#8220; button_text_size__hover_enabled=&#8220;off&#8220; button_one_text_size__hover_enabled=&#8220;off&#8220; button_two_text_size__hover_enabled=&#8220;off&#8220; button_text_color__hover_enabled=&#8220;off&#8220; button_one_text_color__hover_enabled=&#8220;off&#8220; button_two_text_color__hover_enabled=&#8220;off&#8220; button_border_width__hover_enabled=&#8220;off&#8220; button_one_border_width__hover_enabled=&#8220;off&#8220; button_two_border_width__hover_enabled=&#8220;off&#8220; button_border_color__hover_enabled=&#8220;off&#8220; button_one_border_color__hover_enabled=&#8220;off&#8220; button_two_border_color__hover_enabled=&#8220;off&#8220; button_border_radius__hover_enabled=&#8220;off&#8220; button_one_border_radius__hover_enabled=&#8220;off&#8220; button_two_border_radius__hover_enabled=&#8220;off&#8220; button_letter_spacing__hover_enabled=&#8220;off&#8220; button_one_letter_spacing__hover_enabled=&#8220;off&#8220; button_two_letter_spacing__hover_enabled=&#8220;off&#8220; button_bg_color__hover_enabled=&#8220;off&#8220; button_one_bg_color__hover_enabled=&#8220;off&#8220; button_two_bg_color__hover_enabled=&#8220;off&#8220;]<\/p>\n<h1><strong><img loading=\"lazy\" decoding=\"async\" class=\"wp-image-1905 alignleft size-medium\" src=\"https:\/\/frankfurter-arbeitsmarkt-forum.de\/wp-content\/uploads\/2025\/09\/Logo_SbS_Web-1-300x300.png\" alt=\"\" width=\"139\" height=\"139\" \/><\/strong><\/h1>\n<h1><\/h1>\n<h1><\/h1>\n<h1><\/h1>\n<p>&nbsp;<\/p>\n<p>&nbsp;<\/p>\n<h1><\/h1>\n<h1><\/h1>\n<h1><strong>\u00a0<\/strong><\/h1>\n<p>&nbsp;<\/p>\n<p>&nbsp;<\/p>\n<p><span style=\"font-size: large;\"><strong>Stitch by Stitch e.V.<\/strong><\/span><\/p>\n<p>Mainkurstra\u00dfe 13 \u2013 im Hof, 60385 Frankfurt<br \/>\n<strong>Ansprechpartnerin<\/strong>: Nadja Losse<br \/>\n<strong>Website: <\/strong><a href=\"https:\/\/www.stitchbystitch.de\/\" target=\"_blank\" rel=\"noopener\">www.stitchbystitch.de<\/a><br \/>\n<strong>Telefon:<\/strong>069 2016 41 20<br \/>\n<strong>E-Mail:<\/strong> <a href=\"mailto:office@stitchbystitch.de\" target=\"_blank\" rel=\"noopener\">office@stitchbystitch.de<\/a><\/p>\n<p><span style=\"color: #e09900;\">Ausbildung, Ma\u00dfschneiderin, Frauen, Gefl\u00fcchtete<\/span><br \/>\n[\/et_pb_cta][\/et_pb_column][et_pb_column type=&#8220;1_3&#8243; _builder_version=&#8220;4.27.4&#8243; _module_preset=&#8220;default&#8220; global_colors_info=&#8220;{}&#8220;][et_pb_cta button_url=&#8220;https:\/\/www.vae-ev.de\/einrichtung\/k9\/&#8220; url_new_window=&#8220;on&#8220; button_text=&#8220;Mehr Infos&#8220; _builder_version=&#8220;4.27.4&#8243; _module_preset=&#8220;default&#8220; header_level=&#8220;h1&#8243; header_font=&#8220;Poppins|600|||||||&#8220; header_text_color=&#8220;gcid-body-color&#8220; header_font_size=&#8220;18px&#8220; header_line_height=&#8220;1.8em&#8220; body_font=&#8220;Open Sans||||||||&#8220; background_color=&#8220;#ffffff&#8220; custom_button=&#8220;on&#8220; button_text_size=&#8220;14px&#8220; button_text_color=&#8220;#ffffff&#8220; button_bg_color=&#8220;gcid-heading-color&#8220; button_border_width=&#8220;8px&#8220; button_border_color=&#8220;gcid-heading-color&#8220; button_border_radius=&#8220;100px&#8220; button_letter_spacing=&#8220;1px&#8220; button_font=&#8220;Poppins|600||on|||||&#8220; button_use_icon=&#8220;off&#8220; button_alignment=&#8220;left&#8220; text_orientation=&#8220;left&#8220; background_layout=&#8220;light&#8220; max_width=&#8220;100%&#8220; max_width_tablet=&#8220;&#8220; max_width_phone=&#8220;&#8220; max_width_last_edited=&#8220;on|desktop&#8220; display_conditions=&#8220;W10=&#8220; custom_padding=&#8220;|||&#8220; animation_style=&#8220;slide&#8220; animation_direction=&#8220;top&#8220; animation_intensity_slide=&#8220;10%&#8220; animation_starting_opacity=&#8220;80%&#8220; border_radii=&#8220;off|5px|5px|5px|54px&#8220; box_shadow_style=&#8220;preset3&#8243; box_shadow_vertical=&#8220;31px&#8220; box_shadow_blur=&#8220;40px&#8220; box_shadow_color=&#8220;rgba(11,9,26,0.1)&#8220; locked=&#8220;off&#8220; global_colors_info=&#8220;{%22gcid-body-color%22:%91%22header_text_color%22,%22header_text_color%22,%22header_text_color%22,%22header_text_color%22,%22header_text_color%22,%22header_text_color%22,%22header_text_color%22%93,%22gcid-036cd866-8991-4dee-af19-11b450332cb0%22:%91%22background_mask_color%22,%22background_mask_color%22,%22background_mask_color%22,%22background_mask_color%22,%22background_mask_color%22%93,%22gcid-heading-color%22:%91%22button_bg_color%22,%22button_border_color%22%93}&#8220; button_text_size__hover_enabled=&#8220;off&#8220; button_one_text_size__hover_enabled=&#8220;off&#8220; button_two_text_size__hover_enabled=&#8220;off&#8220; button_text_color__hover_enabled=&#8220;off&#8220; button_one_text_color__hover_enabled=&#8220;off&#8220; button_two_text_color__hover_enabled=&#8220;off&#8220; button_border_width__hover_enabled=&#8220;off&#8220; button_one_border_width__hover_enabled=&#8220;off&#8220; button_two_border_width__hover_enabled=&#8220;off&#8220; button_border_color__hover_enabled=&#8220;off&#8220; button_one_border_color__hover_enabled=&#8220;off&#8220; button_two_border_color__hover_enabled=&#8220;off&#8220; button_border_radius__hover_enabled=&#8220;off&#8220; button_one_border_radius__hover_enabled=&#8220;off&#8220; button_two_border_radius__hover_enabled=&#8220;off&#8220; button_letter_spacing__hover_enabled=&#8220;off&#8220; button_one_letter_spacing__hover_enabled=&#8220;off&#8220; button_two_letter_spacing__hover_enabled=&#8220;off&#8220; button_bg_color__hover_enabled=&#8220;off&#8220; button_one_bg_color__hover_enabled=&#8220;off&#8220; button_two_bg_color__hover_enabled=&#8220;off&#8220;]<\/p>\n<h1><img loading=\"lazy\" decoding=\"async\" class=\"wp-image-25989066 alignleft size-medium\" src=\"https:\/\/frankfurter-arbeitsmarkt-forum.de\/wp-content\/uploads\/2025\/09\/Logo_vae_wp-300x67.png\" alt=\"\" width=\"300\" height=\"67\" \/><\/h1>\n<h1><\/h1>\n<h1><\/h1>\n<h1><\/h1>\n<h1><\/h1>\n<h1><strong>\u00a0<\/strong><\/h1>\n<p>&nbsp;<\/p>\n<p><span style=\"font-size: large;\"><strong>Verein Arbeits- und Erziehungshilfe e.V. \/ vae gGmbH<\/strong><\/span><\/p>\n<p>Karlsruher Stra\u00dfe 9,\u00a0 60329 Frankfurt<br \/>\n<strong>Ansprechpartner<\/strong>: Alexander Klein<br \/>\n<strong>Website: <\/strong><a href=\"mailto:vae@vae-ev.de\">vae@vae-ev.de<\/a><br \/>\n<strong>Telefon: <\/strong>069 <span class=\"w-contacts-item-value\">272 160<\/span><br \/>\n<strong>E-Mail:<\/strong> \u00a0<a href=\"mailto:alexander.klein@vae-ev.de\" target=\"_blank\" rel=\"noopener\">alexander.klein@vae-ev.de<\/a><\/p>\n<p><span style=\"color: #e09900;\">Tagesstruktur, Besch\u00e4ftigungsma\u00dfnahmen, Menschen mit Suchtproblematiken<\/span><br \/>\n[\/et_pb_cta][\/et_pb_column][\/et_pb_row][et_pb_row column_structure=&#8220;1_3,1_3,1_3&#8243; use_custom_gutter=&#8220;on&#8220; gutter_width=&#8220;2&#8243; make_equal=&#8220;on&#8220; module_class=&#8220;equal-heights&#8220; _builder_version=&#8220;4.27.4&#8243; _module_preset=&#8220;default&#8220; global_colors_info=&#8220;{}&#8220;][et_pb_column type=&#8220;1_3&#8243; _builder_version=&#8220;4.27.4&#8243; _module_preset=&#8220;default&#8220; global_colors_info=&#8220;{}&#8220;][et_pb_cta button_url=&#8220;http:\/\/www.zanev.de&#8220; url_new_window=&#8220;on&#8220; button_text=&#8220;Mehr Infos&#8220; _builder_version=&#8220;4.27.4&#8243; _module_preset=&#8220;default&#8220; header_level=&#8220;h1&#8243; header_font=&#8220;Poppins|600|||||||&#8220; header_text_color=&#8220;gcid-body-color&#8220; header_font_size=&#8220;18px&#8220; header_line_height=&#8220;1.8em&#8220; body_font=&#8220;Open Sans||||||||&#8220; background_color=&#8220;#ffffff&#8220; custom_button=&#8220;on&#8220; button_text_size=&#8220;14px&#8220; button_text_color=&#8220;#ffffff&#8220; button_bg_color=&#8220;gcid-heading-color&#8220; button_border_width=&#8220;8px&#8220; button_border_color=&#8220;gcid-heading-color&#8220; button_border_radius=&#8220;100px&#8220; button_letter_spacing=&#8220;1px&#8220; button_font=&#8220;Poppins|600||on|||||&#8220; button_use_icon=&#8220;off&#8220; button_alignment=&#8220;left&#8220; text_orientation=&#8220;left&#8220; background_layout=&#8220;light&#8220; max_width=&#8220;100%&#8220; max_width_tablet=&#8220;&#8220; max_width_phone=&#8220;&#8220; max_width_last_edited=&#8220;on|desktop&#8220; display_conditions=&#8220;W10=&#8220; custom_padding=&#8220;|||&#8220; animation_style=&#8220;slide&#8220; animation_direction=&#8220;top&#8220; animation_intensity_slide=&#8220;10%&#8220; animation_starting_opacity=&#8220;80%&#8220; border_radii=&#8220;off|5px|5px|5px|54px&#8220; box_shadow_style=&#8220;preset3&#8243; box_shadow_vertical=&#8220;31px&#8220; box_shadow_blur=&#8220;40px&#8220; box_shadow_color=&#8220;rgba(11,9,26,0.1)&#8220; locked=&#8220;off&#8220; global_colors_info=&#8220;{%22gcid-body-color%22:%91%22header_text_color%22,%22header_text_color%22,%22header_text_color%22,%22header_text_color%22,%22header_text_color%22,%22header_text_color%22,%22header_text_color%22%93,%22gcid-036cd866-8991-4dee-af19-11b450332cb0%22:%91%22background_mask_color%22,%22background_mask_color%22,%22background_mask_color%22,%22background_mask_color%22,%22background_mask_color%22%93,%22gcid-heading-color%22:%91%22button_bg_color%22,%22button_border_color%22%93}&#8220; button_text_size__hover_enabled=&#8220;off&#8220; button_one_text_size__hover_enabled=&#8220;off&#8220; button_two_text_size__hover_enabled=&#8220;off&#8220; button_text_color__hover_enabled=&#8220;off&#8220; button_one_text_color__hover_enabled=&#8220;off&#8220; button_two_text_color__hover_enabled=&#8220;off&#8220; button_border_width__hover_enabled=&#8220;off&#8220; button_one_border_width__hover_enabled=&#8220;off&#8220; button_two_border_width__hover_enabled=&#8220;off&#8220; button_border_color__hover_enabled=&#8220;off&#8220; button_one_border_color__hover_enabled=&#8220;off&#8220; button_two_border_color__hover_enabled=&#8220;off&#8220; button_border_radius__hover_enabled=&#8220;off&#8220; button_one_border_radius__hover_enabled=&#8220;off&#8220; button_two_border_radius__hover_enabled=&#8220;off&#8220; button_letter_spacing__hover_enabled=&#8220;off&#8220; button_one_letter_spacing__hover_enabled=&#8220;off&#8220; button_two_letter_spacing__hover_enabled=&#8220;off&#8220; button_bg_color__hover_enabled=&#8220;off&#8220; button_one_bg_color__hover_enabled=&#8220;off&#8220; button_two_bg_color__hover_enabled=&#8220;off&#8220;]<img loading=\"lazy\" decoding=\"async\" class=\"wp-image-25989924 alignleft size-medium\" style=\"float: left;\" src=\"https:\/\/frankfurter-arbeitsmarkt-forum.de\/wp-content\/uploads\/2025\/09\/Logo-Bildungstraeger-8-300x200.png\" alt=\"\" width=\"177\" height=\"118\" \/><\/p>\n<p>&nbsp;<\/p>\n<p>&nbsp;<\/p>\n<p>&nbsp;<\/p>\n<p>&nbsp;<\/p>\n<p>&nbsp;<\/p>\n<p>&nbsp;<\/p>\n<p>&nbsp;<\/p>\n<p><span style=\"font-size: large;\"><strong>ZAN e. V.<\/strong><\/span><\/p>\n<p>Mainzer Landstra\u00dfe 293, 60326 Frankfurt<br \/>\n<strong>Ansprechpartnerin<\/strong>: Stefanie Then<br \/>\n<strong>Website: <\/strong><a href=\"http:\/\/www.berami.de\" target=\"_blank\" rel=\"noopener\">www.zanev.de<\/a><br \/>\n<strong>Telefon: <\/strong>069 79588288<br \/>\n<strong>E-Mail:<\/strong> <a href=\"mailto:info@zanev.de\" target=\"_blank\" rel=\"noopener\">info@zanev.de<\/a><\/p>\n<p><span style=\"color: #e09900;\">Frauen aus Afghanistan, Frauen, Grundbildung, Deutschlernen, berufliche Orientierung<\/span><br \/>\n[\/et_pb_cta][\/et_pb_column][et_pb_column type=&#8220;1_3&#8243; _builder_version=&#8220;4.27.4&#8243; _module_preset=&#8220;default&#8220; global_colors_info=&#8220;{}&#8220;][\/et_pb_column][et_pb_column type=&#8220;1_3&#8243; _builder_version=&#8220;4.27.4&#8243; _module_preset=&#8220;default&#8220; global_colors_info=&#8220;{}&#8220;][\/et_pb_column][\/et_pb_row][\/et_pb_section]<\/p>\n","protected":false},"excerpt":{"rendered":"<p>Bildungstr\u00e4ger im Frankfurter Arbeitsmarktprogramm f\u00fcr die \u00fcber 25-J\u00e4hrigen Hier finden Sie die gemeinn\u00fctzigen Bildungstr\u00e4ger, die mit Beratungs- und Qualifizierungsangeboten und vielem mehr zur Seite stehen. &nbsp; &nbsp; &nbsp; &nbsp; &nbsp; &nbsp; berami berufliche Integration e. V. Nibelungenplatz 3, 60318 Frankfurt Ansprechpartnerin: Silke Wegner Website: www.berami.de Telefon: 069 9130100 E-Mail: kontakt@berami.de Berufliche Beratung, Deutschlernen, LernNetz, Erziehungsberufe, [&hellip;]<\/p>\n","protected":false},"author":2,"featured_media":0,"parent":0,"menu_order":0,"comment_status":"closed","ping_status":"closed","template":"","meta":{"_et_pb_use_builder":"on","_et_pb_old_content":"","_et_gb_content_width":"","footnotes":""},"dipi_cpt_category":[],"class_list":["post-1663","page","type-page","status-publish","hentry"],"_links":{"self":[{"href":"https:\/\/frankfurter-arbeitsmarkt-forum.de\/index.php\/wp-json\/wp\/v2\/pages\/1663","targetHints":{"allow":["GET"]}}],"collection":[{"href":"https:\/\/frankfurter-arbeitsmarkt-forum.de\/index.php\/wp-json\/wp\/v2\/pages"}],"about":[{"href":"https:\/\/frankfurter-arbeitsmarkt-forum.de\/index.php\/wp-json\/wp\/v2\/types\/page"}],"author":[{"embeddable":true,"href":"https:\/\/frankfurter-arbeitsmarkt-forum.de\/index.php\/wp-json\/wp\/v2\/users\/2"}],"replies":[{"embeddable":true,"href":"https:\/\/frankfurter-arbeitsmarkt-forum.de\/index.php\/wp-json\/wp\/v2\/comments?post=1663"}],"version-history":[{"count":45,"href":"https:\/\/frankfurter-arbeitsmarkt-forum.de\/index.php\/wp-json\/wp\/v2\/pages\/1663\/revisions"}],"predecessor-version":[{"id":25990922,"href":"https:\/\/frankfurter-arbeitsmarkt-forum.de\/index.php\/wp-json\/wp\/v2\/pages\/1663\/revisions\/25990922"}],"wp:attachment":[{"href":"https:\/\/frankfurter-arbeitsmarkt-forum.de\/index.php\/wp-json\/wp\/v2\/media?parent=1663"}],"wp:term":[{"taxonomy":"dipi_cpt_category","embeddable":true,"href":"https:\/\/frankfurter-arbeitsmarkt-forum.de\/index.php\/wp-json\/wp\/v2\/dipi_cpt_category?post=1663"}],"curies":[{"name":"wp","href":"https:\/\/api.w.org\/{rel}","templated":true}]}}